{"id":328,"date":"2021-10-26T17:09:27","date_gmt":"2021-10-26T15:09:27","guid":{"rendered":"https:\/\/www.famigliapaolina.net\/preghierapaolina\/?post_type=le-liturgie&#038;p=328"},"modified":"2022-07-15T09:22:02","modified_gmt":"2022-07-15T07:22:02","slug":"primi-vespri","status":"publish","type":"le-liturgie","link":"https:\/\/www.famigliapaolina.net\/preghierapaolina\/le-liturgie\/29-giugno-santi-apostoli-pietro-e-paolo\/primi-vespri\/","title":{"rendered":"Primi vespri"},"content":{"rendered":"<h5 style=\"text-align: center;\"><span style=\"color: #800000;\">29 giugno<\/span><\/h5>\n<h3 style=\"text-align: center;\"><strong>SANTI APOSTOLI PIETRO E PAOLO<\/strong><\/h3>\n<h5 style=\"text-align: center;\"><span style=\"color: #800000;\">SOLENNIT\u00c0*<\/span><\/h5>\n<table width=\"397\">\n<tbody>\n<tr>\n<td><span style=\"font-size: 0.8em;\">* Come nella Liturgia delle Ore. Questa solennit\u00e0 non fa parte del &#8220;proprio&#8221; paolino, ma \u00e8 riportata qui per il forte richiamo carisma\u00adtico per ogni membro della Famiglia Paolina. Per l&#8217;approfondimen\u00adto e la meditazione personale (v. <a href=\"https:\/\/www.famigliapaolina.net\/preghierapaolina\/approfondimento-e-la-meditazione-personale-santi-pietro-e-paolo-apostoli\/\">Letture, pp. 498-504).<\/a><\/span><\/td>\n<\/tr>\n<\/tbody>\n<\/table>\n<h4><\/h4>\n<p>&nbsp;<\/p>\n<h4 style=\"text-align: center;\"><strong>PRIMI VESPRI<\/strong><\/h4>\n<p><span style=\"color: #800000;\"><strong>INNO<\/strong><\/span><\/p>\n<p>Esulti di gioia il cielo,<br \/>\nrisuoni sulla terra<br \/>\nla lode degli apostoli.<\/p>\n<p>Voi giudici del mondo,<br \/>\naraldi del Vangelo,<br \/>\nudite la preghiera.<\/p>\n<p>Voi che aprite e chiudete<br \/>\nle porte della vita,<br \/>\nspezzate i nostri vincoli.<\/p>\n<p>A un cenno vi obbediscono<br \/>\nle potenze del male:<br \/>\nrinnovate i prodigi.<\/p>\n<p>Quando verr\u00e0 il Signore<br \/>\nalla fine dei tempi,<br \/>\nci unisca nella gloria.<\/p>\n<p>Sia lode al Padre e al Figlio<br \/>\ne allo Spirito Santo<br \/>\nnei secoli dei secoli. Amen.<\/p>\n<p>&nbsp;<\/p>\n<p><span style=\"color: #800000;\">Oppure un altro inno o canto adatto, approvato dall&#8217;autori\u00adt\u00e0 competente.<\/span><\/p>\n<p><em><span style=\"color: #800000;\">1 ant.<\/span><\/em> Tu sei il Cristo, il Figlio del Dio vivo.<br \/>\nBeato te, Simone:<br \/>\nil Padre mio te lo ha rivelato.<\/p>\n<p>&nbsp;<\/p>\n<p><span style=\"color: #800000;\"><strong>SALMO 11.6<\/strong>\u00a0\u00a0\u00a0\u00a0<strong> Invito a lodare Dio per il suo amore<\/strong><\/span><\/p>\n<p><em>Questo io dico: le nazioni pagane glorificano Dio per la sua misericordia<\/em> (cf Rm 15,8.9).<\/p>\n<p>Lodate il Signore, popoli tutti, *<br \/>\nvoi tutte, nazioni, dategli gloria;<\/p>\n<p>perch\u00e9 forte \u00e8 il suo amore per noi *<br \/>\ne la fedelt\u00e0 del Signore dura in eterno.<\/p>\n<p>&nbsp;<\/p>\n<p><em><span style=\"color: #800000;\">1 ant.<\/span> <\/em>Tu sei il Cristo, il Figlio del Dio vivo.<br \/>\nBeato te, Simone:<br \/>\nil Padre mio te lo ha rivelato.<\/p>\n<p><em><span style=\"color: #800000;\">2 ant<\/span><\/em>. Tu sei Pietro,<br \/>\ne su questa pietra edificher\u00f2 la mia Chiesa.<\/p>\n<p>&nbsp;<\/p>\n<p><strong><span style=\"color: #800000;\">SALMO 147\u00a0\u00a0\u00a0\u00a0 La Gerusalemme riedificata<\/span><\/strong><\/p>\n<p><em>Vieni, ti mostrer\u00f2 la fidanzata, la sposa dell&#8217;Agnello<\/em> (Ap 21,9).<\/p>\n<p>&nbsp;<\/p>\n<p>Glorifica il Signore, Gerusalemme, *<br \/>\nloda, Sion, il tuo Dio.<br \/>\nPerch\u00e9 ha rinforzato le sbarre delle tue porte, *<br \/>\nin mezzo a te ha benedetto i tuoi figli.<\/p>\n<p>Egli ha messo pace nei tuoi confini *<br \/>\ne ti sazia con fior di frumento.<br \/>\nManda sulla terra la sua parola, *<br \/>\nil suo messaggio corre veloce.<\/p>\n<p>Fa scendere la neve come lana, *<br \/>\ncome polvere sparge la brina.<br \/>\nGetta come briciole la grandine, *<br \/>\ndi fronte al suo gelo chi resiste?<\/p>\n<p>Manda una sua parola ed ecco si scioglie, *<br \/>\nfa soffiare il vento e scorrono le acque.<br \/>\nAnnunzia a Giacobbe la sua parola, *<br \/>\nle sue leggi e i suoi decreti a Israele.<\/p>\n<p>Cos\u00ec non ha fatto<br \/>\ncon nessun altro popolo, *<br \/>\nnon ha manifestato ad altri<br \/>\ni suoi precetti.<\/p>\n<p>&nbsp;<\/p>\n<p><em><span style=\"color: #800000;\">2 ant.<\/span><\/em> Tu sei Pietro,<br \/>\ne su questa pietra edificher\u00f2 la mia Chiesa,<\/p>\n<p><em><span style=\"color: #800000;\">3 ant<\/span><\/em> Tu sei il messaggero di Dio,<br \/>\nPaolo apostolo santo:<br \/>\nhai annunciato la verit\u00e0 nel mondo intero.<\/p>\n<p>&nbsp;<\/p>\n<p><strong><span style=\"color: #800000;\">CANTICO\u00a0\u00a0 (Ef 1.3-10)\u00a0\u00a0 Dio Salvatore<\/span><\/strong><\/p>\n<p>Benedetto sia Dio,<br \/>\nPadre del Signore nostro Ges\u00f9 Cristo, *<br \/>\nche ci ha benedetti<br \/>\ncon ogni benedizione spirituale nei cieli, in Cristo.<\/p>\n<p>In lui ci ha scelti, *<br \/>\nprima della creazione del mondo,<br \/>\nper trovarci, al suo cospetto, *<br \/>\nsanti e immacolati nell&#8217;amore.<\/p>\n<p>Ci ha predestinati *<br \/>\na essere suoi figli adottivi<br \/>\nper opera di Ges\u00f9 Cristo, *<br \/>\nsecondo il beneplacito del suo volere,<\/p>\n<p>a lode e gloria<br \/>\ndella sua grazia, *<br \/>\nche ci ha dato<br \/>\nnel suo Figlio diletto.<\/p>\n<p>In lui abbiamo la redenzione<br \/>\nmediante il suo sangue, *<br \/>\nla remissione dei peccati<br \/>\nsecondo la ricchezza della sua grazia.<\/p>\n<p>Dio l&#8217;ha abbondantemente riversata su di noi<br \/>\ncon ogni sapienza e intelligenza, *<br \/>\npoich\u00e9 egli ci ha fatto conoscere<br \/>\nil mistero del suo volere,<\/p>\n<p>il disegno di ricapitolare in Cristo<br \/>\ntutte le cose, *<br \/>\nquelle del cielo,<br \/>\ncome quelle della terra.<\/p>\n<p>Nella sua benevolenza<br \/>\nlo aveva in lui prestabilito *<br \/>\nper realizzarlo<br \/>\nnella pienezza dei tempi.<\/p>\n<p>&nbsp;<\/p>\n<p><em><span style=\"color: #800000;\">3 ant.<\/span><\/em> Tu sei il messaggero di Dio,<br \/>\nPaolo apostolo santo:<br \/>\nhai annunciato la verit\u00e0 al mondo intero.<\/p>\n<p>&nbsp;<\/p>\n<p><strong><span style=\"color: #800000;\">LETTURA BREVE<\/span><\/strong><br \/>\n<span style=\"color: #800000;\">Rm 1,1-3a.7<\/span><\/p>\n<p>Paolo, servo di Cristo Ges\u00f9, apostolo per vocazione, pre\u00adscelto per annunziare il vangelo di Dio, che egli aveva promesso per mezzo dei suoi profeti nelle sacre Scrittu\u00adre, riguardo al Figlio suo: a quanti sono in Roma, amati da Dio e santi per vocazione, grazia a voi e pace da Dio, Padre nostro, e dal Signore Ges\u00f9 Cristo.<\/p>\n<p>&nbsp;<\/p>\n<p><strong><span style=\"color: #800000;\">RESPONSORIO BREVE<\/span><\/strong><\/p>\n<p><span style=\"color: #800000;\">R\/.<\/span> Con grande franchezza\u00a0\u00a0 annunziarono la parola di Dio.<br \/>\nCon grande franchezza annunziarono la parola di Dio.<\/p>\n<p><span style=\"color: #800000;\">V\/.<\/span> Testimoni della risurrezione di Cristo,<br \/>\nannunziarono la parola di Dio. Gloria al Padre e al Figlio e allo Spirito Santo.<br \/>\nCon grande franchezza annunziarono la parola di Dio.<\/p>\n<p>&nbsp;<\/p>\n<p><em><span style=\"color: #800000;\">Ant. al Magn.<\/span><\/em> Gloriosi apostoli di Cristo!<br \/>\nUniti nella vita,<br \/>\nla morte non li ha separati!<\/p>\n<p><span style=\"color: #800000;\"><strong>CANTICO DELLA B.V. MARIA (Magnificat)<\/strong><\/span><\/p>\n<p>L&#8217;anima mia magnifica il Signore *<br \/>\ne il mio spirito esulta in Dio. mio salvatore,<\/p>\n<p>perch\u00e9 ha guardato l&#8217;umilt\u00e0 della sua serva. *<br \/>\nD&#8217;ora in poi tutte le generazioni mi chiameranno beata.<\/p>\n<p>Grandi cose ha fatto in me l&#8217;Onnipotente *<br \/>\ne Santo \u00e8 il suo nome:<\/p>\n<p>di generazione in generazione la sua misericordia *<br \/>\nsi stende su quelli che lo temono.<\/p>\n<p>Ha spiegato la potenza del suo braccio, *<br \/>\nha disperso i superbi nei pensieri del loro cuore;<\/p>\n<p>ha rovesciato i potenti dai troni, *<br \/>\nha innalzato gli umili;<\/p>\n<p>ha ricolmato di beni gli affamati, *<br \/>\nha rimandato i ricchi a mani vuote.<\/p>\n<p>Ha soccorso Israele, suo servo, *<br \/>\nricordandosi della sua misericordia,<\/p>\n<p>come aveva promesso ai nostri padri, *<br \/>\nad Abramo e alla sua discendenza, per sempre.<\/p>\n<p><em><span style=\"color: #800000;\">Ant. al Magn.<\/span><\/em> Gloriosi apostoli di Cristo!<br \/>\nUniti nella vita,<br \/>\nla morte non li ha separati!<\/p>\n<p>&nbsp;<\/p>\n<p><strong><span style=\"color: #800000;\">INTERCESSIONI<\/span><\/strong><\/p>\n<p>Rivolgiamo la nostra preghiera umile e fiduciosa al Cri\u00adsto Signore, che ha fondato la sua Chiesa sul fonda\u00admento degli apostoli e dei profeti:<br \/>\n<em>Assisti il tuo popolo, Signore.<\/em><\/p>\n<p>Hai chiamato Simone il pescatore perch\u00e9 divenisse pe\u00adscatore di uomini,<br \/>\n\u2014 non cessare di scegliere operai del vangelo, perch\u00e9 siano salve tutte le genti.<\/p>\n<p>Hai placato il lago in tempesta, perch\u00e9 i tuoi discepoli non fossero sommersi,<br \/>\n\u2014\u00a0 difendi la tua Chiesa dagli errori e dalle inquietudini che sconvolgono la faccia della terra.<\/p>\n<p>Dopo la risurrezione hai radunato i discepoli intorno a Pietro,<br \/>\n\u2014\u00a0 proteggi il nostro papa N. e raccogli il tuo popolo nel\u00adl&#8217;unit\u00e0 e nella pace.<\/p>\n<p>Hai mandato l&#8217;apostolo Paolo ad annunziare il vangelo ai pagani,<br \/>\n\u2014\u00a0 fa&#8217; che la parola di salvezza sia predicata ad ogni creatura.<\/p>\n<p>Hai affidato all&#8217;apostolo Pietro le chiavi del tuo regno,<br \/>\n\u2014\u00a0 apri le porte del cielo a coloro che in vita si sono affi\u00addati alla tua misericordia.<\/p>\n<p>Padre nostro.<\/p>\n<p>&nbsp;<\/p>\n<p><strong><span style=\"color: #800000;\">ORAZIONE<\/span><\/strong><\/p>\n<p>Signore, Dio nostro, che con la predicazione dei santi apostoli Pietro e Paolo hai dato alla Chiesa le primizie della fede cristiana, per loro intercessione vieni in no\u00adstro aiuto e guidaci nel cammino della salvezza eterna. Per il nostro Signore.<\/p>\n<p>&nbsp;<\/p>\n<p>Il Signore ci benedica, ci preservi da ogni male<br \/>\ne ci con\u00adduca alla vita eterna.<\/p>\n<p><span style=\"color: #800000;\">R\/.<\/span> Amen.<\/p>\n<p>&nbsp;<\/p>\n<p>&nbsp;<\/p>\n","protected":false},"featured_media":0,"parent":273,"menu_order":2,"template":"","acf":{"attachment_list":false,"hide_wp_ba":false,"acf_hide_title":true},"yoast_head":"<!-- This site is optimized with the Yoast SEO plugin v17.6 - https:\/\/yoast.com\/wordpress\/plugins\/seo\/ -->\n<title>Primi vespri - Preghiera Paolina<\/title>\n<meta name=\"robots\" content=\"index, follow, max-snippet:-1, max-image-preview:large, max-video-preview:-1\" \/>\n<link rel=\"canonical\" href=\"https:\/\/www.famigliapaolina.net\/preghierapaolina\/le-liturgie\/29-giugno-santi-apostoli-pietro-e-paolo\/primi-vespri\/\" \/>\n<meta property=\"og:locale\" content=\"it_IT\" \/>\n<meta property=\"og:type\" content=\"article\" \/>\n<meta property=\"og:title\" content=\"Primi vespri - Preghiera Paolina\" \/>\n<meta property=\"og:description\" content=\"29 giugno SANTI APOSTOLI PIETRO E PAOLO SOLENNIT\u00c0* * Come nella Liturgia delle Ore. Questa solennit\u00e0 non fa parte del &#8220;proprio&#8221; paolino, ma \u00e8 riportata qui per il forte richiamo carisma\u00adtico per ogni membro della Famiglia Paolina. Per l&#8217;approfondimen\u00adto e la meditazione personale (v. Letture, pp. 498-504). &nbsp; PRIMI VESPRI INNO Esulti di gioia il cielo, risuoni sulla terra la lode degli apostoli. Voi giudici &hellip; Continua a leggere Primi vespri &raquo;\" \/>\n<meta property=\"og:url\" content=\"https:\/\/www.famigliapaolina.net\/preghierapaolina\/le-liturgie\/29-giugno-santi-apostoli-pietro-e-paolo\/primi-vespri\/\" \/>\n<meta property=\"og:site_name\" content=\"Preghiera Paolina\" \/>\n<meta property=\"article:modified_time\" content=\"2022-07-15T07:22:02+00:00\" \/>\n<meta name=\"twitter:card\" content=\"summary_large_image\" \/>\n<meta name=\"twitter:label1\" content=\"Tempo di lettura stimato\" \/>\n\t<meta name=\"twitter:data1\" content=\"5 minuti\" \/>\n<script type=\"application\/ld+json\" class=\"yoast-schema-graph\">{\"@context\":\"https:\/\/schema.org\",\"@graph\":[{\"@type\":\"WebSite\",\"@id\":\"https:\/\/www.famigliapaolina.net\/preghierapaolina\/#website\",\"url\":\"https:\/\/www.famigliapaolina.net\/preghierapaolina\/\",\"name\":\"Preghiera Paolina\",\"description\":\"\",\"potentialAction\":[{\"@type\":\"SearchAction\",\"target\":{\"@type\":\"EntryPoint\",\"urlTemplate\":\"https:\/\/www.famigliapaolina.net\/preghierapaolina\/?s={search_term_string}\"},\"query-input\":\"required name=search_term_string\"}],\"inLanguage\":\"it-IT\"},{\"@type\":\"WebPage\",\"@id\":\"https:\/\/www.famigliapaolina.net\/preghierapaolina\/le-liturgie\/29-giugno-santi-apostoli-pietro-e-paolo\/primi-vespri\/#webpage\",\"url\":\"https:\/\/www.famigliapaolina.net\/preghierapaolina\/le-liturgie\/29-giugno-santi-apostoli-pietro-e-paolo\/primi-vespri\/\",\"name\":\"Primi vespri - Preghiera Paolina\",\"isPartOf\":{\"@id\":\"https:\/\/www.famigliapaolina.net\/preghierapaolina\/#website\"},\"datePublished\":\"2021-10-26T15:09:27+00:00\",\"dateModified\":\"2022-07-15T07:22:02+00:00\",\"breadcrumb\":{\"@id\":\"https:\/\/www.famigliapaolina.net\/preghierapaolina\/le-liturgie\/29-giugno-santi-apostoli-pietro-e-paolo\/primi-vespri\/#breadcrumb\"},\"inLanguage\":\"it-IT\",\"potentialAction\":[{\"@type\":\"ReadAction\",\"target\":[\"https:\/\/www.famigliapaolina.net\/preghierapaolina\/le-liturgie\/29-giugno-santi-apostoli-pietro-e-paolo\/primi-vespri\/\"]}]},{\"@type\":\"BreadcrumbList\",\"@id\":\"https:\/\/www.famigliapaolina.net\/preghierapaolina\/le-liturgie\/29-giugno-santi-apostoli-pietro-e-paolo\/primi-vespri\/#breadcrumb\",\"itemListElement\":[{\"@type\":\"ListItem\",\"position\":1,\"name\":\"Home\",\"item\":\"https:\/\/www.famigliapaolina.net\/preghierapaolina\/\"},{\"@type\":\"ListItem\",\"position\":2,\"name\":\"Liturgie\",\"item\":\"https:\/\/www.famigliapaolina.net\/preghierapaolina\/le-liturgie\/\"},{\"@type\":\"ListItem\",\"position\":3,\"name\":\"29 giugno &#8211; SANTI APOSTOLI PIETRO E PAOLO\",\"item\":\"https:\/\/www.famigliapaolina.net\/preghierapaolina\/le-liturgie\/29-giugno-santi-apostoli-pietro-e-paolo\/\"},{\"@type\":\"ListItem\",\"position\":4,\"name\":\"Primi vespri\"}]}]}<\/script>\n<!-- \/ Yoast SEO plugin. -->","yoast_head_json":{"title":"Primi vespri - Preghiera Paolina","robots":{"index":"index","follow":"follow","max-snippet":"max-snippet:-1","max-image-preview":"max-image-preview:large","max-video-preview":"max-video-preview:-1"},"canonical":"https:\/\/www.famigliapaolina.net\/preghierapaolina\/le-liturgie\/29-giugno-santi-apostoli-pietro-e-paolo\/primi-vespri\/","og_locale":"it_IT","og_type":"article","og_title":"Primi vespri - Preghiera Paolina","og_description":"29 giugno SANTI APOSTOLI PIETRO E PAOLO SOLENNIT\u00c0* * Come nella Liturgia delle Ore. Questa solennit\u00e0 non fa parte del &#8220;proprio&#8221; paolino, ma \u00e8 riportata qui per il forte richiamo carisma\u00adtico per ogni membro della Famiglia Paolina. Per l&#8217;approfondimen\u00adto e la meditazione personale (v. Letture, pp. 498-504). &nbsp; PRIMI VESPRI INNO Esulti di gioia il cielo, risuoni sulla terra la lode degli apostoli. Voi giudici &hellip; Continua a leggere Primi vespri &raquo;","og_url":"https:\/\/www.famigliapaolina.net\/preghierapaolina\/le-liturgie\/29-giugno-santi-apostoli-pietro-e-paolo\/primi-vespri\/","og_site_name":"Preghiera Paolina","article_modified_time":"2022-07-15T07:22:02+00:00","twitter_card":"summary_large_image","twitter_misc":{"Tempo di lettura stimato":"5 minuti"},"schema":{"@context":"https:\/\/schema.org","@graph":[{"@type":"WebSite","@id":"https:\/\/www.famigliapaolina.net\/preghierapaolina\/#website","url":"https:\/\/www.famigliapaolina.net\/preghierapaolina\/","name":"Preghiera Paolina","description":"","potentialAction":[{"@type":"SearchAction","target":{"@type":"EntryPoint","urlTemplate":"https:\/\/www.famigliapaolina.net\/preghierapaolina\/?s={search_term_string}"},"query-input":"required name=search_term_string"}],"inLanguage":"it-IT"},{"@type":"WebPage","@id":"https:\/\/www.famigliapaolina.net\/preghierapaolina\/le-liturgie\/29-giugno-santi-apostoli-pietro-e-paolo\/primi-vespri\/#webpage","url":"https:\/\/www.famigliapaolina.net\/preghierapaolina\/le-liturgie\/29-giugno-santi-apostoli-pietro-e-paolo\/primi-vespri\/","name":"Primi vespri - Preghiera Paolina","isPartOf":{"@id":"https:\/\/www.famigliapaolina.net\/preghierapaolina\/#website"},"datePublished":"2021-10-26T15:09:27+00:00","dateModified":"2022-07-15T07:22:02+00:00","breadcrumb":{"@id":"https:\/\/www.famigliapaolina.net\/preghierapaolina\/le-liturgie\/29-giugno-santi-apostoli-pietro-e-paolo\/primi-vespri\/#breadcrumb"},"inLanguage":"it-IT","potentialAction":[{"@type":"ReadAction","target":["https:\/\/www.famigliapaolina.net\/preghierapaolina\/le-liturgie\/29-giugno-santi-apostoli-pietro-e-paolo\/primi-vespri\/"]}]},{"@type":"BreadcrumbList","@id":"https:\/\/www.famigliapaolina.net\/preghierapaolina\/le-liturgie\/29-giugno-santi-apostoli-pietro-e-paolo\/primi-vespri\/#breadcrumb","itemListElement":[{"@type":"ListItem","position":1,"name":"Home","item":"https:\/\/www.famigliapaolina.net\/preghierapaolina\/"},{"@type":"ListItem","position":2,"name":"Liturgie","item":"https:\/\/www.famigliapaolina.net\/preghierapaolina\/le-liturgie\/"},{"@type":"ListItem","position":3,"name":"29 giugno &#8211; SANTI APOSTOLI PIETRO E PAOLO","item":"https:\/\/www.famigliapaolina.net\/preghierapaolina\/le-liturgie\/29-giugno-santi-apostoli-pietro-e-paolo\/"},{"@type":"ListItem","position":4,"name":"Primi vespri"}]}]}},"wpml_current_locale":"it_IT","wpml_translations":[{"locale":"es_ES","id":769,"post_title":"I V\u00edsperas","href":"https:\/\/www.famigliapaolina.net\/preghierapaolina\/\/29-junio-san-pedro-y-san-paolo-apsotoles\/i-visperas\/?lang=es\/"}],"_links":{"self":[{"href":"https:\/\/www.famigliapaolina.net\/preghierapaolina\/wp-json\/wp\/v2\/le-liturgie\/328"}],"collection":[{"href":"https:\/\/www.famigliapaolina.net\/preghierapaolina\/wp-json\/wp\/v2\/le-liturgie"}],"about":[{"href":"https:\/\/www.famigliapaolina.net\/preghierapaolina\/wp-json\/wp\/v2\/types\/le-liturgie"}],"up":[{"embeddable":true,"href":"https:\/\/www.famigliapaolina.net\/preghierapaolina\/wp-json\/wp\/v2\/le-liturgie\/273"}],"wp:attachment":[{"href":"https:\/\/www.famigliapaolina.net\/preghierapaolina\/wp-json\/wp\/v2\/media?parent=328"}],"curies":[{"name":"wp","href":"https:\/\/api.w.org\/{rel}","templated":true}]}}