{"id":518,"date":"2021-11-20T08:59:49","date_gmt":"2021-11-20T07:59:49","guid":{"rendered":"https:\/\/www.famigliapaolina.net\/preghierapaolina\/?post_type=le-liturgie&#038;p=518"},"modified":"2021-11-20T08:59:49","modified_gmt":"2021-11-20T07:59:49","slug":"ufficio-delle-letture","status":"publish","type":"le-liturgie","link":"https:\/\/www.famigliapaolina.net\/preghierapaolina\/le-liturgie\/25-novembre-dedicazione-della-chiesa-di-san-paolo-in-alba\/ufficio-delle-letture\/","title":{"rendered":"Ufficio delle letture"},"content":{"rendered":"<p><span style=\"color: #800000;\"><strong>INNO<\/strong><\/span><\/p>\n<p>Cristo, pietra angolare,<br \/>\nfondamento immutabile,<br \/>\nstabilito dal Padre<br \/>\nper unire le genti!<\/p>\n<p>In te salda si edifica<br \/>\nla Chiesa una e santa,<br \/>\ncitt\u00e0 del Dio vivente,<br \/>\ntempio della sua lode.<\/p>\n<p>Vieni, dolce Signore,<br \/>\nvieni nella tua casa;<br \/>\naccogli con clemenza<br \/>\ni voti dei fedeli.<\/p>\n<p>In questa tua dimora<br \/>\nla grazia dello Spirito<br \/>\ndiscenda sulla Chiesa,<br \/>\npellegrina nel mondo.<\/p>\n<p>Sia onore al Padre e al Figlio<br \/>\ne allo Spirito Santo,<br \/>\nal Dio trino ed unico<br \/>\nnei secoli sia gloria. Amen.<\/p>\n<p><span style=\"color: #800000;\">Oppure un inno a <a href=\"https:\/\/www.famigliapaolina.net\/preghierapaolina\/le-liturgie\/30-giugno-san-paolo-apostolo\/ufficio-delle-letture\/\">san Paolo (p. 323)<\/a> o altro inno o canto adatto, approvato dall&#8217;autorit\u00e0 competente.<\/span><\/p>\n<p><span style=\"color: #800000;\"><em>1 ant.<\/em> <\/span>Apritevi, porte antiche:<br \/>\nentri il re della gloria.<\/p>\n<p>&nbsp;<\/p>\n<p><span style=\"color: #800000;\">Quando il seguente salmo e stato gi\u00e0 detto all&#8217;<a href=\"https:\/\/www.famigliapaolina.net\/preghierapaolina\/le-liturgie\/25-novembre-dedicazione-della-chiesa-di-san-paolo-in-alba\/invitatorio\/\">Invitatorio<\/a>, in suo luogo si dice il <a href=\"https:\/\/www.famigliapaolina.net\/preghierapaolina\/le-liturgie\/25-novembre-dedicazione-della-chiesa-di-san-paolo-in-alba\/invitatorio\/\">salmo 94<\/a> (p. 161).<\/span><\/p>\n<p>&nbsp;<\/p>\n<p><span style=\"color: #800000;\"><strong>SALMO 23\u00a0\u00a0\u00a0\u00a0 Il Signore entra nel suo tempio<\/strong><\/span><\/p>\n<p><em>Le porte del cielo si sono aperte a Cristo Signore, quando \u00e8 salito al cielo<\/em> (sant&#8217;Ireneo).<\/p>\n<p>&nbsp;<\/p>\n<p>Del Signore \u00e8 la terra e quanto contiene, *<br \/>\nl&#8217;universo e i suoi abitanti.<br \/>\n\u00c8 lui che l&#8217;ha fondata sui mari, *<br \/>\ne sui fiumi l&#8217;ha stabilita.<\/p>\n<p>Chi salir\u00e0 il monte del Signore, *<br \/>\nchi star\u00e0 nel suo luogo santo?<\/p>\n<p>Chi ha mani innocenti e cuore puro, \u2020<br \/>\nchi non pronunzia menzogna, *<br \/>\nchi non giura a danno del suo prossimo.<\/p>\n<p>Egli otterr\u00e0 benedizione dal Signore, *<br \/>\ngiustizia da Dio sua salvezza.<br \/>\nEcco la generazione che lo cerca, *<br \/>\nche cerca il tuo volto, Dio di Giacobbe.<\/p>\n<p>Sollevate, porte, i vostri frontali, \u2020<br \/>\nalzatevi, porte antiche, *<br \/>\ned entri il re della gloria.<\/p>\n<p>Chi \u00e8 questo re della gloria? \u2020<br \/>\nil Signore forte e potente, *<br \/>\nil Signore potente in battaglia.<\/p>\n<p>Sollevate, porte, i vostri frontali, \u2020<br \/>\nalzatevi, porte antiche, *<br \/>\ned entri il re della gloria.<\/p>\n<p>Chi \u00e8 questo re della gloria? *<br \/>\nIl Signore degli eserciti \u00e8 il re della gloria.<\/p>\n<p>&nbsp;<\/p>\n<p><em><span style=\"color: #800000;\">1 ant.<\/span><\/em> Apritevi, porte antiche:<br \/>\nentri il re della gloria.<\/p>\n<p><em><span style=\"color: #800000;\">2 ant.<\/span> <\/em>Quanto sono amabili le tue dimore,<br \/>\nSignore degli eserciti! <span style=\"color: #800000;\">\u2020<\/span><br \/>\n&nbsp;<\/p>\n<p><span style=\"color: #800000;\"><strong>SALMO 83\u00a0\u00a0\u00a0\u00a0 Desiderio del tempio dei Signore<\/strong><\/span><\/p>\n<p><em>Non abbiamo quaggi\u00f9 una citt\u00e0 stabile ma cerchiamo quella futura<\/em> (Eb 13,14).<\/p>\n<p>&nbsp;<\/p>\n<p>Quanto sono amabili le tue dimore, *<br \/>\nSignore degli eserciti!<br \/>\n\u2020 L&#8217;anima mia languisce *<br \/>\ne brama gli atri del Signore.<\/p>\n<p>Il mio cuore e la mia carne *<br \/>\nesultano nel Dio vivente.<\/p>\n<p>Anche il passero trova la casa, *<br \/>\nla rondine il nido, dove porre i suoi piccoli,<br \/>\npresso i tuoi altari, Signore degli eserciti, *<br \/>\nmio re e mio Dio.<\/p>\n<p>Beato chi abita la tua casa: *<br \/>\nsempre canta le tue lodi!<br \/>\nBeato chi trova in te la sua forza *<br \/>\ne decide nel suo cuore il santo viaggio.<\/p>\n<p>Passando per la valle del pianto<br \/>\nla cambia in una sorgente, *<br \/>\nanche la prima pioggia l&#8217;ammanta di benedizioni.<\/p>\n<p>Cresce lungo il cammino il suo vigore, *<br \/>\nfinch\u00e9 compare davanti a Dio in Sion.<\/p>\n<p>Signore, Dio degli eserciti, ascolta la mia preghiera, *<br \/>\nporgi l&#8217;orecchio, Dio di Giacobbe.<br \/>\nVedi, Dio, nostro scudo, *<br \/>\nguarda il volto del tuo consacrato.<\/p>\n<p>Per me un giorno nei tuoi atri *<br \/>\n\u00e8 pi\u00f9 che mille altrove,<br \/>\nstare sulla soglia della casa del mio Dio *<br \/>\n\u00e8 m\u00e8glio che abitare nelle tende degli empi.<\/p>\n<p>Poich\u00e9 sole e scudo \u00e8 il Signore Dio; \u2020<br \/>\nil Signore concede grazia e gloria, *<br \/>\nnon rifiuta il bene a chi cammina con rettitudine.<\/p>\n<p>Signore degli eserciti, *<br \/>\nbeato l&#8217;uomo che in te confida.<\/p>\n<p>&nbsp;<\/p>\n<p><span style=\"color: #800000;\"><em>2 ant.<\/em> <\/span>Quanto sono amabili le tue dimore,<br \/>\nSignore degli eserciti\u2020<\/p>\n<p><span style=\"color: #800000;\"><em>3 ant.<\/em><\/span> Di te si dicono cose stupende,<br \/>\ncitt\u00e0 di Dio.<\/p>\n<p>&nbsp;<\/p>\n<p>&nbsp;<\/p>\n<p><span style=\"color: #800000;\"><strong>SALMO 86\u00a0\u00a0 Gerusalemme, madre di tutti i popoli<\/strong><\/span><\/p>\n<p><em>La Gerusalemme di lass\u00f9 \u00e8 libera ed \u00e8 la nostra madre<\/em> (Gal 4,26).<\/p>\n<p>&nbsp;<\/p>\n<p>Le sue fondamenta sono sui monti santi; \u2020<br \/>\nil Signore ama le porte di Sion *<br \/>\npi\u00f9 di tutte le dimore di Giacobbe.<\/p>\n<p>Di te si dicono cose stupende, *<br \/>\ncitt\u00e0 di Dio.<\/p>\n<p>Ricorder\u00f2 Raab e Babilonia<br \/>\nfra quelli che mi conoscono; \u2020<br \/>\necco, Palestina, Tiro ed Etiopia: *<br \/>\ntutti l\u00e0 sono nati.<\/p>\n<p>Si dir\u00e0 di Sion: \u00abL&#8217;uno e l&#8217;altro \u00e8 nato in essa *<br \/>\ne l&#8217;Altissimo la tiene salda\u00bb.<\/p>\n<p>Il Signore scriver\u00e0 nel libro dei popoli: *<br \/>\n\u00abL\u00e0 costui \u00e8 nato\u00bb.<br \/>\nE danzando canteranno: *<br \/>\n\u00ab Sono in te tutte le mie sorgenti \u00bb.<\/p>\n<p>&nbsp;<\/p>\n<p><span style=\"color: #800000;\"><em>3 ant.<\/em> <\/span>Di te si dicono cose stupende,<br \/>\ncitt\u00e0 di Dio.<br \/>\n<span style=\"color: #800000;\">V\/.<\/span> \u00a0Nel tuo tempio vengo ad adorarti,<\/p>\n<p><span style=\"color: #800000;\">R\/.<\/span> rendo grazie al tuo nome Signore.<\/p>\n<p>&nbsp;<\/p>\n<p>&nbsp;<\/p>\n<p><strong>PRIMA LETTURA<\/strong><\/p>\n<p>Dalla prima lettera di san Pietro, apostolo<br \/>\n<span style=\"color: #800000;\">2,1-17<\/span><\/p>\n<p>&nbsp;<\/p>\n<p style=\"text-align: center;\"><em><span style=\"color: #800000;\">L&#8217;edificio spirituale fatto di pietre vive<\/span><\/em><\/p>\n<p>&nbsp;<\/p>\n<p>Carissimi, deposta ogni malizia e ogni frode e ipocrisia, le gelosie, e ogni maldicenza, come bambini appena nati bramate il puro latte spirituale, per crescere con esso verso la salvezza: se davvero avete gi\u00e0 gustato come \u00e8 buono il Signore (Sal 33,9). Stringendovi a lui, pietra vi\u00adva, rigettata dagli uomini, ma scelta e preziosa davanti a Dio, anche voi venite impiegati come pietre vive per la costruzione di un edificio spirituale, per un sacerdozio santo, per offrire sacrifici spirituali graditi a Dio, per mezzo di Ges\u00f9 Cristo. Si legge infatti nella Scrittura: Ec\u00adco io pongo in Sion una pietra angolare, scelta, preziosa e chi crede in essa non rester\u00e0 confuso (Is 28,16). Onore dunque a voi che credete; ma per gli increduli la pietra che i costruttori hanno scartato \u00e8 diventata la pie\u00adtra angolare, sasso d&#8217;inciampo e pietra di scandalo (Sal 117,22; Is 8,14).<br \/>\nLoro v&#8217;inciampano perch\u00e9 non credono alla parola; a questo sono stati destinati. Ma voi siete la stirpe eletta, il sacerdozio regale, la nazione santa, il popolo che Dio si \u00e8 acquistato perch\u00e9 proclami le opere meravigliose di lui che vi ha chiamato dalle tenebre alla sua ammirabile luce (Es 19,6; Is 43,20.21); voi, che un tempo eravate non popolo, ora invece siete il popolo di Dio; voi un tempo esclusi dalla misericordia, ora invece avete ottenuto mi\u00adsericordia (Os 1,6.9).<br \/>\nCarissimi, io vi esorto, come stranieri e pellegrini, ad astenervi dai desideri della carne che fanno guerra all&#8217;a\u00adnima.<br \/>\nLa vostra condotta tra i pagani sia irreprensibile, perch\u00e9 mentre vi calunniano come malfattori, al vedere le vo\u00adstre buone opere, giungano a glorificare Dio nel giorno del giudizio.<br \/>\nState sottomessi ad ogni istituzione umana per amore del Signore: sia al re come sovrano, sia ai governatori come ai suoi inviati per punire i malfattori e premiare i buoni. Perch\u00e9 questa \u00e8 la volont\u00e0 di Dio: che, operando il bene, voi chiudiate la bocca all&#8217;ignoranza degli stolti. Comportatevi come uomini liberi, non servendovi della libert\u00e0 come di un velo per coprire la malizia, ma come servitori di Dio.<\/p>\n<p>Onorate tutti, amate i vostri fratelli, temete Dio, onorate il re.<\/p>\n<p>&nbsp;<\/p>\n<p><strong><span style=\"color: #800000;\">RESPONSORIO\u00a0\u00a0<\/span><\/strong><br \/>\n<span style=\"color: #800000;\"> Cf Tb 13,17; Ap 21,19-21<\/span><\/p>\n<p><span style=\"color: #800000;\">R\/.<\/span> Le tue mura, Gerusalemme, saranno di pietre prezio\u00adse, le tue torri ornate di splendide gemme.<\/p>\n<p><span style=\"color: #800000;\">V\/.<\/span> Le tue porte saranno ricostruite con zaffiro e sme\u00adraldo,<\/p>\n<p><span style=\"color: #800000;\">R\/.<\/span> le tue torri ornate di splendide gemme.<\/p>\n<p>&nbsp;<\/p>\n<p><strong><span style=\"color: #800000;\">SECONDA LETTURA<\/span><\/strong><\/p>\n<p>Dai \u00abDiscorsi\u00bb di Sant&#8217;Agostino, vescovo<\/p>\n<p style=\"text-align: center;\"><span style=\"color: #800000;\">(Disc. 336, 1,6: PL 38 [ed. 1861], 1471-1472. 1475)<\/span><\/p>\n<p>&nbsp;<\/p>\n<p style=\"text-align: center;\"><em><span style=\"color: #800000;\">Costruzione e dedicazione del tempio di Dio in noi<\/span><\/em><\/p>\n<p>&nbsp;<\/p>\n<p>La dedicazione della casa di preghiera \u00e8 la festa della no\u00adstra comunit\u00e0. Questo edificio \u00e8 divenuto la casa del no\u00adstro culto. Ma noi stessi siamo casa di Dio. Veniamo co\u00adstruiti in questo mondo e saremo dedicati solennemente alla fine dei secoli. La casa, o meglio la costruzione, ri\u00adchiede fatica. La dedicazione, invece, avviene nella gioia. Quello che qui avveniva mentre questa casa si innalzava, si rinnova quando si radunano i credenti in Cristo. Mediante la fede, infatti, divengono materiale disponibile per la costruzione come quando gli alberi e le pietre ven\u00adgono tagliati dai boschi e dai monti. Quando vengono ca\u00adtechizzati, battezzati, formati sono come sgrossati, squa\u00addrati, levigati fra le mani degli artigiani e dei costrut\u00adtori.<br \/>\nNon diventano tuttavia casa di Dio se non quando sono uniti insieme dalla carit\u00e0. Questi legni e queste pietre se non aderissero tra loro con un certo ordine, se non si connettessero armonicamente, se collegandosi a vicenda in un certo modo non si amassero, nessuno entrerebbe in questa casa. Infatti quando vedi in qualche costruzione pietre e legni ben connessi tu entri sicuro, non hai paura d&#8217;un crollo.<br \/>\nVolendo dunque Cristo Signore entrare e abitare in noi, diceva, quasi nell&#8217;atto di costruire: \u00abVi do un comanda\u00admento nuovo, che vi amiate gli uni gli altri\u00bb (Gv 13,34). Ha detto: \u00abVi do un comandamento nuovo\u00bb. Eravate in\u00adfatti invecchiati, non mi costruivate ancora una casa, giacevate nelle vostre macerie. Perci\u00f2, per liberarvi dal disfacimento delle vostre macerie, amatevi gli uni gli al\u00adtri.<br \/>\nConsideri dunque la vostra carit\u00e0 che questa casa \u00e8 anco\u00adra in costruzione su tutta la terra, come \u00e8 stato predetto e promesso. Quando si stava edificando il tempio dopo l&#8217;esilio, com&#8217;\u00e8 scritto in un salmo, si diceva: \u00abCantate al Signore un canto nuovo, cantate al Signore da tutta la terra\u00bb (Sal 149,1). Quel che qui \u00e8 detto \u00abcanto nuovo\u00bb, \u00e8 chiamato dal Signore \u00abcomandamento nuovo\u00bb. Qual \u00e8 in\u00adfatti la caratteristica dal canto nuovo se non l&#8217;amore nuo\u00advo? Cantare \u00e8 di chi ama. La voce di questo cantore \u00e8 fer\u00advore di santo amore.<br \/>\nDunque, quanto qui vediamo fatto materialmente nei muri, sia fatto spiritualmente nelle anime; e ci\u00f2 che ve\u00addiamo compiuto nelle pietre e nei legni, si compia nei vo\u00adstri corpi per opera della grazia di Dio. Anzitutto perci\u00f2 ringraziamo il Signore nostro Dio, da cui viene ogni buon regalo e ogni dono perfetto; rendia\u00admo lode alla sua bont\u00e0 con tutto l&#8217;ardore del cuore, per\u00adch\u00e9 ha eccitato l&#8217;animo dei suoi fedeli alla costruzione di questa casa di orazione, ne ha stimolato l&#8217;amore, ha pre\u00adstato l&#8217;aiuto; ha ispirato a volere coloro che ancora non volevano, ha aiutato gli sforzi della buona volont\u00e0 perch\u00e9 passassero all&#8217;azione; per questo \u00e8 Dio stesso che ha co\u00adminciato e portato a termine tutto questo, egli \u00abche su\u00adscita\u00bb nei suoi \u00abil volere e l&#8217;operare secondo i suoi bene\u00advoli disegni\u00bb (Fil 2,13).<\/p>\n<p>&nbsp;<\/p>\n<p>&nbsp;<\/p>\n<p><strong><span style=\"color: #800000;\">RESPONSORIO\u00a0<\/span><\/strong><br \/>\n<span style=\"color: #800000;\">Sai 83,2 3.5<\/span><\/p>\n<p><span style=\"color: #800000;\">R\/.<\/span> Quanto sono amabili le tue dimore, Dio dell&#8217;univer\u00adso! * L&#8217;anima mia sospira e desidera il tempio del Si\u00adgnore.<\/p>\n<p><span style=\"color: #800000;\">V\/.<\/span> Beato chi abita la tua casa: sempre canter\u00e0 le tue lodi.<\/p>\n<p><span style=\"color: #800000;\">R\/.<\/span> L&#8217;anima mia sospira e desidera il tempio del Signore.<\/p>\n<p>&nbsp;<\/p>\n<p><span style=\"color: #800000;\"><strong>Te Deum<\/strong><\/span><\/p>\n<p>Noi ti lodiamo, Dio, *<br \/>\nti proclamiamo Signore.<br \/>\nO eterno Padre, *<br \/>\ntutta la terra ti adora.<\/p>\n<p>A te cantano gli angeli *<br \/>\ne tutte le potenze dei cieli:<br \/>\nSanto, Santo, Santo *<br \/>\nil Signore Dio dell\u2019universo.<\/p>\n<p>I\u00a0 cieli e la terra *<br \/>\nsono pieni della tua gloria.<br \/>\nTi acclama il coro degli apostoli *<br \/>\ne la candida schiera dei martiri;<\/p>\n<p>le voci dei profeti si uniscono nella tua lode; *<br \/>\nla santa Chiesa proclama la tua gloria,<br \/>\nadora il tuo unico Figlio, *<br \/>\ne lo Spirito Santo Paraclito.<\/p>\n<p>O Cristo, re della gloria, *<br \/>\neterno Figlio del Padre,<br \/>\ntu nascesti dalla Vergine Madre *<br \/>\nper la salvezza dell\u2019uomo.<\/p>\n<p>Vincitore della morte, *<br \/>\nhai aperto ai credenti il regno dei cieli.<br \/>\nTu siedi alla destra di Dio, nella gloria del Padre. *<br \/>\nVerrai a giudicare il mondo alla fine dei tempi.<\/p>\n<p>Soccorri i tuoi figli, Signore, *<br \/>\nche hai redento col tuo sangue prezioso.<br \/>\nAccoglici nella tua gloria *<br \/>\nnell\u2019assemblea dei santi.<\/p>\n<p>O Salva il tuo popolo, Signore, *<br \/>\nguida e proteggi i tuoi figli.<br \/>\nOgni giorno ti benediciamo, *<br \/>\nlodiamo il tuo nome per sempre.<\/p>\n<p>Degnati oggi, Signore, *<br \/>\ndi custodirci senza peccato.<br \/>\nSia sempre con noi la tua misericordia: *<br \/>\nin te abbiamo sperato.<\/p>\n<p>Piet\u00e0 di noi, Signore, *<br \/>\npiet\u00e0 di noi.<br \/>\nTu sei la nostra speranza, *<br \/>\nnon saremo confusi in eterno.<\/p>\n<p>&nbsp;<\/p>\n<p><span style=\"color: #800000;\"><strong>ORAZIONE<\/strong><\/span><\/p>\n<p>Ascolta, Signore, la preghiera del tuo popolo, che ricor\u00adda con gioia il giorno della consacrazione di questo tem\u00adpio, perch\u00e9 la comunit\u00e0 che si raduna in questa santa di\u00admora possa offrirti un servizio degno e irreprensibile e ottenga pienamente i frutti della redenzione. Per il no\u00adstro Signore.<\/p>\n<p>&nbsp;<\/p>\n<p><span style=\"color: #800000;\">V\/.<\/span>\u00a0Benediciamo il Signore,<\/p>\n<p><span style=\"color: #800000;\">R\/.\u00a0<\/span>Rendiamo grazie a Dio.<\/p>\n<p>&nbsp;<\/p>\n<p>&nbsp;<\/p>\n","protected":false},"featured_media":0,"parent":376,"menu_order":3,"template":"","acf":{"acf_hide_title":false,"attachment_list":false,"hide_wp_ba":false},"yoast_head":"<!-- This site is optimized with the Yoast SEO plugin v17.6 - https:\/\/yoast.com\/wordpress\/plugins\/seo\/ -->\n<title>Ufficio delle letture - Preghiera Paolina<\/title>\n<meta name=\"robots\" content=\"index, follow, max-snippet:-1, max-image-preview:large, max-video-preview:-1\" \/>\n<link rel=\"canonical\" href=\"https:\/\/www.famigliapaolina.net\/preghierapaolina\/le-liturgie\/25-novembre-dedicazione-della-chiesa-di-san-paolo-in-alba\/ufficio-delle-letture\/\" \/>\n<meta property=\"og:locale\" content=\"it_IT\" \/>\n<meta property=\"og:type\" content=\"article\" \/>\n<meta property=\"og:title\" content=\"Ufficio delle letture - Preghiera Paolina\" \/>\n<meta property=\"og:description\" content=\"INNO Cristo, pietra angolare, fondamento immutabile, stabilito dal Padre per unire le genti! In te salda si edifica la Chiesa una e santa, citt\u00e0 del Dio vivente, tempio della sua lode. Vieni, dolce Signore, vieni nella tua casa; accogli con clemenza i voti dei fedeli. In questa tua dimora la grazia dello Spirito discenda sulla Chiesa, pellegrina nel mondo. Sia onore al Padre e al &hellip; Continua a leggere Ufficio delle letture &raquo;\" \/>\n<meta property=\"og:url\" content=\"https:\/\/www.famigliapaolina.net\/preghierapaolina\/le-liturgie\/25-novembre-dedicazione-della-chiesa-di-san-paolo-in-alba\/ufficio-delle-letture\/\" \/>\n<meta property=\"og:site_name\" content=\"Preghiera Paolina\" \/>\n<meta name=\"twitter:card\" content=\"summary_large_image\" \/>\n<meta name=\"twitter:label1\" content=\"Tempo di lettura stimato\" \/>\n\t<meta name=\"twitter:data1\" content=\"9 minuti\" \/>\n<script type=\"application\/ld+json\" class=\"yoast-schema-graph\">{\"@context\":\"https:\/\/schema.org\",\"@graph\":[{\"@type\":\"WebSite\",\"@id\":\"https:\/\/www.famigliapaolina.net\/preghierapaolina\/#website\",\"url\":\"https:\/\/www.famigliapaolina.net\/preghierapaolina\/\",\"name\":\"Preghiera Paolina\",\"description\":\"\",\"potentialAction\":[{\"@type\":\"SearchAction\",\"target\":{\"@type\":\"EntryPoint\",\"urlTemplate\":\"https:\/\/www.famigliapaolina.net\/preghierapaolina\/?s={search_term_string}\"},\"query-input\":\"required name=search_term_string\"}],\"inLanguage\":\"it-IT\"},{\"@type\":\"WebPage\",\"@id\":\"https:\/\/www.famigliapaolina.net\/preghierapaolina\/le-liturgie\/25-novembre-dedicazione-della-chiesa-di-san-paolo-in-alba\/ufficio-delle-letture\/#webpage\",\"url\":\"https:\/\/www.famigliapaolina.net\/preghierapaolina\/le-liturgie\/25-novembre-dedicazione-della-chiesa-di-san-paolo-in-alba\/ufficio-delle-letture\/\",\"name\":\"Ufficio delle letture - Preghiera Paolina\",\"isPartOf\":{\"@id\":\"https:\/\/www.famigliapaolina.net\/preghierapaolina\/#website\"},\"datePublished\":\"2021-11-20T07:59:49+00:00\",\"dateModified\":\"2021-11-20T07:59:49+00:00\",\"breadcrumb\":{\"@id\":\"https:\/\/www.famigliapaolina.net\/preghierapaolina\/le-liturgie\/25-novembre-dedicazione-della-chiesa-di-san-paolo-in-alba\/ufficio-delle-letture\/#breadcrumb\"},\"inLanguage\":\"it-IT\",\"potentialAction\":[{\"@type\":\"ReadAction\",\"target\":[\"https:\/\/www.famigliapaolina.net\/preghierapaolina\/le-liturgie\/25-novembre-dedicazione-della-chiesa-di-san-paolo-in-alba\/ufficio-delle-letture\/\"]}]},{\"@type\":\"BreadcrumbList\",\"@id\":\"https:\/\/www.famigliapaolina.net\/preghierapaolina\/le-liturgie\/25-novembre-dedicazione-della-chiesa-di-san-paolo-in-alba\/ufficio-delle-letture\/#breadcrumb\",\"itemListElement\":[{\"@type\":\"ListItem\",\"position\":1,\"name\":\"Home\",\"item\":\"https:\/\/www.famigliapaolina.net\/preghierapaolina\/\"},{\"@type\":\"ListItem\",\"position\":2,\"name\":\"Liturgie\",\"item\":\"https:\/\/www.famigliapaolina.net\/preghierapaolina\/le-liturgie\/\"},{\"@type\":\"ListItem\",\"position\":3,\"name\":\"25 novembre &#8211; DEDICAZIONE DELLA CHIESA DI SAN PAOLO IN ALBA\",\"item\":\"https:\/\/www.famigliapaolina.net\/preghierapaolina\/le-liturgie\/25-novembre-dedicazione-della-chiesa-di-san-paolo-in-alba\/\"},{\"@type\":\"ListItem\",\"position\":4,\"name\":\"Ufficio delle letture\"}]}]}<\/script>\n<!-- \/ Yoast SEO plugin. -->","yoast_head_json":{"title":"Ufficio delle letture - Preghiera Paolina","robots":{"index":"index","follow":"follow","max-snippet":"max-snippet:-1","max-image-preview":"max-image-preview:large","max-video-preview":"max-video-preview:-1"},"canonical":"https:\/\/www.famigliapaolina.net\/preghierapaolina\/le-liturgie\/25-novembre-dedicazione-della-chiesa-di-san-paolo-in-alba\/ufficio-delle-letture\/","og_locale":"it_IT","og_type":"article","og_title":"Ufficio delle letture - Preghiera Paolina","og_description":"INNO Cristo, pietra angolare, fondamento immutabile, stabilito dal Padre per unire le genti! In te salda si edifica la Chiesa una e santa, citt\u00e0 del Dio vivente, tempio della sua lode. Vieni, dolce Signore, vieni nella tua casa; accogli con clemenza i voti dei fedeli. In questa tua dimora la grazia dello Spirito discenda sulla Chiesa, pellegrina nel mondo. Sia onore al Padre e al &hellip; Continua a leggere Ufficio delle letture &raquo;","og_url":"https:\/\/www.famigliapaolina.net\/preghierapaolina\/le-liturgie\/25-novembre-dedicazione-della-chiesa-di-san-paolo-in-alba\/ufficio-delle-letture\/","og_site_name":"Preghiera Paolina","twitter_card":"summary_large_image","twitter_misc":{"Tempo di lettura stimato":"9 minuti"},"schema":{"@context":"https:\/\/schema.org","@graph":[{"@type":"WebSite","@id":"https:\/\/www.famigliapaolina.net\/preghierapaolina\/#website","url":"https:\/\/www.famigliapaolina.net\/preghierapaolina\/","name":"Preghiera Paolina","description":"","potentialAction":[{"@type":"SearchAction","target":{"@type":"EntryPoint","urlTemplate":"https:\/\/www.famigliapaolina.net\/preghierapaolina\/?s={search_term_string}"},"query-input":"required name=search_term_string"}],"inLanguage":"it-IT"},{"@type":"WebPage","@id":"https:\/\/www.famigliapaolina.net\/preghierapaolina\/le-liturgie\/25-novembre-dedicazione-della-chiesa-di-san-paolo-in-alba\/ufficio-delle-letture\/#webpage","url":"https:\/\/www.famigliapaolina.net\/preghierapaolina\/le-liturgie\/25-novembre-dedicazione-della-chiesa-di-san-paolo-in-alba\/ufficio-delle-letture\/","name":"Ufficio delle letture - Preghiera Paolina","isPartOf":{"@id":"https:\/\/www.famigliapaolina.net\/preghierapaolina\/#website"},"datePublished":"2021-11-20T07:59:49+00:00","dateModified":"2021-11-20T07:59:49+00:00","breadcrumb":{"@id":"https:\/\/www.famigliapaolina.net\/preghierapaolina\/le-liturgie\/25-novembre-dedicazione-della-chiesa-di-san-paolo-in-alba\/ufficio-delle-letture\/#breadcrumb"},"inLanguage":"it-IT","potentialAction":[{"@type":"ReadAction","target":["https:\/\/www.famigliapaolina.net\/preghierapaolina\/le-liturgie\/25-novembre-dedicazione-della-chiesa-di-san-paolo-in-alba\/ufficio-delle-letture\/"]}]},{"@type":"BreadcrumbList","@id":"https:\/\/www.famigliapaolina.net\/preghierapaolina\/le-liturgie\/25-novembre-dedicazione-della-chiesa-di-san-paolo-in-alba\/ufficio-delle-letture\/#breadcrumb","itemListElement":[{"@type":"ListItem","position":1,"name":"Home","item":"https:\/\/www.famigliapaolina.net\/preghierapaolina\/"},{"@type":"ListItem","position":2,"name":"Liturgie","item":"https:\/\/www.famigliapaolina.net\/preghierapaolina\/le-liturgie\/"},{"@type":"ListItem","position":3,"name":"25 novembre &#8211; DEDICAZIONE DELLA CHIESA DI SAN PAOLO IN ALBA","item":"https:\/\/www.famigliapaolina.net\/preghierapaolina\/le-liturgie\/25-novembre-dedicazione-della-chiesa-di-san-paolo-in-alba\/"},{"@type":"ListItem","position":4,"name":"Ufficio delle letture"}]}]}},"wpml_current_locale":"it_IT","wpml_translations":[{"locale":"es_ES","id":1232,"post_title":"Oficio de Lectura","href":"https:\/\/www.famigliapaolina.net\/preghierapaolina\/\/25-noviembre-dedicacion-de-la-iglesia-de-san-pablo-en-alba\/oficio-de-lectura\/?lang=es\/"}],"_links":{"self":[{"href":"https:\/\/www.famigliapaolina.net\/preghierapaolina\/wp-json\/wp\/v2\/le-liturgie\/518"}],"collection":[{"href":"https:\/\/www.famigliapaolina.net\/preghierapaolina\/wp-json\/wp\/v2\/le-liturgie"}],"about":[{"href":"https:\/\/www.famigliapaolina.net\/preghierapaolina\/wp-json\/wp\/v2\/types\/le-liturgie"}],"up":[{"embeddable":true,"href":"https:\/\/www.famigliapaolina.net\/preghierapaolina\/wp-json\/wp\/v2\/le-liturgie\/376"}],"wp:attachment":[{"href":"https:\/\/www.famigliapaolina.net\/preghierapaolina\/wp-json\/wp\/v2\/media?parent=518"}],"curies":[{"name":"wp","href":"https:\/\/api.w.org\/{rel}","templated":true}]}}