{"id":554,"date":"2021-12-02T11:31:58","date_gmt":"2021-12-02T10:31:58","guid":{"rendered":"https:\/\/www.famigliapaolina.net\/preghierapaolina\/?post_type=le-liturgie&#038;p=554"},"modified":"2022-01-17T10:38:39","modified_gmt":"2022-01-17T09:38:39","slug":"office-des-lectures","status":"publish","type":"le-liturgie","link":"https:\/\/www.famigliapaolina.net\/preghierapaolina\/le-liturgie\/bienheureuse-vierge-marie-reine-des-apotres\/office-des-lectures\/?lang=fr","title":{"rendered":"Office des lectures"},"content":{"rendered":"<p><strong><span style=\"color: #800000;\">INVITATOIRE<\/span><\/strong><\/p>\n<p>&nbsp;<\/p>\n<p><strong><span style=\"color: #800000;\">PSAUME 94<\/span><\/strong><\/p>\n<p><span style=\"color: #800000;\">Ant.<\/span> En la f\u00eate de la bienheureuse Vierge Marie, Reine des Ap\u00f4tres, acclamons le Seigneur. All\u00e9luia.<\/p>\n<p>Venez, crions de j<u>o<\/u>ie pour le Seigneur,<br \/>\nacclamons notre Roch<u>e<\/u>r, notre salut !<br \/>\nAllons jusqu\u2019\u00e0 lu<u>i<\/u> en rendant gr\u00e2ce,<br \/>\npar nos hymnes de f<u>\u00ea<\/u>te acclamons-le !<\/p>\n<p>Oui, le grand Die<u>u<\/u>, c\u2019est le Seigneur,<br \/>\nle grand roi au-dess<u>u<\/u>s de tous les dieux :<br \/>\nil tient en main les profonde<u>u<\/u>rs de la terre,<br \/>\net les sommets des mont<u>a<\/u>gnes sont \u00e0 lui ;<br \/>\n\u00e0 lui la mer, c\u2019est lu<u>i<\/u> qui l\u2019a faite,<br \/>\net les terres, car ses m<u>a<\/u>ins les ont p\u00e9tries.<\/p>\n<p>Entrez, inclinez-vo<u>u<\/u>s, prosternez-vous,<br \/>\nadorons le Seigne<u>u<\/u>r qui nous a faits.<br \/>\nOui, il <u>e<\/u>st notre Dieu ; +<br \/>\nnous sommes le pe<u>u<\/u>ple qu\u2019il conduit,<br \/>\nle troupeau guid<u>\u00e9<\/u> par sa main.<\/p>\n<p>Aujourd\u2019hui \u00e9couterez-vo<u>u<\/u>s sa parole ?<br \/>\n\u00ab Ne fermez pas votre c\u0153<u>u<\/u>r comme au d\u00e9sert,<br \/>\ncomme au jour de tentati<u>o<\/u>n et de d\u00e9fi,<br \/>\no\u00f9 vos p\u00e8res m\u2019ont tent<u>\u00e9<\/u> et provoqu\u00e9,<br \/>\net pourtant ils avaient v<u>u<\/u> mon exploit.<\/p>\n<p>Quarante ans leur g\u00e9n\u00e9rati<u>o<\/u>n m\u2019a d\u00e9\u00e7u,<br \/>\net j\u2019ai dit : Ce peuple a le c\u0153<u>u<\/u>r \u00e9gar\u00e9,<br \/>\nil n\u2019a pas conn<u>u<\/u> mes chemins.<br \/>\nDans ma col\u00e8re, j\u2019en ai f<u>a<\/u>it le serment :<br \/>\nJamais ils n\u2019entrer<u>o<\/u>nt dans mon repos. \u00bb<\/p>\n<p><span style=\"color: #800000;\">Ant.<\/span> En la f\u00eate de la bienheureuse Vierge Marie, Reine des Ap\u00f4tres, acclamons le Seigneur. All\u00e9luia.<\/p>\n<p>&nbsp;<\/p>\n<p><span style=\"color: #800000;\"><strong>HYMNE<\/strong><\/span><\/p>\n<p>Les Ap\u00f4tres rassembl\u00e9s<br \/>\nselon l\u2019exhortation du Christ<br \/>\nattendent en pri\u00e8re<br \/>\nl\u2019Esprit Saint aux sept dons.<\/p>\n<p>Marie, la Vierge M\u00e8re, le d\u00e9sire ardemment.<br \/>\nElle, qui est nomm\u00e9e la derni\u00e8re,<br \/>\nenrichie des dons de l\u2019Esprit,<br \/>\ndevient la premi\u00e8re.<\/p>\n<p>Ces dons d\u2019Amour divin<br \/>\nla comblent si abondamment<br \/>\nque tous peuvent recourir \u00e0 Elle<br \/>\net puiser sans cesse \u00e0 sa pl\u00e9nitude.<\/p>\n<p>Toi, qui as besoin de lumi\u00e8re,<br \/>\napproche-toi de Marie avec confiance<br \/>\net demande des torrents de<br \/>\ngr\u00e2ce \u00e0 ce fleuve abondant.<\/p>\n<p>Cette M\u00e8re bienheureuse<br \/>\nte donnera une foi plus intense.<br \/>\nPour que tu secoures tes fr\u00e8res,<br \/>\nelle te tendra la main.<\/p>\n<p>J\u00e9sus, n\u00e9 de la Vierge M\u00e8re<br \/>\npour notre salut,<br \/>\navec le P\u00e8re et l\u2019Esprit Saint,<br \/>\n\u00e0 toi gloire et louange \u00e9ternelle. Amen.<\/p>\n<p>&nbsp;<\/p>\n<p><span style=\"color: #800000;\"><strong>PSAUME<\/strong> <strong>23 <\/strong>Entr\u00e9e solennelle de Dieu dans son Temple<\/span><\/p>\n<p><em>Les portes du ciel s\u2019ouvrent devant le Christ mont\u00e9 au ciel. <\/em>St Ir\u00e9n\u00e9e<\/p>\n<p><span style=\"color: #800000;\">Ant.<\/span> Par ton intercession, \u00f4 notre avocate,<br \/>\nla porte du paradis s\u2019est ouverte pour nous. All\u00e9luia.<\/p>\n<p>Au Seigneur, le m<u>o<\/u>nde et sa richesse,<br \/>\nla terre et to<u>u<\/u>s ses habitants !<br \/>\nC\u2019est lui qui l\u2019a fond<u>\u00e9<\/u>e sur les mers<br \/>\net la garde in\u00e9branl<u>a<\/u>ble sur les flots.<\/p>\n<p>Qui peut gravir la mont<u>a<\/u>gne du Seigneur<br \/>\net se ten<u>i<\/u>r dans le lieu saint ?<\/p>\n<p>L\u2019homme au c\u0153ur pur, aux m<u>a<\/u>ins innocentes,<br \/>\nqui ne livre pas son <u>\u00e2<\/u>me aux idoles<br \/>\n(et ne dit p<u>a<\/u>s de faux serments).<\/p>\n<p>Il obtient, du Seigne<u>u<\/u>r, la b\u00e9n\u00e9diction,<br \/>\net de Dieu son Sauve<u>u<\/u>r, la justice.<br \/>\nVoici le peuple de ce<u>u<\/u>x qui le cherchent !<br \/>\nVoici Jacob qui rech<u>e<\/u>rche ta face !<\/p>\n<p>Portes, lev<u>e<\/u>z vos frontons, +<br \/>\n\u00e9levez-vous, p<u>o<\/u>rtes \u00e9ternelles :<br \/>\nqu\u2019il entre, le r<u>o<\/u>i de gloire !<\/p>\n<p>Qui est ce r<u>o<\/u>i de gloire ? +<br \/>\nC\u2019est le Seigneur, le f<u>o<\/u>rt, le vaillant,<br \/>\nle Seigneur, le vaill<u>a<\/u>nt des combats.<\/p>\n<p>Portes, lev<u>e<\/u>z vos frontons, +<br \/>\nlevez-les, p<u>o<\/u>rtes \u00e9ternelles :<br \/>\nqu\u2019il entre, le r<u>o<\/u>i de gloire !<\/p>\n<p>Qui donc est ce r<u>o<\/u>i de gloire ? +<br \/>\nC\u2019est le Seigneur, Die<u>u<\/u> de l\u2019univers ;<br \/>\nc\u2019est lui, le r<u>o<\/u>i de gloire.<\/p>\n<p><span style=\"color: #800000;\">Ant.<\/span> Par ton intercession, \u00f4 notre avocate,<br \/>\nla porte du paradis s\u2019est ouverte pour nous. All\u00e9luia.<\/p>\n<p>&nbsp;<\/p>\n<p><span style=\"color: #800000;\"><strong>PSAUME<\/strong> <strong>45 <\/strong>Dieu, secours et force de son peuple<\/span><\/p>\n<p><em>On lui donnera le nom d\u2019\u00c9mmanuel. <\/em>Mt 1, 23<\/p>\n<p><span style=\"color: #800000;\">Ant.<\/span> En toi, toute gr\u00e2ce de vie et de v\u00e9rit\u00e9. En toi,<br \/>\nl\u2019esp\u00e9rance de vie et de salut. All\u00e9luia.<\/p>\n<p>Dieu est pour nous ref<u>u<\/u>ge et force,<br \/>\nsecours dans la d\u00e9tresse, toujo<u>u<\/u>rs offert.<br \/>\nNous serons sans crainte si la t<u>e<\/u>rre est secou\u00e9e,<br \/>\nsi les montagnes s\u2019effondrent au cre<u>u<\/u>x de la mer ;<br \/>\nses flots peuvent mug<u>i<\/u>r et s\u2019enfler,<br \/>\nles montagnes, trembl<u>e<\/u>r dans la temp\u00eate :<\/p>\n<p><span style=\"color: #800000;\">R\/<\/span>\u00a0[Il <u>e<\/u>st avec nous,<br \/>\nle Seigne<u>u<\/u>r de l\u2019univers ;<br \/>\ncitad<u>e<\/u>lle pour nous,<br \/>\nle Die<u>u<\/u> de Jacob !]<\/p>\n<p>Le Fleuve, ses bras r\u00e9jouissent la v<u>i<\/u>lle de Dieu,<br \/>\nla plus sainte des deme<u>u<\/u>res du Tr\u00e8s-Haut.<br \/>\nDieu s\u2019y tient : elle <u>e<\/u>st in\u00e9branlable ;<br \/>\nquand rena\u00eet le matin, Die<u>u<\/u> la secourt.<br \/>\nDes peuples mugissent, des r<u>\u00e8<\/u>gnes s\u2019effondrent ;<br \/>\nquand sa voix retentit, la t<u>e<\/u>rre se d\u00e9fait.<\/p>\n<p><span style=\"color: #800000;\">R\/<\/span>\u00a0[Il <u>e<\/u>st avec nous,<br \/>\nle Seigne<u>u<\/u>r de l\u2019univers ;\u00a0 citad<u>e<\/u>lle pour nous,<br \/>\nle Die<u>u<\/u> de Jacob !]<\/p>\n<p>Venez et voyez les <u>a<\/u>ctes du Seigneur,<br \/>\ncomme il couvre de ru<u>i<\/u>nes la terre.<br \/>\nIl d\u00e9truit la guerre jusqu\u2019au bo<u>u<\/u>t du monde,<br \/>\nil casse les arcs, brise les lances, incend<u>i<\/u>e les chars :<br \/>\n\u00ab Arr\u00eatez ! Sach<u>e<\/u>z que je suis Dieu.<br \/>\nJe domine les nations, je dom<u>i<\/u>ne la terre. \u00bb<\/p>\n<p><span style=\"color: #800000;\">R\/<\/span> [Il <u>e<\/u>st avec nous,<br \/>\nle Seigne<u>u<\/u>r de l\u2019univers ;<br \/>\ncitad<u>e<\/u>lle pour nous,<br \/>\nle Die<u>u<\/u> de Jacob !]<\/p>\n<p><span style=\"color: #800000;\">Ant.<\/span> En toi, toute gr\u00e2ce de vie et de v\u00e9rit\u00e9. En toi,<br \/>\nl\u2019esp\u00e9rance de vie et de salut. All\u00e9luia.<\/p>\n<p>&nbsp;<\/p>\n<p><span style=\"color: #800000;\"><strong>PSAUME<\/strong> <strong>86\u00a0 <\/strong>Sion, m\u00e8re de tous les peuples<\/span><\/p>\n<p><em>La J\u00e9rusalem d\u2019en haut est libre, et c\u2019est elle notre m\u00e8re. <\/em>Ga 4, 26<\/p>\n<p><span style=\"color: #800000;\">Ant.<\/span> De toi, on dit des merveilles,<br \/>\n\u00f4 notre m\u00e8re, notre \u00e9ducatrice et notre reine. All\u00e9luia.<\/p>\n<p>Elle est fond\u00e9e sur les montagnes saintes. +<br \/>\nLe Seigneur aime les p<u>o<\/u>rtes de Sion *<br \/>\nplus que toutes les deme<u>u<\/u>res de Jacob.<\/p>\n<p>Pour ta gloire on p<u>a<\/u>rle de toi,<br \/>\nv<u>i<\/u>lle de Dieu ! *<br \/>\n\u00ab Je cite l\u2019\u00c9g<u>y<\/u>pte et Babylone<br \/>\nentre c<u>e<\/u>lles qui me connaissent. \u00bb<\/p>\n<p>Voyez Tyr, la Philist<u>i<\/u>e, l\u2019\u00c9thiopie :<br \/>\nchacune est n<u>\u00e9<\/u>e l\u00e0-bas. *<br \/>\nMais on appelle Si<u>o<\/u>n : \u00ab Ma m\u00e8re ! \u00bb<br \/>\ncar en elle, tout h<u>o<\/u>mme est n\u00e9.<\/p>\n<p>C\u2019est lui, le Tr\u00e8s-Haut, qui la maintient. +<br \/>\nAu registre des peuples, le Seigne<u>u<\/u>r \u00e9crit :<br \/>\n\u00ab Chacun est n<u>\u00e9<\/u> l\u00e0-bas. \u00bb *<br \/>\nTous ensemble ils d<u>a<\/u>nsent, et ils chantent :<br \/>\n\u00ab En toi, to<u>u<\/u>tes nos sources ! \u00bb<\/p>\n<p><span style=\"color: #800000;\">Ant.<\/span> De toi, on dit des merveilles,<br \/>\n\u00f4 notre m\u00e8re, notre \u00e9ducatrice et notre reine. All\u00e9luia.<\/p>\n<p>&nbsp;<\/p>\n<p><span style=\"color: #800000;\">R\/.<\/span> Vierge Marie, tu es la porte du ciel et l\u2019\u00e9toile du matin. All\u00e9luia.<br \/>\n<span style=\"color: #800000;\">V\/.<\/span> Celui qui te trouve, trouve la vie et rencontre la faveur du Seigneur. All\u00e9luia.<\/p>\n<p>&nbsp;<\/p>\n<p><span style=\"color: #800000;\"><strong>PREMI\u00c8RE<\/strong> <strong>LECTURE<\/strong><strong><br \/>\n<\/strong>Ac 1, 12-14 ; 2, 1-4 ; 4, 5-7.18.23-24.31-33<\/span><\/p>\n<p>Des Actes des Ap\u00f4tres<\/p>\n<p><em>Les disciples \u00e9taient r\u00e9unis en pri\u00e8re<br \/>\navec Marie, la M\u00e8re de J\u00e9sus<\/em><\/p>\n<p>Alors, ils retourn\u00e8rent \u00e0 J\u00e9rusalem depuis le lieu-dit \u00ab mont des Oliviers \u00bb qui en est proche, \u2013 la distance de marche ne d\u00e9passe pas ce qui est permis le jour du sabbat. \u00c0 leur arriv\u00e9e, ils mont\u00e8rent dans la chambre haute o\u00f9 ils se tenaient habituellement ; c\u2019\u00e9tait Pierre, Jean, Jacques et Andr\u00e9, Philippe et Thomas, Barth\u00e9lemy Matthieu, Jacques fils d\u2019Alph\u00e9e, Simon le Z\u00e9lote, et Jude fils de Jacques. Tous, d\u2019un m\u00eame c\u0153ur, \u00e9taient assidus \u00e0 la pri\u00e8re, avec des femmes, avec Marie la m\u00e8re de J\u00e9sus, et avec ses fr\u00e8res.<br \/>\nQuand arriva le jour de la Pentec\u00f4te, au terme des cinquante jours, ils se trouvaient r\u00e9unis tous ensemble. Soudain un bruit survint du ciel comme un violent coup de vent : la maison o\u00f9 ils \u00e9taient assis en fut remplie tout enti\u00e8re. Alors leur apparurent des langues qu\u2019on aurait dites de feu, qui se partageaient, et il s\u2019en posa une sur chacun d\u2019eux. Tous furent remplis d\u2019Esprit Saint : ils se mirent \u00e0 parler en d\u2019autres langues, et chacun s\u2019exprimait selon le don de l\u2019Esprit. Le lendemain se r\u00e9unirent \u00e0 J\u00e9rusalem les chefs du peuple, les anciens et les scribes. Il y avait l\u00e0 Hanne le grand pr\u00eatre, Ca\u00efphe, Jean, Alexandre, et tous ceux qui appartenaient aux familles de grands pr\u00eatres. Ils firent amener Pierre et Jean au milieu d\u2019eux et les questionn\u00e8rent : \u00ab Par quelle puissance, par le nom de qui, avez-vous fait cette gu\u00e9rison ? \u00bb Ayant rappel\u00e9 Pierre et Jean, ils leur interdirent formellement de parler ou d\u2019enseigner au nom de J\u00e9sus. Lorsque Pierre et Jean eurent \u00e9t\u00e9 rel\u00e2ch\u00e9s, ils se rendirent aupr\u00e8s des leurs et rapport\u00e8rent tout ce que les grands pr\u00eatres et les anciens leur avaient dit.<br \/>\nApr\u00e8s avoir \u00e9cout\u00e9, tous, d\u2019un m\u00eame c\u0153ur, \u00e9lev\u00e8rent leur voix vers Dieu en disant : \u00ab Ma\u00eetre, toi, tu as fait le ciel et la terre et la mer et tout ce qu\u2019ils renferment. Quand ils eurent fini de prier, le lieu o\u00f9 ils \u00e9taient r\u00e9unis se mit \u00e0 trembler, ils furent tous remplis du Saint-Esprit et ils <span style=\"font-size: inherit;\">disaient la parole de Dieu avec assurance. La multitude de ceux qui \u00e9taient devenus croyants avait un seul c\u0153ur et une seule \u00e2me ; et personne ne disait que ses biens lui appartenaient en propre, mais ils avaient tout en commun. C\u2019est avec une grande puissance que les Ap\u00f4tres rendaient t\u00e9moignage de la r\u00e9surrection du Seigneur J\u00e9sus, et une gr\u00e2ce abondante reposait sur eux tous.<\/span><\/p>\n<p>&nbsp;<\/p>\n<p><span style=\"color: #800000;\"><strong>R\u00c9PONS<\/strong><\/span><\/p>\n<p><span style=\"color: #800000;\">R\/<\/span> Marie, toujours vierge, interc\u00e8de pour nous, <span style=\"color: #800000;\">*<\/span> Toi qui as engendr\u00e9 le Christ Seigneur, Sauveur de tous les hommes. All\u00e9luia.<br \/>\n<span style=\"color: #800000;\">V\/<\/span> Dans sa puissance, le Seigneur t\u2019a b\u00e9nie ; d\u00e9ployant la force de son bras, il a dispers\u00e9 nos ennemis.<br \/>\n<span style=\"color: #800000;\">R\/<\/span> Toi qui as engendr\u00e9 le Christ Seigneur, Sauveur de tous les hommes. All\u00e9luia.<\/p>\n<p>&nbsp;<\/p>\n<p><strong><span style=\"color: #800000;\">DEUXI\u00c8ME LECTURE<\/span><\/strong><\/p>\n<p>De la Constitution <em>Lumen Gentium\u00a0\u00a0\u00a0\u00a0\u00a0\u00a0\u00a0\u00a0\u00a0\u00a0\u00a0\u00a0 <\/em>(59.63-65)<\/p>\n<p>Comme il avait plu \u00e0 Dieu de ne pas manifester solennellement le myst\u00e8re du salut de l\u2019humanit\u00e9 avant d\u2019avoir envoy\u00e9 l\u2019Esprit que le Christ avait promis, nous voyons les Ap\u00f4tres, avant le jour de la Pentec\u00f4te, \u00ab pers\u00e9v\u00e9rant d\u2019un seul c\u0153ur dans la pri\u00e8re, en compagnie de quelques femmes, de Marie, M\u00e8re de J\u00e9sus et des fr\u00e8res de celui-ci \u00bb (Ac 1, 14), et nous voyons aussi Marie implorer par ses pri\u00e8res le don de l\u2019Esprit, cet Esprit qui l\u2019avait d\u00e9j\u00e0 couverte elle-m\u00eame de son ombre \u00e0 l\u2019Annonciation&#8230;<br \/>\nLa bienheureuse Vierge est li\u00e9e intimement \u00e0 l\u2019\u00c9glise par le don et la charge de la maternit\u00e9 divine qui l\u2019unit \u00e0 son Fils, le R\u00e9dempteur, de m\u00eame que par les gr\u00e2ces et les fonctions singuli\u00e8res dont elle est investie. La M\u00e8re de Dieu est la figure de l\u2019\u00c9glise, comme l\u2019enseignait d\u00e9j\u00e0 saint Ambroise, et cela, dans l\u2019ordre de la foi, de la charit\u00e9 et de l\u2019union parfaite avec le Christ&#8230; Dans la foi et dans l\u2019ob\u00e9issance, elle engendra sur terre le Fils m\u00eame de Dieu, sans commerce charnel, mais sous l\u2019action de l\u2019Esprit Saint ; nouvelle \u00c8ve, elle a cru, non plus au serpent ancien, mais au messager de Dieu, d\u2019une foi qu\u2019aucun doute n\u2019alt\u00e9ra. Elle enfanta le Fils que Dieu a \u00e9tabli premier-n\u00e9 d\u2019un grand nombre de fr\u00e8res (Rm 8, 29), c\u2019est-\u00e0-dire des fid\u00e8les. Aussi coop\u00e8re-t-elle, dans son amour de m\u00e8re, \u00e0 les engendrer et \u00e0 les \u00e9duquer.<br \/>\nL\u2019\u00c9glise, qui contemple la saintet\u00e9 myst\u00e9rieuse et imite la charit\u00e9 de Marie ; l\u2019\u00c9glise, qui accomplit fid\u00e8lement la volont\u00e9 du P\u00e8re, devient m\u00e8re, elle aussi, par l\u2019accueil plein de foi qu\u2019elle offre au Verbe de Dieu. Car, par la pr\u00e9dication et le bapt\u00eame, elle engendre \u00e0 la vie nouvelle et immortelle des fils con\u00e7us du Saint Esprit et n\u00e9s de Dieu. Elle est aussi la vierge qui maintient int\u00e8gre et pure la foi qu\u2019elle a donn\u00e9e \u00e0 l\u2019\u00c9poux. \u00c0 l\u2019imitation de la M\u00e8re de son Seigneur, elle conserve d\u2019une fa\u00e7on virginale, par la vertu de l\u2019Esprit Saint, une foi intacte, une esp\u00e9rance ferme et une charit\u00e9 sinc\u00e8re. Tandis que l\u2019\u00c9glise a d\u00e9j\u00e0 atteint dans la tr\u00e8s bienheureuse Vierge, la perfection par quoi elle est sans tache et sans ride (cf. \u00c9p 5, 27), les fid\u00e8les t\u00e2chent encore de\u00a0cro\u00eetre en saintet\u00e9 en triomphant du p\u00e9ch\u00e9. Aussi l\u00e8vent-ils les yeux vers Marie qui brille comme un mod\u00e8le de vertu pour toute la communaut\u00e9 des \u00e9lus. L\u2019\u00c9glise, en songeant pieusement \u00e0 elle et en la contemplant dans la lumi\u00e8re du Verbe fait homme, p\u00e9n\u00e8tre plus avant, pleine de respect, dans les profondeurs du myst\u00e8re de l\u2019Incarnation, et se conforme toujours davantage \u00e0 son \u00c9poux. En effet, Marie qui, par sa participation \u00e9troite \u00e0 l\u2019histoire du salut, unit en elle et refl\u00e8te pour ainsi dire les donn\u00e9es les plus \u00e9lev\u00e9es de la foi, am\u00e8ne les croyants, quand elle est l\u2019objet de la pr\u00e9dication et du culte, \u00e0 consid\u00e9rer son Fils, le sacrifice qu\u2019il a offert, et aussi l\u2019amour du P\u00e8re. Quant \u00e0 l\u2019\u00c9glise, en cherchant \u00e0 procurer la gloire du Christ, elle devient plus semblable \u00e0 son tr\u00e8s haut mod\u00e8le : elle progresse alors sans cesse dans la foi, l\u2019esp\u00e9rance et la charit\u00e9, elle cherche et suit en toutes choses la volont\u00e9 de Dieu. Aussi, l\u2019\u00c9glise, en son travail apostolique \u00e9galement, regarde-t-elle avec raison vers celle qui engendra le Christ, con\u00e7u de l\u2019Esprit Saint et n\u00e9 de la Vierge, afin qu\u2019il naisse et grandisse \u00e9galement dans le c\u0153ur des fid\u00e8les par le moyen de l\u2019\u00c9glise. La Vierge fut dans sa vie un mod\u00e8le de cet amour maternel dont doivent \u00eatre anim\u00e9s tous ceux qui, associ\u00e9s \u00e0 la mission apostolique de l\u2019\u00c9glise, coop\u00e8rent \u00e0 la r\u00e9g\u00e9n\u00e9ration des hommes.<\/p>\n<p><em>ou <\/em><\/p>\n<p>Des \u00e9crits du Bienheureux p\u00e8re Jacques Alberione<\/p>\n<p style=\"text-align: center;\"><em>(San Paolo, n. 15 &#8211; CISP 37-38, 1<\/em><em><sup>er<\/sup><\/em><em> mai 1935)<br \/>\n<\/em><em>En Marie, la synth\u00e8se de l\u2019apostolat paulinien<\/em><\/p>\n<p>En pr\u00e9sence de notre m\u00e8re, \u00e9ducatrice et reine, nous prions : \u00ab Apr\u00e8s cet exil, montre-nous J\u00e9sus, le fruit b\u00e9ni de ton sein, \u00f4 cl\u00e9mente, \u00f4 mis\u00e9ricordieuse, \u00f4 douce vierge Marie ! \u00bb Dans une lumi\u00e8re intense, Marie accomplit son apostolat de donner J\u00e9sus au P\u00e8re, aux humains, aux bienheureux du ciel.<br \/>\nElle a donn\u00e9 J\u00e9sus au monde. Dieu s\u2019est glorifi\u00e9 en elle. Gr\u00e2ce \u00e0 son oui, J\u00e9sus est devenu Sauveur du monde. Le tableau de Marie, Reine des Ap\u00f4tres, que nous v\u00e9n\u00e9rons, illustre l\u2019id\u00e9e de l\u2019Eucharistie jaillie de son sang virginal. Elle offre J\u00e9sus, le fruit de son sein ; elle le pr\u00e9sente comme si elle tenait dans ses mains et d\u2019un amour tr\u00e8s doux une Hostie vivante, sainte, agr\u00e9able \u00e0 Dieu.<br \/>\nElle l\u2019a donn\u00e9 aussi au P\u00e8re qui, par J\u00e9sus Christ, re\u00e7oit une gloire nouvelle, infinie.<br \/>\nElle l\u2019a montr\u00e9 aux bergers appel\u00e9s les premiers \u00e0 la cr\u00e8che du Sauveur et qui repr\u00e9sentent le peuple humble, h\u00e9ritier des promesses divines, peuple qui a accueilli le signe de Dieu avec la simplicit\u00e9 d\u2019un enfant. Elle l\u2019a montr\u00e9 \u00e0 Joseph, son \u00e9poux fid\u00e8le et p\u00e8re adoptif de l\u2019enfant. Elle l\u2019a montr\u00e9 \u00e0 Jean Baptiste qui devait clore les temps anciens et, comme un maillon d\u2019or, ouvrir les temps nouveaux. Joseph et Jean Baptiste\u00a0repr\u00e9sentaient deux types de saintet\u00e9, celle de l\u2019ancienne et de la nouvelle alliance, comprenant toutes les vertus et la pl\u00e9nitude de gr\u00e2ce. Elle l\u2019a montr\u00e9 au peuple des pa\u00efens repr\u00e9sent\u00e9 par les Mages venus \u00e0 la cr\u00e8che de Bethl\u00e9em, pr\u00e9mices des nations qui formeraient l\u2019\u00c9glise catholique un jour.<br \/>\nElle a pr\u00e9sent\u00e9 J\u00e9sus au temple, l\u2019offrant comme enfant, victime digne et pr\u00eatre \u00e9ternel, selon sa vocation :<em> salut que tu as pr\u00e9par\u00e9 \u00e0 la face de tous les peuples, lumi\u00e8re pour<\/em> <em>\u00e9clairer toutes les nations&#8230;<\/em> (Lc 2, 29).<br \/>\nElle l\u2019a montr\u00e9 aux \u00c9gyptiens quand elle l\u2019amena en exil, en suivant les desseins sublimes et en r\u00e9alisant les proph\u00e9ties anciennes. Elle l\u2019a montr\u00e9 \u00e0 Nazareth, mod\u00e8le parfait de vie priv\u00e9e et de vertu pour chaque \u00eatre humain et pour chaque si\u00e8cle. L\u00e0, il a grandi en sagesse, en \u00e2ge et en gr\u00e2ce. C\u2019est l\u00e0 qu\u2019il a commenc\u00e9 son \u0153uvre ; c\u2019est l\u00e0 qu\u2019il est devenu le mod\u00e8le divin de toutes les vertus individuelles, domestiques, sociales, religieuses, civiles.<br \/>\nElle l\u2019a amen\u00e9 au Temple ; instrument des divins myst\u00e8res, Marie l\u2019a montr\u00e9 comme la Sagesse du P\u00e8re aux docteurs de la Loi qui l\u2019\u00e9coutaient et l\u2019interrogeaient ; et tous ceux qui l\u2019\u00e9coutaient \u00e9taient \u00e9tonn\u00e9s de son intelligence et de ses r\u00e9ponses.<br \/>\nAux noces de Cana, elle l\u2019a montr\u00e9 aux ap\u00f4tres en faisant venir l\u2019heure de se manifester. En interc\u00e9dant, elle a obtenu le miracle de l\u2019eau en vin. <em>Tel fut \u00e0 Cana de Galil\u00e9e, le commencement des signes de J\u00e9sus. Il manifesta sa gloire et ses<\/em> <em>disciples crurent en lui<\/em>. (Jn 2, 11) Par eux, la foi s\u2019est r\u00e9pandue dans le monde.<br \/>\nElle l\u2019a montr\u00e9 crucifi\u00e9, salut du monde entier, sur le Calvaire o\u00f9 l\u2019enfer est \u00e9branl\u00e9 et vaincu. Les justes de l\u2019Ancienne Alliance exultent en voyant le ciel s\u2019ouvrir \u00e0 nouveau. Justice et paix s\u2019embrassent (Ps 85, 11). L\u2019Amour s\u2019offre en sacrifice pour les humains que Dieu aime, en J\u00e9sus Christ, victime de propitiation (cf. 1 Jn 2, 2).<br \/>\n\u00c0 l\u2019Ascension, Marie a remis son Fils au P\u00e8re. J\u00e9sus monte au ciel avec son corps glorieux, montrant ses blessures resplendissantes et son c\u00f4t\u00e9 ouvert pour manifester son amour pour Dieu et pour les \u00e2mes ; soleil de gloire pour le paradis, force toute-puissante pour tout attirer \u00e0 lui ; T\u00eate du Corps mystique de l\u2019\u00c9glise&#8230; Marie est l\u2019Ap\u00f4tre, la Reine des Ap\u00f4tres, le mod\u00e8le de tout apostolat, l\u2019inspiratrice de toutes les vertus apostoliques. Que le ciel la chante ! Que la terre la chante ! Que par Marie, avec elle et en elle, louange soit rendue \u00e0 la Tr\u00e8s Sainte Trinit\u00e9 !<\/p>\n<p>&nbsp;<\/p>\n<p><span style=\"color: #800000;\"><strong>R\u00c9PONS<\/strong><\/span><\/p>\n<p><span style=\"color: #800000;\">R\/<\/span> De toi s\u2019est lev\u00e9 le Soleil de justice, le Christ, notre Dieu * Par qui nous avons \u00e9t\u00e9 sauv\u00e9s et rachet\u00e9s. All\u00e9luia.<br \/>\n<span style=\"color: #800000;\">V\/<\/span> Tu es b\u00e9nie du Seigneur car c\u2019est par toi que le fruit de la vie nous a \u00e9t\u00e9 donn\u00e9.<br \/>\n<span style=\"color: #800000;\">R\/<\/span> Par qui nous avons \u00e9t\u00e9 sauv\u00e9s et rachet\u00e9s. All\u00e9luia.<\/p>\n<p>&nbsp;<\/p>\n<p><span style=\"color: #800000;\"><strong>HYMNE DE LOUANGE<\/strong><\/span><\/p>\n<p>\u00c0 toi Dieu, notre louange !<br \/>\nNous t\u2019acclamons, tu es Seigneur !<br \/>\n\u00c0 toi P\u00e8re \u00e9ternel, l\u2019hymne de l\u2019univers.<\/p>\n<p>Devant toi se prosternent les archanges,<br \/>\nles anges et les esprits des cieux ;<br \/>\nils te rendent gr\u00e2ce ;<br \/>\nils adorent et ils chantent :<\/p>\n<p>Saint, Saint, Saint, le Seigneur,<br \/>\nDieu de l\u2019univers ;<br \/>\nle ciel et la terre sont remplis de ta gloire.<\/p>\n<p>C\u2019est toi que les Ap\u00f4tres glorifient,<br \/>\ntoi que proclament les proph\u00e8tes,<br \/>\ntoi dont t\u00e9moignent les martyrs ;<br \/>\nc\u2019est toi que par le monde entier<br \/>\nl\u2019\u00c9glise annonce et reconna\u00eet.<\/p>\n<p>Dieu, nous t\u2019adorons :<br \/>\nP\u00e8re infiniment saint,<br \/>\nFils \u00e9ternel et bien-aim\u00e9,<br \/>\nEsprit de puissance et de paix.<\/p>\n<p>Christ, le Fils du Dieu vivant,<br \/>\nle Seigneur de la gloire,<br \/>\ntu n\u2019as pas craint de prendre chair<br \/>\ndans le corps d\u2019une vierge<br \/>\npour lib\u00e9rer l\u2019humanit\u00e9 captive.<\/p>\n<p>Par ta victoire sur la mort,<br \/>\ntu as ouvert \u00e0 tout croyant<br \/>\nles portes du Royaume ;<br \/>\ntu r\u00e8gnes \u00e0 la droite du P\u00e8re ;<br \/>\ntu viendras pour le jugement.<\/p>\n<p>Montre-toi le d\u00e9fenseur et l\u2019ami<br \/>\ndes hommes sauv\u00e9s par ton sang :<br \/>\nprends-les avec tous les saints<br \/>\ndans ta joie et dans ta lumi\u00e8re.<\/p>\n<p>&nbsp;<\/p>\n<p><span style=\"color: #800000;\"><strong>PRI\u00c8RE<\/strong><\/span><br \/>\nDieu, qui as donn\u00e9 l\u2019Esprit saint aux Ap\u00f4tres r\u00e9unis au c\u00e9nacle avec Marie, la m\u00e8re de J\u00e9sus ; accorde-nous par son intercession maternelle de nous consacrer pleinement \u00e0 ton service et d\u2019annoncer la gloire de ton nom par la parole et l\u2019exemple. Par J\u00e9sus Christ, ton Fils, notre Seigneur et notre Dieu, qui r\u00e8gne avec toi et le Saint-Esprit, maintenant et pour les si\u00e8cles des si\u00e8cles. Amen.<\/p>\n<p>&nbsp;<\/p>\n","protected":false},"featured_media":0,"parent":551,"menu_order":3,"template":"","acf":{"acf_hide_title":false,"attachment_list":false,"hide_wp_ba":false},"yoast_head":"<!-- This site is optimized with the Yoast SEO plugin v17.6 - https:\/\/yoast.com\/wordpress\/plugins\/seo\/ -->\n<title>Office des lectures - Preghiera Paolina<\/title>\n<meta name=\"robots\" content=\"index, follow, max-snippet:-1, max-image-preview:large, max-video-preview:-1\" \/>\n<link rel=\"canonical\" href=\"https:\/\/www.famigliapaolina.net\/preghierapaolina\/le-liturgie\/bienheureuse-vierge-marie-reine-des-apotres\/office-des-lectures\/\" \/>\n<meta property=\"og:locale\" content=\"it_IT\" \/>\n<meta property=\"og:type\" content=\"article\" \/>\n<meta property=\"og:title\" content=\"Office des lectures - Preghiera Paolina\" \/>\n<meta property=\"og:description\" content=\"INVITATOIRE &nbsp; PSAUME 94 Ant. En la f\u00eate de la bienheureuse Vierge Marie, Reine des Ap\u00f4tres, acclamons le Seigneur. All\u00e9luia. Venez, crions de joie pour le Seigneur, acclamons notre Rocher, notre salut ! Allons jusqu\u2019\u00e0 lui en rendant gr\u00e2ce, par nos hymnes de f\u00eate acclamons-le ! Oui, le grand Dieu, c\u2019est le Seigneur, le grand roi au-dessus de tous les dieux : il tient en &hellip; Continua a leggere Office des lectures &raquo;\" \/>\n<meta property=\"og:url\" content=\"https:\/\/www.famigliapaolina.net\/preghierapaolina\/le-liturgie\/bienheureuse-vierge-marie-reine-des-apotres\/office-des-lectures\/?lang=fr\" \/>\n<meta property=\"og:site_name\" content=\"Preghiera Paolina\" \/>\n<meta property=\"article:modified_time\" content=\"2022-01-17T09:38:39+00:00\" \/>\n<meta name=\"twitter:card\" content=\"summary_large_image\" \/>\n<meta name=\"twitter:label1\" content=\"Tempo di lettura stimato\" \/>\n\t<meta name=\"twitter:data1\" content=\"17 minuti\" \/>\n<script type=\"application\/ld+json\" class=\"yoast-schema-graph\">{\"@context\":\"https:\/\/schema.org\",\"@graph\":[{\"@type\":\"WebSite\",\"@id\":\"https:\/\/www.famigliapaolina.net\/preghierapaolina\/#website\",\"url\":\"https:\/\/www.famigliapaolina.net\/preghierapaolina\/\",\"name\":\"Preghiera Paolina\",\"description\":\"\",\"potentialAction\":[{\"@type\":\"SearchAction\",\"target\":{\"@type\":\"EntryPoint\",\"urlTemplate\":\"https:\/\/www.famigliapaolina.net\/preghierapaolina\/?s={search_term_string}\"},\"query-input\":\"required name=search_term_string\"}],\"inLanguage\":\"it-IT\"},{\"@type\":\"WebPage\",\"@id\":\"https:\/\/www.famigliapaolina.net\/preghierapaolina\/le-liturgie\/bienheureuse-vierge-marie-reine-des-apotres\/office-des-lectures\/?lang=fr#webpage\",\"url\":\"https:\/\/www.famigliapaolina.net\/preghierapaolina\/le-liturgie\/bienheureuse-vierge-marie-reine-des-apotres\/office-des-lectures\/?lang=fr\",\"name\":\"Office des lectures - Preghiera Paolina\",\"isPartOf\":{\"@id\":\"https:\/\/www.famigliapaolina.net\/preghierapaolina\/#website\"},\"datePublished\":\"2021-12-02T10:31:58+00:00\",\"dateModified\":\"2022-01-17T09:38:39+00:00\",\"breadcrumb\":{\"@id\":\"https:\/\/www.famigliapaolina.net\/preghierapaolina\/le-liturgie\/bienheureuse-vierge-marie-reine-des-apotres\/office-des-lectures\/?lang=fr#breadcrumb\"},\"inLanguage\":\"it-IT\",\"potentialAction\":[{\"@type\":\"ReadAction\",\"target\":[\"https:\/\/www.famigliapaolina.net\/preghierapaolina\/le-liturgie\/bienheureuse-vierge-marie-reine-des-apotres\/office-des-lectures\/?lang=fr\"]}]},{\"@type\":\"BreadcrumbList\",\"@id\":\"https:\/\/www.famigliapaolina.net\/preghierapaolina\/le-liturgie\/bienheureuse-vierge-marie-reine-des-apotres\/office-des-lectures\/?lang=fr#breadcrumb\",\"itemListElement\":[{\"@type\":\"ListItem\",\"position\":1,\"name\":\"Home\",\"item\":\"https:\/\/www.famigliapaolina.net\/preghierapaolina\/\"},{\"@type\":\"ListItem\",\"position\":2,\"name\":\"Liturgie\",\"item\":\"https:\/\/www.famigliapaolina.net\/preghierapaolina\/le-liturgie\/\"},{\"@type\":\"ListItem\",\"position\":3,\"name\":\"Bienheureuse Vierge Marie Reine des Ap\\u00f4tres\",\"item\":\"https:\/\/www.famigliapaolina.net\/preghierapaolina\/le-liturgie\/bienheureuse-vierge-marie-reine-des-apotres\/?lang=fr\"},{\"@type\":\"ListItem\",\"position\":4,\"name\":\"Office des lectures\"}]}]}<\/script>\n<!-- \/ Yoast SEO plugin. -->","yoast_head_json":{"title":"Office des lectures - Preghiera Paolina","robots":{"index":"index","follow":"follow","max-snippet":"max-snippet:-1","max-image-preview":"max-image-preview:large","max-video-preview":"max-video-preview:-1"},"canonical":"https:\/\/www.famigliapaolina.net\/preghierapaolina\/le-liturgie\/bienheureuse-vierge-marie-reine-des-apotres\/office-des-lectures\/","og_locale":"it_IT","og_type":"article","og_title":"Office des lectures - Preghiera Paolina","og_description":"INVITATOIRE &nbsp; PSAUME 94 Ant. En la f\u00eate de la bienheureuse Vierge Marie, Reine des Ap\u00f4tres, acclamons le Seigneur. All\u00e9luia. Venez, crions de joie pour le Seigneur, acclamons notre Rocher, notre salut ! Allons jusqu\u2019\u00e0 lui en rendant gr\u00e2ce, par nos hymnes de f\u00eate acclamons-le ! Oui, le grand Dieu, c\u2019est le Seigneur, le grand roi au-dessus de tous les dieux : il tient en &hellip; Continua a leggere Office des lectures &raquo;","og_url":"https:\/\/www.famigliapaolina.net\/preghierapaolina\/le-liturgie\/bienheureuse-vierge-marie-reine-des-apotres\/office-des-lectures\/?lang=fr","og_site_name":"Preghiera Paolina","article_modified_time":"2022-01-17T09:38:39+00:00","twitter_card":"summary_large_image","twitter_misc":{"Tempo di lettura stimato":"17 minuti"},"schema":{"@context":"https:\/\/schema.org","@graph":[{"@type":"WebSite","@id":"https:\/\/www.famigliapaolina.net\/preghierapaolina\/#website","url":"https:\/\/www.famigliapaolina.net\/preghierapaolina\/","name":"Preghiera Paolina","description":"","potentialAction":[{"@type":"SearchAction","target":{"@type":"EntryPoint","urlTemplate":"https:\/\/www.famigliapaolina.net\/preghierapaolina\/?s={search_term_string}"},"query-input":"required name=search_term_string"}],"inLanguage":"it-IT"},{"@type":"WebPage","@id":"https:\/\/www.famigliapaolina.net\/preghierapaolina\/le-liturgie\/bienheureuse-vierge-marie-reine-des-apotres\/office-des-lectures\/?lang=fr#webpage","url":"https:\/\/www.famigliapaolina.net\/preghierapaolina\/le-liturgie\/bienheureuse-vierge-marie-reine-des-apotres\/office-des-lectures\/?lang=fr","name":"Office des lectures - Preghiera Paolina","isPartOf":{"@id":"https:\/\/www.famigliapaolina.net\/preghierapaolina\/#website"},"datePublished":"2021-12-02T10:31:58+00:00","dateModified":"2022-01-17T09:38:39+00:00","breadcrumb":{"@id":"https:\/\/www.famigliapaolina.net\/preghierapaolina\/le-liturgie\/bienheureuse-vierge-marie-reine-des-apotres\/office-des-lectures\/?lang=fr#breadcrumb"},"inLanguage":"it-IT","potentialAction":[{"@type":"ReadAction","target":["https:\/\/www.famigliapaolina.net\/preghierapaolina\/le-liturgie\/bienheureuse-vierge-marie-reine-des-apotres\/office-des-lectures\/?lang=fr"]}]},{"@type":"BreadcrumbList","@id":"https:\/\/www.famigliapaolina.net\/preghierapaolina\/le-liturgie\/bienheureuse-vierge-marie-reine-des-apotres\/office-des-lectures\/?lang=fr#breadcrumb","itemListElement":[{"@type":"ListItem","position":1,"name":"Home","item":"https:\/\/www.famigliapaolina.net\/preghierapaolina\/"},{"@type":"ListItem","position":2,"name":"Liturgie","item":"https:\/\/www.famigliapaolina.net\/preghierapaolina\/le-liturgie\/"},{"@type":"ListItem","position":3,"name":"Bienheureuse Vierge Marie Reine des Ap\u00f4tres","item":"https:\/\/www.famigliapaolina.net\/preghierapaolina\/le-liturgie\/bienheureuse-vierge-marie-reine-des-apotres\/?lang=fr"},{"@type":"ListItem","position":4,"name":"Office des lectures"}]}]}},"wpml_current_locale":"fr_FR","wpml_translations":[{"locale":"it_IT","id":266,"post_title":"Ufficio delle letture","href":"https:\/\/www.famigliapaolina.net\/preghierapaolina\/beata-vergine-maria-regina-degli-apostoli\/ufficio-delle-letture\/"},{"locale":"es_ES","id":766,"post_title":"Oficio de lectura","href":"https:\/\/www.famigliapaolina.net\/preghierapaolina\/\/la-virgen-maria-reina-de-los-apostoles\/oficio-de-lectura\/?lang=es\/"}],"_links":{"self":[{"href":"https:\/\/www.famigliapaolina.net\/preghierapaolina\/wp-json\/wp\/v2\/le-liturgie\/554"}],"collection":[{"href":"https:\/\/www.famigliapaolina.net\/preghierapaolina\/wp-json\/wp\/v2\/le-liturgie"}],"about":[{"href":"https:\/\/www.famigliapaolina.net\/preghierapaolina\/wp-json\/wp\/v2\/types\/le-liturgie"}],"up":[{"embeddable":true,"href":"https:\/\/www.famigliapaolina.net\/preghierapaolina\/wp-json\/wp\/v2\/le-liturgie\/551"}],"wp:attachment":[{"href":"https:\/\/www.famigliapaolina.net\/preghierapaolina\/wp-json\/wp\/v2\/media?parent=554"}],"curies":[{"name":"wp","href":"https:\/\/api.w.org\/{rel}","templated":true}]}}