{"id":716,"date":"2021-09-07T13:20:05","date_gmt":"2021-09-07T11:20:05","guid":{"rendered":"https:\/\/www.famigliapaolina.net\/preghierapaolina\/le-liturgie\/26-novembre-beato-giacomo-alberione\/"},"modified":"2021-12-23T16:29:18","modified_gmt":"2021-12-23T15:29:18","slug":"26-noviembre-beato-santiago-alberione","status":"publish","type":"le-liturgie","link":"https:\/\/www.famigliapaolina.net\/preghierapaolina\/le-liturgie\/26-noviembre-beato-santiago-alberione\/?lang=es","title":{"rendered":"26 de noviembre &#8211; BEATO SANTIAGO ALBERIONE"},"content":{"rendered":"<h5 style=\"text-align: center;\"><span style=\"color: #800000;\">26 de noviembre <\/span><\/h5>\n<h3 style=\"text-align: center;\"><strong>BEATO SANTIAGO ALBERIONE,<\/strong><\/h3>\n<h3 style=\"text-align: center;\"><strong>PRESBITERO Y FUNDADOR<\/strong><\/h3>\n<h5 style=\"text-align: center;\"><span style=\"color: #800000;\">Fiesta<\/span><\/h5>\n<p>&nbsp;<\/p>\n<p style=\"text-align: center;\"><span style=\"color: #800000;\"><strong>Vivir y dar al mundo a Jesucristo, camino, verdad y vida<\/strong><\/span><\/p>\n<p><em>Santiago Alberione, fundador de la Familia Paulina, naci\u00f3 el d\u00eda 4 de abril de 1884 en San Lorenzo di Fossano (Italia), en el seno de una familia campesina, profundamente cristiana y trabajadora. <\/em><\/p>\n<p><em>Siendo a\u00fan adolescente entr\u00f3 en el Seminario de Alba, donde la noche del 31 de diciembre de 1900, puente entre dos siglos, durante cuatro largas horas de adoraci\u00f3n eucar\u00edstica, vivi\u00f3 una intensa experiencia espiritual. Tuvo una clara comprensi\u00f3n de la invitaci\u00f3n de Jes\u00fas: \u00abVenid a m\u00ed todos&#8230;\u00bb (Mt 11,28), advirti\u00f3 la urgencia de prepararse para \u00abhacer algo por el Se\u00f1or y por los hombres del nuevo siglo.\u00bb<\/em><\/p>\n<p><em>El 29 de junio de 1907 recibi\u00f3 la ordenaci\u00f3n sacerdotal, a la que sigui\u00f3 una breve pero decisiva experiencia parroquial en Narzole (C\u00faneo). Posteriormente desempe\u00f1\u00f3 el cargo de profesor y director espiritual en el seminario de Alba. Pero el Se\u00f1or lo guiaba a una nueva misi\u00f3n: vivir y dar al mundo a Jesucristo camino, verdad y vida; predicar el Evangelio a todos los pueblos, con el esp\u00edritu del ap\u00f3stol san Pablo, utilizando los medios m\u00e1s r\u00e1pidos y eficaces que el progreso ofrece para la comunicaci\u00f3n humana. <\/em><\/p>\n<p><em>Para realizar esta misi\u00f3n, el Se\u00f1or lo impuls\u00f3 a dar vida a la \u00abFamilia Paulina\u00bb, extendida hoy por todo el mundo, y compuesta por cinco Congregaciones religiosas \u2014Sociedad de San Pablo, Hijas de San Pablo, P\u00edas Disc\u00edpulas del Divino Maestro, Hermanas de Jes\u00fas Buen Pastor, Hermanas de Mar\u00eda Reina de los Ap\u00f3stoles\u2014; cuatro Institutos de vida secular consagrada \u2014Instituto Jes\u00fas Sacerdote, Instituto San Gabriel Arc\u00e1ngel, Instituto Virgen de la Anunciaci\u00f3n, Instituto Santa Familia\u2014, y una Asociaci\u00f3n de laicos: los Cooperadores Paulinos.<\/em><\/p>\n<p><em>Cumplida la obra que Dios le hab\u00eda encomendado, el 26 de noviembre de 1971, a los 87 a\u00f1os, dej\u00f3 la tierra para ocupar su sitio en la Casa del Padre. Sus \u00faltimas horas se vieron confortadas con la visita y la bendici\u00f3n del papa Pablo VI, que nunca ocult\u00f3 su admiraci\u00f3n por el padre Alberione. El 27 de abril de 2003 el papa Juan Pablo II lo proclam\u00f3 beato en la Plaza de San Pedro, de Roma. <\/em><\/p>\n<p><em>Dos son los ideales que el beato Santiago Alberione persigui\u00f3 con tenacidad durante toda su vida.<\/em><\/p>\n<p><em>El primero fue la b\u00fasqueda de una profunda intimidad con Dios, llevada a cabo a trav\u00e9s del empe\u00f1o en una cada vez m\u00e1s plena configuraci\u00f3n con Jes\u00fas Maestro, camino, verdad y vida, siguiendo el ejemplo del ap\u00f3stol san Pablo, que pudo escribir de s\u00ed mismo: \u00abVivo yo, pero no soy yo, es Cristo quien vive en m\u00ed\u00bb (Ga 2,20). En ese sentido cultiv\u00f3 una intensa vida espiritual, alimentada en las fuentes de la Escritura y de la Eucarist\u00eda. En el prolongado contacto con Dios en la oraci\u00f3n, capaz de alcanzar incluso las cumbres de la contemplaci\u00f3n, consegu\u00eda la luz y la fuerza para las iniciativas que deb\u00eda emprender, como \u00e9l mismo recordar\u00eda: \u00abPara mayor tranquilidad y confianza tiene que decir que tanto el comienzo como la continuaci\u00f3n de la Familia Paulina procedieron siempre bajo una doble obediencia: a la inspiraci\u00f3n ante Jes\u00fas eucar\u00edstico, confirmada por el director espiritual, y, a la vez, a la expresa voluntad de los superiores eclesi\u00e1sticos\u00bb (AD 29).<\/em><\/p>\n<p><em>La gradual iluminaci\u00f3n de lo alto, acogida con su caracter\u00edstico estilo de oraci\u00f3n contemplativo-apost\u00f3lica, le permiti\u00f3 formular una rica espiritualidad, centrada en Jes\u00fas, Maestro y Pastor, camino, verdad y vida, tal como lo interpret\u00f3 el ap\u00f3stol san Pablo, a la luz de Mar\u00eda, Madre, Maestra y Reina de los ap\u00f3stoles. La meta que el Fundador se propuso y propuso siempre a sus hijos como primer \u00abempe\u00f1o\u00bb fue siempre la plena configuraci\u00f3n con Cristo: acoger todo el Cristo, camino, verdad y vida con toda la persona, mente, voluntad, coraz\u00f3n y fuerzas f\u00edsicas. <\/em><\/p>\n<p><em>El otro gran ideal que anim\u00f3 al beato Santiago Alberione fue el amor a los hombres. La constataci\u00f3n de que en el mundo viven a\u00fan tantas personas que no conocen a Cristo o no lo conocen suficientemente, le produc\u00eda una santa inquietud, pero al mismo tiempo era un est\u00edmulo para su ardiente celo sacerdotal. Las numerosas fundaciones, la adopci\u00f3n de los medios m\u00e1s r\u00e1pidos y eficaces de la comunicaci\u00f3n social para el apostolado, las m\u00faltiples iniciativas emprendidas, tuvieron siempre un \u00fanico objetivo: hacer llegar al mayor n\u00famero de hombres y mujeres la palabra de Dios, y suscitar en ellos el amor a Cristo, en quien \u00fanicamente se encuentra la salvaci\u00f3n. No se cans\u00f3 de inculcar a sus hijos e hijas esos mismos ideales, anim\u00e1ndoles a descubrir cada vez nuevas y m\u00e1s amplias perspectivas.<\/em><\/p>\n<p><em>Quien comprendi\u00f3 y describi\u00f3 mejor que nadie la personalidad y el esp\u00edritu que anim\u00f3 al padre Alberione fue el papa Pablo VI. En la audiencia concedida a la Familia Paulina el 28 de junio de 1969, traz\u00f3 este entra\u00f1able retrato del Fundador, estando \u00e9l presente: \u00abMiradlo: humilde, silencioso, incansable, siempre alerta, siempre ensimismado en sus pensamientos, que van de la oraci\u00f3n a la acci\u00f3n (seg\u00fan la f\u00f3rmula tradicional: \u201cora et labora\u201d), siempre atento a escrutar los \u201csignos de los tiempos\u201d, es decir, las formas m\u00e1s geniales de llegar a las almas, nuestro padre Alberione ha dado a la Iglesia nuevos instrumentos para expresarse, nuevos medios para vigorizar y ampliar su apostolado, nueva capacidad y nueva conciencia de la validez y de la posibilidad de su misi\u00f3n en el mundo moderno y con los medios modernos.\u00bb<\/em><\/p>\n<p>&nbsp;<\/p>\n<p><span style=\"color: #800000;\">Los textos, excepto la oraci\u00f3n colecta, corresponden al com\u00fan de pastores (misioneros).<\/span><\/p>\n","protected":false},"featured_media":0,"parent":0,"menu_order":14,"template":"","acf":{"attachment_list":false,"hide_wp_ba":false,"acf_hide_title":true},"yoast_head":"<!-- This site is optimized with the Yoast SEO plugin v17.6 - https:\/\/yoast.com\/wordpress\/plugins\/seo\/ -->\n<title>26 de noviembre - BEATO SANTIAGO ALBERIONE - Preghiera Paolina<\/title>\n<meta name=\"robots\" content=\"index, follow, max-snippet:-1, max-image-preview:large, max-video-preview:-1\" \/>\n<link rel=\"canonical\" href=\"https:\/\/www.famigliapaolina.net\/preghierapaolina\/le-liturgie\/26-noviembre-beato-santiago-alberione\/\" \/>\n<meta property=\"og:locale\" content=\"it_IT\" \/>\n<meta property=\"og:type\" content=\"article\" \/>\n<meta property=\"og:title\" content=\"26 de noviembre - BEATO SANTIAGO ALBERIONE - Preghiera Paolina\" \/>\n<meta property=\"og:description\" content=\"26 de noviembre BEATO SANTIAGO ALBERIONE, PRESBITERO Y FUNDADOR Fiesta &nbsp; Vivir y dar al mundo a Jesucristo, camino, verdad y vida Santiago Alberione, fundador de la Familia Paulina, naci\u00f3 el d\u00eda 4 de abril de 1884 en San Lorenzo di Fossano (Italia), en el seno de una familia campesina, profundamente cristiana y trabajadora. Siendo a\u00fan adolescente entr\u00f3 en el Seminario de Alba, donde la &hellip; Continua a leggere 26 de noviembre &#8211; BEATO SANTIAGO ALBERIONE &raquo;\" \/>\n<meta property=\"og:url\" content=\"https:\/\/www.famigliapaolina.net\/preghierapaolina\/le-liturgie\/26-noviembre-beato-santiago-alberione\/?lang=es\" \/>\n<meta property=\"og:site_name\" content=\"Preghiera Paolina\" \/>\n<meta property=\"article:modified_time\" content=\"2021-12-23T15:29:18+00:00\" \/>\n<meta name=\"twitter:card\" content=\"summary_large_image\" \/>\n<meta name=\"twitter:label1\" content=\"Tempo di lettura stimato\" \/>\n\t<meta name=\"twitter:data1\" content=\"5 minuti\" \/>\n<script type=\"application\/ld+json\" class=\"yoast-schema-graph\">{\"@context\":\"https:\/\/schema.org\",\"@graph\":[{\"@type\":\"WebSite\",\"@id\":\"https:\/\/www.famigliapaolina.net\/preghierapaolina\/#website\",\"url\":\"https:\/\/www.famigliapaolina.net\/preghierapaolina\/\",\"name\":\"Preghiera Paolina\",\"description\":\"\",\"potentialAction\":[{\"@type\":\"SearchAction\",\"target\":{\"@type\":\"EntryPoint\",\"urlTemplate\":\"https:\/\/www.famigliapaolina.net\/preghierapaolina\/?s={search_term_string}\"},\"query-input\":\"required name=search_term_string\"}],\"inLanguage\":\"it-IT\"},{\"@type\":\"WebPage\",\"@id\":\"https:\/\/www.famigliapaolina.net\/preghierapaolina\/le-liturgie\/26-noviembre-beato-santiago-alberione\/?lang=es#webpage\",\"url\":\"https:\/\/www.famigliapaolina.net\/preghierapaolina\/le-liturgie\/26-noviembre-beato-santiago-alberione\/?lang=es\",\"name\":\"26 de noviembre - BEATO SANTIAGO ALBERIONE - Preghiera Paolina\",\"isPartOf\":{\"@id\":\"https:\/\/www.famigliapaolina.net\/preghierapaolina\/#website\"},\"datePublished\":\"2021-09-07T11:20:05+00:00\",\"dateModified\":\"2021-12-23T15:29:18+00:00\",\"breadcrumb\":{\"@id\":\"https:\/\/www.famigliapaolina.net\/preghierapaolina\/le-liturgie\/26-noviembre-beato-santiago-alberione\/?lang=es#breadcrumb\"},\"inLanguage\":\"it-IT\",\"potentialAction\":[{\"@type\":\"ReadAction\",\"target\":[\"https:\/\/www.famigliapaolina.net\/preghierapaolina\/le-liturgie\/26-noviembre-beato-santiago-alberione\/?lang=es\"]}]},{\"@type\":\"BreadcrumbList\",\"@id\":\"https:\/\/www.famigliapaolina.net\/preghierapaolina\/le-liturgie\/26-noviembre-beato-santiago-alberione\/?lang=es#breadcrumb\",\"itemListElement\":[{\"@type\":\"ListItem\",\"position\":1,\"name\":\"Home\",\"item\":\"https:\/\/www.famigliapaolina.net\/preghierapaolina\/\"},{\"@type\":\"ListItem\",\"position\":2,\"name\":\"Liturgie\",\"item\":\"https:\/\/www.famigliapaolina.net\/preghierapaolina\/le-liturgie\/\"},{\"@type\":\"ListItem\",\"position\":3,\"name\":\"26 de noviembre &#8211; BEATO SANTIAGO ALBERIONE\"}]}]}<\/script>\n<!-- \/ Yoast SEO plugin. -->","yoast_head_json":{"title":"26 de noviembre - BEATO SANTIAGO ALBERIONE - Preghiera Paolina","robots":{"index":"index","follow":"follow","max-snippet":"max-snippet:-1","max-image-preview":"max-image-preview:large","max-video-preview":"max-video-preview:-1"},"canonical":"https:\/\/www.famigliapaolina.net\/preghierapaolina\/le-liturgie\/26-noviembre-beato-santiago-alberione\/","og_locale":"it_IT","og_type":"article","og_title":"26 de noviembre - BEATO SANTIAGO ALBERIONE - Preghiera Paolina","og_description":"26 de noviembre BEATO SANTIAGO ALBERIONE, PRESBITERO Y FUNDADOR Fiesta &nbsp; Vivir y dar al mundo a Jesucristo, camino, verdad y vida Santiago Alberione, fundador de la Familia Paulina, naci\u00f3 el d\u00eda 4 de abril de 1884 en San Lorenzo di Fossano (Italia), en el seno de una familia campesina, profundamente cristiana y trabajadora. Siendo a\u00fan adolescente entr\u00f3 en el Seminario de Alba, donde la &hellip; Continua a leggere 26 de noviembre &#8211; BEATO SANTIAGO ALBERIONE &raquo;","og_url":"https:\/\/www.famigliapaolina.net\/preghierapaolina\/le-liturgie\/26-noviembre-beato-santiago-alberione\/?lang=es","og_site_name":"Preghiera Paolina","article_modified_time":"2021-12-23T15:29:18+00:00","twitter_card":"summary_large_image","twitter_misc":{"Tempo di lettura stimato":"5 minuti"},"schema":{"@context":"https:\/\/schema.org","@graph":[{"@type":"WebSite","@id":"https:\/\/www.famigliapaolina.net\/preghierapaolina\/#website","url":"https:\/\/www.famigliapaolina.net\/preghierapaolina\/","name":"Preghiera Paolina","description":"","potentialAction":[{"@type":"SearchAction","target":{"@type":"EntryPoint","urlTemplate":"https:\/\/www.famigliapaolina.net\/preghierapaolina\/?s={search_term_string}"},"query-input":"required name=search_term_string"}],"inLanguage":"it-IT"},{"@type":"WebPage","@id":"https:\/\/www.famigliapaolina.net\/preghierapaolina\/le-liturgie\/26-noviembre-beato-santiago-alberione\/?lang=es#webpage","url":"https:\/\/www.famigliapaolina.net\/preghierapaolina\/le-liturgie\/26-noviembre-beato-santiago-alberione\/?lang=es","name":"26 de noviembre - BEATO SANTIAGO ALBERIONE - Preghiera Paolina","isPartOf":{"@id":"https:\/\/www.famigliapaolina.net\/preghierapaolina\/#website"},"datePublished":"2021-09-07T11:20:05+00:00","dateModified":"2021-12-23T15:29:18+00:00","breadcrumb":{"@id":"https:\/\/www.famigliapaolina.net\/preghierapaolina\/le-liturgie\/26-noviembre-beato-santiago-alberione\/?lang=es#breadcrumb"},"inLanguage":"it-IT","potentialAction":[{"@type":"ReadAction","target":["https:\/\/www.famigliapaolina.net\/preghierapaolina\/le-liturgie\/26-noviembre-beato-santiago-alberione\/?lang=es"]}]},{"@type":"BreadcrumbList","@id":"https:\/\/www.famigliapaolina.net\/preghierapaolina\/le-liturgie\/26-noviembre-beato-santiago-alberione\/?lang=es#breadcrumb","itemListElement":[{"@type":"ListItem","position":1,"name":"Home","item":"https:\/\/www.famigliapaolina.net\/preghierapaolina\/"},{"@type":"ListItem","position":2,"name":"Liturgie","item":"https:\/\/www.famigliapaolina.net\/preghierapaolina\/le-liturgie\/"},{"@type":"ListItem","position":3,"name":"26 de noviembre &#8211; BEATO SANTIAGO ALBERIONE"}]}]}},"wpml_current_locale":"es_ES","wpml_translations":[{"locale":"it_IT","id":142,"post_title":"26 novembre - BEATO GIACOMO ALBERIONE","href":"https:\/\/www.famigliapaolina.net\/preghierapaolina\/26-novembre-beato-giacomo-alberione\/"},{"locale":"fr_FR","id":852,"post_title":"26 novembre - BIENHEUREUX JACQUES ALBERIONE PR\u00caTRE ET FONDATEUR","href":"https:\/\/www.famigliapaolina.net\/preghierapaolina\/\/26-novembre-bienheureux-jacques-alberione-pretre-et-fondateur\/?lang=fr\/"},{"locale":"en_US","id":840,"post_title":"November 26 - Blessed James Alberione","href":"https:\/\/www.famigliapaolina.net\/preghierapaolina\/\/november-26-blessed-james-alberione\/?lang=en\/"},{"locale":"ko_KR","id":2709,"post_title":"11\uc6d4 26\uc77c \ubcf5\uc790 \uc57c\uace0\ubcf4 \uc54c\ubca0\ub9ac\uc624\ub124 \uc0ac\uc81c \ucd95\uc77c(\ubc31)","href":"https:\/\/www.famigliapaolina.net\/preghierapaolina\/\/11%ec%9b%94-26%ec%9d%bc-%eb%b3%b5%ec%9e%90-%ec%95%bc%ea%b3%a0%eb%b3%b4-%ec%95%8c%eb%b2%a0%eb%a6%ac%ec%98%a4%eb%84%a4-%ec%82%ac%ec%a0%9c-%ec%b6%95%ec%9d%bc%eb%b0%b1\/?lang=ko\/"}],"_links":{"self":[{"href":"https:\/\/www.famigliapaolina.net\/preghierapaolina\/wp-json\/wp\/v2\/le-liturgie\/716"}],"collection":[{"href":"https:\/\/www.famigliapaolina.net\/preghierapaolina\/wp-json\/wp\/v2\/le-liturgie"}],"about":[{"href":"https:\/\/www.famigliapaolina.net\/preghierapaolina\/wp-json\/wp\/v2\/types\/le-liturgie"}],"wp:attachment":[{"href":"https:\/\/www.famigliapaolina.net\/preghierapaolina\/wp-json\/wp\/v2\/media?parent=716"}],"curies":[{"name":"wp","href":"https:\/\/api.w.org\/{rel}","templated":true}]}}