{"id":773,"date":"2021-10-26T17:16:04","date_gmt":"2021-10-26T15:16:04","guid":{"rendered":"https:\/\/www.famigliapaolina.net\/preghierapaolina\/le-liturgie\/29-junio-san-pedro-y-san-paolo-apsotoles\/ufficio-delle-letture\/"},"modified":"2022-01-03T11:46:55","modified_gmt":"2022-01-03T10:46:55","slug":"oficio-de-lectura","status":"publish","type":"le-liturgie","link":"https:\/\/www.famigliapaolina.net\/preghierapaolina\/le-liturgie\/29-junio-san-pedro-y-san-paolo-apsotoles\/oficio-de-lectura\/?lang=es","title":{"rendered":"Oficio de lectura"},"content":{"rendered":"<p><strong><span style=\"color: #800000;\">HIMNO<\/span><\/strong><\/p>\n<p>Pedro, roca; Pablo, espada.<br \/>\nPedro, la red en las manos;<br \/>\nPablo, tajante palabra.<\/p>\n<p>Pedro, llaves; Pablo, andanzas.<br \/>\nY un trotar por los caminos<br \/>\ncon cansancio en las pisadas.<\/p>\n<p>Cristo tras los dos andaba:<br \/>\na uno lo tumb\u00f3 en Damasco,<br \/>\ny al otro lo hiri\u00f3 con l\u00e1grimas.<\/p>\n<p>Roma se visti\u00f3 de gracia:<br \/>\ncrucificada la roca,<br \/>\ny la espada muerta a espada. Am\u00e9n.<\/p>\n<p>&nbsp;<\/p>\n<p><strong><span style=\"color: #800000;\">SALMODIA<\/span><\/strong><\/p>\n<p>&nbsp;<\/p>\n<p><span style=\"color: #800000;\">Ant. 1.<\/span> Si me amas, Sim\u00f3n Pedro, pastorea mis ovejas.<\/p>\n<p>&nbsp;<\/p>\n<p><strong><span style=\"color: #800000;\">SALMO 18 A\u00a0<\/span><\/strong><\/p>\n<p><span style=\"color: #800000;\">Alabanza al Dios creador del universo<\/span><\/p>\n<p><em>Nos visitar\u00e1 el sol que nace de lo alto, para guiar nuestros pasos por el camino de la paz (Lc 1, 78. 79)<\/em><\/p>\n<p>&nbsp;<\/p>\n<p>El cielo proclama la gloria de Dios,<br \/>\nel firmamento pregona la obra de sus manos:<br \/>\nel d\u00eda al d\u00eda le pasa el mensaje,<br \/>\nla noche a la noche se lo susurra.<\/p>\n<p>Sin que hablen, sin que pronuncien,<br \/>\nsin que resuene su voz,<br \/>\na toda la tierra alcanza su preg\u00f3n<br \/>\ny hasta los l\u00edmites del orbe su lenguaje.<\/p>\n<p>All\u00ed le ha puesto su tienda al sol:<br \/>\n\u00e9l sale como el esposo de su alcoba,<br \/>\ncontento como un h\u00e9roe, a recorrer su camino.<\/p>\n<p>Asoma por un extremo del cielo,<br \/>\ny su \u00f3rbita llega al otro extremo:<br \/>\nnada se libra de su calor.<\/p>\n<p>&nbsp;<\/p>\n<p><span style=\"color: #800000;\">Ant. 1.<\/span> Si me amas, Sim\u00f3n Pedro, pastorea mis ovejas.<\/p>\n<p><span style=\"color: #800000;\">Ant. 2.<\/span> Para m\u00ed la vida es Cristo, y una ganancia el morir; yo he de gloriarme en la cruz de nuestro Se\u00f1or Jesucristo.<\/p>\n<p>&nbsp;<\/p>\n<p><strong><span style=\"color: #800000;\">SALMO 63\u00a0<\/span><\/strong><\/p>\n<p><span style=\"color: #800000;\">S\u00faplica contra los enemigos<\/span><\/p>\n<p><em>Este salmo se aplica especialmente a la pasi\u00f3n del Se\u00f1or (S. Agust\u00edn)<\/em><\/p>\n<p>&nbsp;<\/p>\n<p>Escucha, oh Dios, la voz de mi lamento,<br \/>\nprotege mi vida del terrible enemigo;<br \/>\nesc\u00f3ndeme de la conjura de los perversos<br \/>\ny del mot\u00edn de los malhechores:<\/p>\n<p>afilan sus lenguas como espadas<br \/>\ny disparan como flechas palabras venenosas,<br \/>\npara herir a escondidas al inocente,<br \/>\npara herirlo por sorpresa y sin riesgo.<\/p>\n<p>Se animan al delito,<br \/>\ncalculan c\u00f3mo esconder trampas,<br \/>\ny dicen: \u00ab\u00bfQui\u00e9n lo descubrir\u00e1?\u00bb<br \/>\nInventan maldades y ocultan sus invenciones,<br \/>\nporque su mente y su coraz\u00f3n no tienen fondo.<\/p>\n<p>Pero Dios los acribilla a flechazos,<br \/>\npor sorpresa los cubre de heridas;<br \/>\nsu misma lengua los lleva a la ruina,<br \/>\ny los que lo ven menean la cabeza.<\/p>\n<p>Todo el mundo se atemoriza,<br \/>\nproclama la obra de Dios<br \/>\ny medita sus acciones.<\/p>\n<p>El justo se alegra con el Se\u00f1or,<br \/>\nse refugia en \u00e9l,<br \/>\ny se felicitan los rectos de coraz\u00f3n.<\/p>\n<p>&nbsp;<\/p>\n<p><span style=\"color: #800000;\">Ant. 2.<\/span> Para m\u00ed la vida es Cristo, y una ganancia el morir; yo he de gloriarme en la cruz de nuestro Se\u00f1or Jesucristo.<\/p>\n<p><span style=\"color: #800000;\">Ant. 3.<\/span> Se\u00f1or, si eres t\u00fa, m\u00e1ndame ir hacia ti andando sobre el agua.<\/p>\n<p>&nbsp;<\/p>\n<p><strong><span style=\"color: #800000;\">SALMO 96\u00a0 \u00a0<\/span><\/strong><\/p>\n<p><span style=\"color: #800000;\">Gloria del Se\u00f1or, rey de justicia<\/span><\/p>\n<p><em>Este salmo canta la salvaci\u00f3n del mundo y la conversi\u00f3n de todos los pueblos (S. Atanasio)<\/em><\/p>\n<p>&nbsp;<\/p>\n<p>El Se\u00f1or reina, la tierra goza,<br \/>\nse alegran las islas innumerables.<br \/>\nTiniebla y nube lo rodean,<br \/>\njusticia y derecho sostienen su trono.<\/p>\n<p>Delante de \u00e9l avanza fuego,<br \/>\nabrasando en torno a los enemigos;<br \/>\nsus rel\u00e1mpagos deslumbran el orbe,<br \/>\ny, vi\u00e9ndolos, la tierra se estremece.<\/p>\n<p>Los montes se derriten como cera<br \/>\nante el due\u00f1o de toda la tierra;<br \/>\nlos cielos pregonan su justicia,<br \/>\ny todos los pueblos contemplan su gloria.<\/p>\n<p>Los que adoran estatuas se sonrojan,<br \/>\nlos que ponen su orgullo en los \u00eddolos;<br \/>\nante \u00e9l se postran todos los dioses.<\/p>\n<p>Lo oye Si\u00f3n, y se alegra,<br \/>\nse regocijan las ciudades de Jud\u00e1<br \/>\npor tus sentencias, Se\u00f1or;<\/p>\n<p>porque t\u00fa eres, Se\u00f1or,<br \/>\nalt\u00edsimo sobre la tierra,<br \/>\nencumbrado sobre todos los dioses.<\/p>\n<p>El Se\u00f1or ama al que aborrece el mal,<br \/>\nprotege la vida de sus fieles<br \/>\ny los libra de los malvados.<\/p>\n<p>Amanece la luz para el justo,<br \/>\ny la alegr\u00eda para los rectos de coraz\u00f3n.<br \/>\nAlegraos, justos, con el Se\u00f1or,<br \/>\ncelebrad su santo nombre.<\/p>\n<p>&nbsp;<\/p>\n<p><span style=\"color: #800000;\">Ant. 3.<\/span> Se\u00f1or, si eres t\u00fa, m\u00e1ndame ir hacia ti andando sobre el agua.<\/p>\n<p>&nbsp;<\/p>\n<p><span style=\"color: #800000;\">V\/.<\/span> La palabra del Se\u00f1or permanece para siempre.<\/p>\n<p><span style=\"color: #800000;\">R\/.<\/span> Y esa palabra es el Evangelio que os anunciamos.<\/p>\n<p>&nbsp;<\/p>\n<p>&nbsp;<\/p>\n<p><strong><span style=\"color: #800000;\">PRIMERA LECTURA<\/span><\/strong><\/p>\n<p>De la carta del ap\u00f3stol san Pablo a los G\u00e1latas \u00a0\u00a0 \u00a0 \u00a0 \u00a0 <span style=\"color: #800000;\">1,15-2,10<\/span><\/p>\n<p style=\"text-align: center;\"><span style=\"color: #800000;\"><em>I<\/em><em>ncuentro de Pablo y Pedro en Jerusal\u00e9n<\/em><\/span><\/p>\n<p>&nbsp;<\/p>\n<p>Hermanos: Cuando aquel que me escogi\u00f3 desde el seno de mi madre y me llam\u00f3 por su gracia, se dign\u00f3 revelar a su Hijo en m\u00ed, para que yo lo anunciara a los gentiles, en seguida, sin consultar con hombres, sin subir a Jerusal\u00e9n a ver a los ap\u00f3stoles anteriores a m\u00ed, me fui a Arabia, y despu\u00e9s volv\u00ed a Damasco. M\u00e1s tarde, pasados tres a\u00f1os, sub\u00ed a Jerusal\u00e9n para conocer a Pedro, y me qued\u00e9 quince d\u00edas con \u00e9l. Pero no vi a ning\u00fan otro ap\u00f3stol, excepto a Santiago, el pariente del Se\u00f1or. Dios es testigo de que no miento en lo que os escribo.<br \/>\nFui despu\u00e9s a Siria y a Cilicia. Las Iglesias cristianas de Judea no me conoc\u00edan personalmente; s\u00f3lo hab\u00edan o\u00eddo decir que el antiguo perseguidor predicaba ahora la fe que antes intentaba destruir, y alababan a Dios por causa m\u00eda.<br \/>\nDespu\u00e9s, transcurridos catorce a\u00f1os, sub\u00ed otra vez a Jerusal\u00e9n en compa\u00f1\u00eda de Bernab\u00e9, llevando tambi\u00e9n a Tito. Sub\u00ed por una revelaci\u00f3n. Les expuse el Evangelio que predico a los gentiles, aunque en privado, a los m\u00e1s representativos, por si acaso mis afanes de entonces o de antes eran vanos. Con todo, ni siquiera obligaron a circuncidarse a mi compa\u00f1ero Tito, que era griego.<br \/>\nDi este paso por motivo de estos intrusos, de esos falsos hermanos que se infiltraron para espiar la libertad que tenemos en Cristo Jes\u00fas. Quer\u00edan esclavizarnos, pero ni por un momento cedimos a su imposici\u00f3n, para preservaros la verdad del Evangelio. En cambio, de parte de los que representaban algo (lo que fueran o dejaran de ser no me interesa, que Dios no mira eso), como dec\u00eda, los m\u00e1s representativos no tuvieron nada que a\u00f1adirme.<br \/>\nAl contrario, vieron que Dios me ha encargado de anunciar el Evangelio a los gentiles, como a Pedro de anunciarlo a los jud\u00edos; el mismo que capacita a Pedro para su misi\u00f3n entre los jud\u00edos me capacita a m\u00ed para la m\u00eda entre los gentiles. Reconociendo, pues, el don que he recibido, Santiago, Pedro y Juan, considerados como columnas, nos dieron la mano a Bernab\u00e9 y a m\u00ed en se\u00f1al de solidaridad, de acuerdo en que nosotros fu\u00e9ramos a los gentiles y ellos a los jud\u00edos. Una sola cosa nos pidieron: que nos acord\u00e1ramos de sus pobres, y esto lo he tomado muy a pecho.<\/p>\n<p>&nbsp;<\/p>\n<p><strong><span style=\"color: #800000;\">RESPONSORIO\u00a0<\/span><\/strong><br \/>\n<span style=\"color: #800000;\">Mt 16, 18-19<\/span><\/p>\n<p><span style=\"color: #800000;\">R\/.<\/span> T\u00fa eres Pedro, y sobre esta piedra edificar\u00e9 mi Iglesia, y el poder del infierno no la derrotar\u00e1. <span style=\"color: #800000;\">*<\/span> Te dar\u00e9 las llaves del reino de los cielos.<\/p>\n<p><span style=\"color: #800000;\">V\/.<\/span> Lo que ates en la tierra quedar\u00e1 atado en el cielo, y lo que desates en la tierra quedar\u00e1 desatado en el cielo. <span style=\"color: #800000;\">*<\/span> Te dar\u00e9 las llaves del reino de los cielos.<\/p>\n<p>&nbsp;<\/p>\n<p><strong><span style=\"color: #800000;\">SEGUNDA LECTURA<\/span><\/strong><\/p>\n<p>De los sermones de san Agust\u00edn, obispo<\/p>\n<p style=\"text-align: center;\"><span style=\"color: #800000;\">(Serm\u00f3n 295, 1-2. 4. 7-8: PL 38, 1348-1352)<\/span><\/p>\n<p style=\"text-align: center;\"><em><span style=\"color: #800000;\">Estos m\u00e1rtires, en su predicaci\u00f3n, daban testimonio de lo que hab\u00edan visto<\/span><\/em><\/p>\n<p>El d\u00eda de hoy es para nosotros sagrado, porque en \u00e9l celebramos el martirio de los santos ap\u00f3stoles Pedro y Pablo. No nos referimos, ciertamente, a unos m\u00e1rtires desconocidos. A toda la tierra alcanza su preg\u00f3n y hasta los l\u00edmites del orbe su lenguaje. Estos m\u00e1rtires, en su predicaci\u00f3n, daban testimonio de lo que hab\u00edan visto y con un desinter\u00e9s absoluto, dieron a conocer la verdad hasta morir por ella.<br \/>\nSan Pedro, el primero de los ap\u00f3stoles, que amaba ardientemente a Cristo, y que lleg\u00f3 a o\u00edr de \u00e9l estas palabras: Ahora te digo yo: T\u00fa eres Pedro. \u00c9l hab\u00eda dicho antes: T\u00fa eres el Mes\u00edas, el Hijo de Dios vivo. Y Cristo le replic\u00f3: \u00abAhora te digo yo: T\u00fa eres Pedro, y sobre esta piedra edificar\u00e9 mi Iglesia. Sobre esta piedra edificar\u00e9 esta misma fe que profesas. Sobre esta afirmaci\u00f3n que t\u00fa has hecho: T\u00fa eres el Mes\u00edas, el Hijo de Dios vivo, edificar\u00e9 mi Iglesia. Porque t\u00fa eres Pedro.\u00bb \u00abPedro\u00bb es una palabra que se deriva de \u00abpiedra\u00bb, y no al rev\u00e9s. \u00abPedro\u00bb viene de \u00abpiedra\u00bb, del mismo modo que \u00abcristiano\u00bb viene de \u00abCristo\u00bb.<br \/>\nEl Se\u00f1or Jes\u00fas, antes de su pasi\u00f3n, como sab\u00e9is, eligi\u00f3 a sus disc\u00edpulos, a los que dio el nombre de ap\u00f3stoles. Entre ellos, Pedro fue el \u00fanico que represent\u00f3 la totalidad de la Iglesia casi en todas partes. Por ello, en cuanto que \u00e9l solo representaba en su persona a la totalidad de la Iglesia, pudo escuchar estas palabras: Te dar\u00e9 las llaves del reino de los cielos. Porque estas llaves las recibi\u00f3 no un hombre \u00fanico, sino la Iglesia \u00fanica. De ah\u00ed la excelencia de la persona de Pedro, en cuanto que \u00e9l representaba la universalidad y la unidad de la Iglesia, cuando se le dijo: Yo te entrego, trat\u00e1ndose de algo que ha sido entregado a todos. Pues, para que sep\u00e1is que la Iglesia ha recibido las llaves del reino de los cielos, escuchad lo que el Se\u00f1or dice en otro lugar a todos sus ap\u00f3stoles: Recibid el Esp\u00edritu Santo. Y a continuaci\u00f3n: A quienes les perdon\u00e9is los pecados les quedan perdonados; a quienes se los reteng\u00e1is les quedan retenidos.<br \/>\nEn este mismo sentido, el Se\u00f1or, despu\u00e9s de su resurrecci\u00f3n, encomend\u00f3 tambi\u00e9n a Pedro sus ovejas para que las apacentara. No es que \u00e9l fuera el \u00fanico de los disc\u00edpulos que tuviera el encargo de apacentar las ovejas del Se\u00f1or; es que Cristo, por el hecho de referirse a uno solo, quiso significar con ello la unidad de la Iglesia; y, si se dirige a Pedro con preferencia a los dem\u00e1s, es porque Pedro es el primero entre los ap\u00f3stoles.<br \/>\nNo te entristezcas, ap\u00f3stol; responde una vez, responde dos, responde tres. Venza por tres veces tu profesi\u00f3n de amor, ya que por tres veces el temor venci\u00f3 tu presunci\u00f3n. Tres veces ha de ser desatado lo que por tres veces hab\u00edas ligado. Desata por el amor lo que hab\u00edas ligado por el temor.<br \/>\nA pesar de su debilidad, por primera, por segunda y por tercera vez encomend\u00f3 el Se\u00f1or sus ovejas a Pedro.<br \/>\nEn un solo d\u00eda celebramos el martirio de los dos ap\u00f3stoles. Es que ambos eran en realidad una sola cosa, aunque fueran martirizados en d\u00edas diversos. Primero lo fue Pedro, luego Pablo. Celebramos la fiesta del d\u00eda de hoy, sagrado para nosotros por la sangre de los ap\u00f3stoles. Procuremos imitar su fe, su vida, sus trabajos, sus sufrimientos, su testimonio y su doctrina.<\/p>\n<p>&nbsp;<\/p>\n<p>&nbsp;<\/p>\n<p><strong><span style=\"color: #800000;\">RESPONSORIO<\/span><\/strong><\/p>\n<p><span style=\"color: #800000;\">R\/.<\/span> Ap\u00f3stol san Pablo, anunciador de la verdad y maestro de los gentiles, <span style=\"color: #800000;\">*<\/span> Mereces en verdad ser glorificado.<\/p>\n<p><span style=\"color: #800000;\">V\/.<\/span> Por ti todos los gentiles conocieron la gracia de Dios. <span style=\"color: #800000;\">*<\/span> Mereces.<\/p>\n<p>&nbsp;<\/p>\n<header class=\"entry-header\"><span style=\"color: #800000;\"><strong>HIMNO<\/strong>\u00a0Te Deum<\/span><\/p>\n<p>A ti, oh Dios, te alabamos, a ti,<br \/>\nSe\u00f1or, te reconocemos.<\/p>\n<p>A ti, eterno Padre, te venera<br \/>\ntoda la creaci\u00f3n.<\/p>\n<p>Los \u00e1ngeles todos, los cielos y<br \/>\ntodas las potestades te honran.<\/p>\n<p>Los querubines y serafines<br \/>\nte cantan sin cesar:<\/p>\n<p>Santo, Santo, Santo es el Se\u00f1or,<br \/>\nDios del universo.<\/p>\n<p>Los cielos y la tierra est\u00e1n llenos<br \/>\nde la majestad de tu gloria.<\/p>\n<p>A ti te ensalza el glorioso coro de los ap\u00f3stoles,<br \/>\nla multitud admirable de los profetas,<br \/>\nel blanco ej\u00e9rcito de los m\u00e1rtires.<\/p>\n<p>A ti la Iglesia santa,<br \/>\nextendida por toda la tierra, te proclama:<\/p>\n<p>Padre de inmensa majestad,<br \/>\nHijo \u00fanico y verdadero, digno de adoraci\u00f3n,<br \/>\nEsp\u00edritu Santo, Defensor.<\/p>\n<p>T\u00fa eres el Rey de la gloria, Cristo.<br \/>\nT\u00fa eres el Hijo \u00fanico del Padre.<br \/>\nT\u00fa, para liberar al hombre, aceptaste la<br \/>\ncondici\u00f3n humana sin desde\u00f1ar el seno de la Virgen.<\/p>\n<p>T\u00fa, rotas las cadenas de la muerte,<br \/>\nabriste a los creyentes el reino del cielo.<\/p>\n<p>T\u00fa te sientas a la derecha de Dios<br \/>\nen la gloria del Padre.<\/p>\n<p>Creemos que un d\u00eda has de venir<br \/>\ncomo juez.<\/p>\n<p>Te rogamos, pues, que vengas en ayuda de tus siervos,<br \/>\na quienes redimiste con tu preciosa sangre.<\/p>\n<p>Haz que en la gloria eterna<br \/>\nnos asociemos a tus santos.<\/p>\n<p>Lo que sigue puede omitirse:<\/p>\n<p>Salva a tu pueblo, Se\u00f1or,<br \/>\ny bendice tu heredad.<\/p>\n<p>S\u00e9 su pastor y ens\u00e1lzalo<br \/>\neternamente.<\/p>\n<p>D\u00eda tras d\u00eda te bendecimos y alabamos<br \/>\ntu nombre para siempre, por<br \/>\neternidad de eternidades.<\/p>\n<p>D\u00edgnate, Se\u00f1or, en este d\u00eda<br \/>\nguardarnos del pecado.<\/p>\n<p>Ten piedad de nosotros, Se\u00f1or,<br \/>\nten piedad de nosotros.<\/p>\n<p>Que tu misericordia, Se\u00f1or,<br \/>\nvenga sobre nosotros,<br \/>\ncomo lo esperamos de ti.<\/p>\n<p>En ti, Se\u00f1or, confi\u00e9, no me ver\u00e9<br \/>\ndefraudado para siempre.<\/p>\n<\/header>\n<p>&nbsp;<\/p>\n<p><strong><span style=\"color: #800000;\">ORACI\u00d3N<\/span><\/strong><\/p>\n<p>Se\u00f1or, t\u00fa que nos llenas de santa alegr\u00eda en la celebraci\u00f3n de la fiesta de san Pedro y san Pablo, haz que tu Iglesia se mantenga siempre fiel a las ense\u00f1anzas de aquellos que fueron fundamento de nuestra fe cristiana. Por nuestro Se\u00f1or Jesucristo, tu Hijo, que vive y reina contigo en la unidad del Esp\u00edritu Santo y es Dios por los siglos de los siglos.<\/p>\n<p>&nbsp;<\/p>\n<p>&nbsp;<\/p>\n","protected":false},"featured_media":0,"parent":684,"menu_order":4,"template":"","acf":{"attachment_list":false,"hide_wp_ba":false,"acf_hide_title":false},"yoast_head":"<!-- This site is optimized with the Yoast SEO plugin v17.6 - https:\/\/yoast.com\/wordpress\/plugins\/seo\/ -->\n<title>Oficio de lectura - Preghiera Paolina<\/title>\n<meta name=\"robots\" content=\"index, follow, max-snippet:-1, max-image-preview:large, max-video-preview:-1\" \/>\n<link rel=\"canonical\" href=\"https:\/\/www.famigliapaolina.net\/preghierapaolina\/le-liturgie\/29-junio-san-pedro-y-san-paolo-apsotoles\/oficio-de-lectura\/\" \/>\n<meta property=\"og:locale\" content=\"it_IT\" \/>\n<meta property=\"og:type\" content=\"article\" \/>\n<meta property=\"og:title\" content=\"Oficio de lectura - Preghiera Paolina\" \/>\n<meta property=\"og:description\" content=\"HIMNO Pedro, roca; Pablo, espada. Pedro, la red en las manos; Pablo, tajante palabra. Pedro, llaves; Pablo, andanzas. Y un trotar por los caminos con cansancio en las pisadas. Cristo tras los dos andaba: a uno lo tumb\u00f3 en Damasco, y al otro lo hiri\u00f3 con l\u00e1grimas. Roma se visti\u00f3 de gracia: crucificada la roca, y la espada muerta a espada. Am\u00e9n. &nbsp; SALMODIA &nbsp; &hellip; Continua a leggere Oficio de lectura &raquo;\" \/>\n<meta property=\"og:url\" content=\"https:\/\/www.famigliapaolina.net\/preghierapaolina\/le-liturgie\/29-junio-san-pedro-y-san-paolo-apsotoles\/oficio-de-lectura\/?lang=es\" \/>\n<meta property=\"og:site_name\" content=\"Preghiera Paolina\" \/>\n<meta property=\"article:modified_time\" content=\"2022-01-03T10:46:55+00:00\" \/>\n<meta name=\"twitter:card\" content=\"summary_large_image\" \/>\n<meta name=\"twitter:label1\" content=\"Tempo di lettura stimato\" \/>\n\t<meta name=\"twitter:data1\" content=\"11 minuti\" \/>\n<script type=\"application\/ld+json\" class=\"yoast-schema-graph\">{\"@context\":\"https:\/\/schema.org\",\"@graph\":[{\"@type\":\"WebSite\",\"@id\":\"https:\/\/www.famigliapaolina.net\/preghierapaolina\/#website\",\"url\":\"https:\/\/www.famigliapaolina.net\/preghierapaolina\/\",\"name\":\"Preghiera Paolina\",\"description\":\"\",\"potentialAction\":[{\"@type\":\"SearchAction\",\"target\":{\"@type\":\"EntryPoint\",\"urlTemplate\":\"https:\/\/www.famigliapaolina.net\/preghierapaolina\/?s={search_term_string}\"},\"query-input\":\"required name=search_term_string\"}],\"inLanguage\":\"it-IT\"},{\"@type\":\"WebPage\",\"@id\":\"https:\/\/www.famigliapaolina.net\/preghierapaolina\/le-liturgie\/29-junio-san-pedro-y-san-paolo-apsotoles\/oficio-de-lectura\/?lang=es#webpage\",\"url\":\"https:\/\/www.famigliapaolina.net\/preghierapaolina\/le-liturgie\/29-junio-san-pedro-y-san-paolo-apsotoles\/oficio-de-lectura\/?lang=es\",\"name\":\"Oficio de lectura - Preghiera Paolina\",\"isPartOf\":{\"@id\":\"https:\/\/www.famigliapaolina.net\/preghierapaolina\/#website\"},\"datePublished\":\"2021-10-26T15:16:04+00:00\",\"dateModified\":\"2022-01-03T10:46:55+00:00\",\"breadcrumb\":{\"@id\":\"https:\/\/www.famigliapaolina.net\/preghierapaolina\/le-liturgie\/29-junio-san-pedro-y-san-paolo-apsotoles\/oficio-de-lectura\/?lang=es#breadcrumb\"},\"inLanguage\":\"it-IT\",\"potentialAction\":[{\"@type\":\"ReadAction\",\"target\":[\"https:\/\/www.famigliapaolina.net\/preghierapaolina\/le-liturgie\/29-junio-san-pedro-y-san-paolo-apsotoles\/oficio-de-lectura\/?lang=es\"]}]},{\"@type\":\"BreadcrumbList\",\"@id\":\"https:\/\/www.famigliapaolina.net\/preghierapaolina\/le-liturgie\/29-junio-san-pedro-y-san-paolo-apsotoles\/oficio-de-lectura\/?lang=es#breadcrumb\",\"itemListElement\":[{\"@type\":\"ListItem\",\"position\":1,\"name\":\"Home\",\"item\":\"https:\/\/www.famigliapaolina.net\/preghierapaolina\/\"},{\"@type\":\"ListItem\",\"position\":2,\"name\":\"Liturgie\",\"item\":\"https:\/\/www.famigliapaolina.net\/preghierapaolina\/le-liturgie\/\"},{\"@type\":\"ListItem\",\"position\":3,\"name\":\"29 de junio &#8211; SAN PEDRO Y SAN PABLO AP\\u00d3STOLES\",\"item\":\"https:\/\/www.famigliapaolina.net\/preghierapaolina\/le-liturgie\/29-junio-san-pedro-y-san-paolo-apsotoles\/?lang=es\"},{\"@type\":\"ListItem\",\"position\":4,\"name\":\"Oficio de lectura\"}]}]}<\/script>\n<!-- \/ Yoast SEO plugin. -->","yoast_head_json":{"title":"Oficio de lectura - Preghiera Paolina","robots":{"index":"index","follow":"follow","max-snippet":"max-snippet:-1","max-image-preview":"max-image-preview:large","max-video-preview":"max-video-preview:-1"},"canonical":"https:\/\/www.famigliapaolina.net\/preghierapaolina\/le-liturgie\/29-junio-san-pedro-y-san-paolo-apsotoles\/oficio-de-lectura\/","og_locale":"it_IT","og_type":"article","og_title":"Oficio de lectura - Preghiera Paolina","og_description":"HIMNO Pedro, roca; Pablo, espada. Pedro, la red en las manos; Pablo, tajante palabra. Pedro, llaves; Pablo, andanzas. Y un trotar por los caminos con cansancio en las pisadas. Cristo tras los dos andaba: a uno lo tumb\u00f3 en Damasco, y al otro lo hiri\u00f3 con l\u00e1grimas. Roma se visti\u00f3 de gracia: crucificada la roca, y la espada muerta a espada. Am\u00e9n. &nbsp; SALMODIA &nbsp; &hellip; Continua a leggere Oficio de lectura &raquo;","og_url":"https:\/\/www.famigliapaolina.net\/preghierapaolina\/le-liturgie\/29-junio-san-pedro-y-san-paolo-apsotoles\/oficio-de-lectura\/?lang=es","og_site_name":"Preghiera Paolina","article_modified_time":"2022-01-03T10:46:55+00:00","twitter_card":"summary_large_image","twitter_misc":{"Tempo di lettura stimato":"11 minuti"},"schema":{"@context":"https:\/\/schema.org","@graph":[{"@type":"WebSite","@id":"https:\/\/www.famigliapaolina.net\/preghierapaolina\/#website","url":"https:\/\/www.famigliapaolina.net\/preghierapaolina\/","name":"Preghiera Paolina","description":"","potentialAction":[{"@type":"SearchAction","target":{"@type":"EntryPoint","urlTemplate":"https:\/\/www.famigliapaolina.net\/preghierapaolina\/?s={search_term_string}"},"query-input":"required name=search_term_string"}],"inLanguage":"it-IT"},{"@type":"WebPage","@id":"https:\/\/www.famigliapaolina.net\/preghierapaolina\/le-liturgie\/29-junio-san-pedro-y-san-paolo-apsotoles\/oficio-de-lectura\/?lang=es#webpage","url":"https:\/\/www.famigliapaolina.net\/preghierapaolina\/le-liturgie\/29-junio-san-pedro-y-san-paolo-apsotoles\/oficio-de-lectura\/?lang=es","name":"Oficio de lectura - Preghiera Paolina","isPartOf":{"@id":"https:\/\/www.famigliapaolina.net\/preghierapaolina\/#website"},"datePublished":"2021-10-26T15:16:04+00:00","dateModified":"2022-01-03T10:46:55+00:00","breadcrumb":{"@id":"https:\/\/www.famigliapaolina.net\/preghierapaolina\/le-liturgie\/29-junio-san-pedro-y-san-paolo-apsotoles\/oficio-de-lectura\/?lang=es#breadcrumb"},"inLanguage":"it-IT","potentialAction":[{"@type":"ReadAction","target":["https:\/\/www.famigliapaolina.net\/preghierapaolina\/le-liturgie\/29-junio-san-pedro-y-san-paolo-apsotoles\/oficio-de-lectura\/?lang=es"]}]},{"@type":"BreadcrumbList","@id":"https:\/\/www.famigliapaolina.net\/preghierapaolina\/le-liturgie\/29-junio-san-pedro-y-san-paolo-apsotoles\/oficio-de-lectura\/?lang=es#breadcrumb","itemListElement":[{"@type":"ListItem","position":1,"name":"Home","item":"https:\/\/www.famigliapaolina.net\/preghierapaolina\/"},{"@type":"ListItem","position":2,"name":"Liturgie","item":"https:\/\/www.famigliapaolina.net\/preghierapaolina\/le-liturgie\/"},{"@type":"ListItem","position":3,"name":"29 de junio &#8211; SAN PEDRO Y SAN PABLO AP\u00d3STOLES","item":"https:\/\/www.famigliapaolina.net\/preghierapaolina\/le-liturgie\/29-junio-san-pedro-y-san-paolo-apsotoles\/?lang=es"},{"@type":"ListItem","position":4,"name":"Oficio de lectura"}]}]}},"wpml_current_locale":"es_ES","wpml_translations":[{"locale":"it_IT","id":329,"post_title":"Ufficio delle letture","href":"https:\/\/www.famigliapaolina.net\/preghierapaolina\/29-giugno-santi-apostoli-pietro-e-paolo\/ufficio-delle-letture\/"}],"_links":{"self":[{"href":"https:\/\/www.famigliapaolina.net\/preghierapaolina\/wp-json\/wp\/v2\/le-liturgie\/773"}],"collection":[{"href":"https:\/\/www.famigliapaolina.net\/preghierapaolina\/wp-json\/wp\/v2\/le-liturgie"}],"about":[{"href":"https:\/\/www.famigliapaolina.net\/preghierapaolina\/wp-json\/wp\/v2\/types\/le-liturgie"}],"up":[{"embeddable":true,"href":"https:\/\/www.famigliapaolina.net\/preghierapaolina\/wp-json\/wp\/v2\/le-liturgie\/684"}],"wp:attachment":[{"href":"https:\/\/www.famigliapaolina.net\/preghierapaolina\/wp-json\/wp\/v2\/media?parent=773"}],"curies":[{"name":"wp","href":"https:\/\/api.w.org\/{rel}","templated":true}]}}