{"id":786,"date":"2021-11-16T17:42:59","date_gmt":"2021-11-16T16:42:59","guid":{"rendered":"https:\/\/www.famigliapaolina.net\/preghierapaolina\/le-liturgie\/3-septiembre-la-virgen-maria-madre-del-buen-pastor\/ufficio-letture\/"},"modified":"2022-01-04T16:45:00","modified_gmt":"2022-01-04T15:45:00","slug":"oficio-de-lectura","status":"publish","type":"le-liturgie","link":"https:\/\/www.famigliapaolina.net\/preghierapaolina\/le-liturgie\/3-septiembre-la-virgen-maria-madre-del-buen-pastor\/oficio-de-lectura\/?lang=es","title":{"rendered":"Oficio de lectura"},"content":{"rendered":"<p><span style=\"color: #800000;\">El himno, las ant\u00edfonas y los salmos, como en la fiesta de la Virgen Mar\u00eda, Reina de los Ap\u00f3stoles<\/span><\/p>\n<p>&nbsp;<\/p>\n<p><span style=\"color: #800000;\"><strong>HIMNO<\/strong><\/span><\/p>\n<p>Madre de Dios y madre de la Iglesia,<br \/>\nde quien todos nacimos en la cruz,<br \/>\neres para tus hijos el modelo<br \/>\nque alienta nuestra fe con su virtud.<\/p>\n<p>Si por Ad\u00e1n nacimos en pecado,<br \/>\nrecobramos con Cristo la salud.<br \/>\nSi por Eva perdimos la esperanza,<br \/>\ncon Mar\u00eda, nueva madre de los hombres,<br \/>\nvolvimos a la luz.<\/p>\n<p>Mediadora ante Dios para los hombres,<br \/>\nde Cristo en su pasi\u00f3n corredentora,<br \/>\neres luz, dulzura y esperanza,<br \/>\nabogada y consuelo en el camino<br \/>\nde aquellos que te imploran.<\/p>\n<p>&nbsp;<\/p>\n<p><span style=\"color: #800000;\"><strong>SALMODIA<\/strong><\/span><\/p>\n<p>&nbsp;<\/p>\n<p><span style=\"color: #800000;\">Ant. 1.\u00a0<\/span>Por tu intercesi\u00f3n, abogada nuestra, se nos han abierto las puertas del para\u00edso. Aleluya<\/p>\n<p><span style=\"color: #800000;\">Cuando en el Invitatorio se ha dicho el salmo 23, aqu\u00ed se dice el salmo 94,<\/span>\u00a0<a href=\"https:\/\/www.famigliapaolina.net\/preghierapaolina\/salmo-invitatorio\/?lang=es\">p. 277.<\/a><\/p>\n<p>&nbsp;<\/p>\n<p><span style=\"color: #800000;\"><strong>SALMO 23\u00a0<\/strong><\/span><\/p>\n<p><span style=\"color: #800000;\">Entrada solemne de Dios en su templo<\/span><\/p>\n<p><em>Las puertas del cielo se abren ante Cristo que, como hombre, sube al cielo (S. Ireneo)<\/em><\/p>\n<p>Del Se\u00f1or es la tierra y cuanto la llena,<br \/>\nel orbe y todos sus habitantes:<br \/>\n\u00e9l la fund\u00f3 sobre los mares,<br \/>\n\u00e9l la afianz\u00f3 sobre los r\u00edos.<\/p>\n<p>\u2014\u00bfQui\u00e9n puede subir al monte del Se\u00f1or?<br \/>\n\u00bfQui\u00e9n puede estar en el recinto sacro?<\/p>\n<p>\u2014El hombre de manos inocentes<br \/>\ny puro coraz\u00f3n,<br \/>\nque no conf\u00eda en los \u00eddolos<br \/>\nni jura contra el pr\u00f3jimo en falso.<br \/>\n\u00c9se recibir\u00e1 la bendici\u00f3n del Se\u00f1or,<br \/>\nle har\u00e1 justicia el Dios de salvaci\u00f3n.<\/p>\n<p>\u2014\u00c9ste es el grupo que busca al Se\u00f1or,<br \/>\nque viene a tu presencia, Dios de Jacob.<\/p>\n<p>\u00a1Portones!, alzad los dinteles,<br \/>\nque se alcen las antiguas compuertas:<br \/>\nva a entrar el Rey de la gloria.<\/p>\n<p>\u2014\u00bfQui\u00e9n es ese Rey de la gloria?<br \/>\n\u2014El Se\u00f1or, h\u00e9roe valeroso;<br \/>\nel Se\u00f1or, h\u00e9roe de la guerra.<\/p>\n<p>\u00a1Portones!, alzad los dinteles,<br \/>\nque se alcen las antiguas compuertas:<br \/>\nva a entrar el Rey de la gloria.<\/p>\n<p>\u2014\u00bfQui\u00e9n es ese Rey de la gloria?<\/p>\n<p>\u2014El Se\u00f1or, Dios de los ej\u00e9rcitos.<br \/>\n\u00c9l es el Rey de la gloria.<\/p>\n<p>&nbsp;<\/p>\n<p><span style=\"color: #800000;\">Ant. 1<\/span>.\u00a0Por tu intercesi\u00f3n, abogada nuestra, se nos han abierto las puertas del para\u00edso. Aleluya<\/p>\n<p><span style=\"color: #800000;\">Ant. 2.<\/span>\u00a0En m\u00ed est\u00e1 toda gracia de camino y de verdad, en m\u00ed toda esperanza de vida y de fuerza. Aleluya.<\/p>\n<p>&nbsp;<\/p>\n<p><span style=\"color: #800000;\"><strong>SALMO 45\u00a0 \u00a0<\/strong><\/span><\/p>\n<p><span style=\"color: #800000;\">Dios, refugio y fortaleza de su pueblo<\/span><\/p>\n<p><em>Le pondr\u00e1 por nombre Emmanuel, que significa \u00abDios-con-nosotros\u00bb (Mt 1, 23)<\/em><\/p>\n<p>Dios es nuestro refugio y nuestra fuerza,<br \/>\npoderoso defensor en el peligro.<\/p>\n<p>Por eso no tememos aunque tiemble la tierra,<br \/>\ny los montes se desplomen en el mar.<\/p>\n<p>Que hiervan y bramen sus olas,<br \/>\nque sacudan a los montes con su furia:<\/p>\n<p>El Se\u00f1or de los ej\u00e9rcitos est\u00e1 con nosotros,<br \/>\nnuestro alc\u00e1zar es el Dios de Jacob.<\/p>\n<p>El correr de las acequias alegra la ciudad de Dios,<br \/>\nel Alt\u00edsimo consagra su morada.<\/p>\n<p>Teniendo a Dios en medio, no vacila;<br \/>\nDios lo socorre al despuntar la aurora.<\/p>\n<p>Los pueblos se amotinan, los reyes se rebelan;<br \/>\npero \u00e9l lanza su trueno, y se tambalea la tierra.<\/p>\n<p>El Se\u00f1or de los ej\u00e9rcitos est\u00e1 con nosotros,<br \/>\nnuestro alc\u00e1zar es el Dios de Jacob.<\/p>\n<p>Venid a ver las obras del Se\u00f1or,<br \/>\nlas maravillas que hace en la tierra:<\/p>\n<p>Pone fin a la guerra hasta el extremo del orbe,<br \/>\nrompe los arcos, quiebra las lanzas,<br \/>\nprende fuego a los escudos.<\/p>\n<p>\u00abRend\u00edos, reconoced que yo soy Dios:<br \/>\nm\u00e1s alto que los pueblos, m\u00e1s alto que la tierra.\u00bb<\/p>\n<p>El Se\u00f1or de los ej\u00e9rcitos est\u00e1 con nosotros,<br \/>\nnuestro alc\u00e1zar es el Dios de Jacob.<\/p>\n<p>&nbsp;<\/p>\n<p><span style=\"color: #800000;\">Ant. 2.<\/span>\u00a0En m\u00ed est\u00e1 toda gracia de camino y de verdad, en m\u00ed toda esperanza de vida y de fuerza. Aleluya.<\/p>\n<p><span style=\"color: #800000;\">Ant. 3.<\/span> \u00a1Qu\u00e9 preg\u00f3n tan glorioso para ti, madre, maestra y reina nuestra! Aleluya.<\/p>\n<p>&nbsp;<\/p>\n<p><span style=\"color: #800000;\"><strong>SALMO 86\u00a0 \u00a0<\/strong><\/span><\/p>\n<p><span style=\"color: #800000;\">Himno a Jerusal\u00e9n, madre de todos los pueblos<\/span><\/p>\n<p><em>La Jerusal\u00e9n de arriba es libre; \u00e9sa es nuestra madre (Ga 4, 26)<\/em><\/p>\n<p>\u00c9l la ha cimentado sobre el monte santo;<br \/>\ny el Se\u00f1or prefiere las puertas de Si\u00f3n<br \/>\na todas las moradas de Jacob.<\/p>\n<p>\u00a1Qu\u00e9 preg\u00f3n tan glorioso para ti,<br \/>\nciudad de Dios!<\/p>\n<p>\u00abContar\u00e9 a Egipto y a Babilonia<br \/>\nentre mis fieles;<br \/>\nfilisteos, tirios y et\u00edopes<br \/>\nhan nacido all\u00ed.\u00bb<\/p>\n<p>Se dir\u00e1 de Si\u00f3n: \u00abUno por uno<br \/>\ntodos han nacido en ella;<br \/>\nel Alt\u00edsimo en persona la ha fundado.\u00bb<\/p>\n<p>El Se\u00f1or escribir\u00e1 en el registro de los pueblos:<br \/>\n\u00ab\u00c9ste ha nacido all\u00ed.\u00bb<br \/>\nY cantar\u00e1n mientras danzan:<br \/>\n\u00abTodas mis fuentes est\u00e1n en ti.\u00bb<\/p>\n<p>&nbsp;<\/p>\n<p><span style=\"color: #800000;\">Ant. 3.<\/span> \u00a1Qu\u00e9 preg\u00f3n tan glorioso para ti, madre, maestra y reina nuestra! Aleluya.<\/p>\n<p>&nbsp;<\/p>\n<p><span style=\"color: #800000;\">V\/.\u00a0<\/span> T\u00fa eres, Mar\u00eda, puerta del cielo y estrella del mar. Aleluya.<\/p>\n<p><span style=\"color: #800000;\">R\/.<\/span>\u00a0\u00a0Quien te alcanza, alcanza la vida y goza del favor del Se\u00f1or. Aleluya.<\/p>\n<p>&nbsp;<\/p>\n<p><span style=\"color: #800000;\"><strong>PRIMERA LECTURA<\/strong><\/span><\/p>\n<p>De la carta del ap\u00f3stol san Pablo a los G\u00e1latas<br \/>\n<span style=\"color: #800000;\">3, 22 &#8211; 4, 7<\/span><\/p>\n<p style=\"text-align: center;\"><span style=\"color: #800000;\"><em>Por la fe somos hijos y herederos de Dios<\/em><\/span><\/p>\n<p>Hermanos: La Escritura presenta al mundo entero prisionero del pecado, para que lo prometido se d\u00e9 por la fe en Jesucristo a todo el que cree.<br \/>\nAntes de que llegara la fe, est\u00e1bamos prisioneros, custodiados por la ley, esperando que la fe se revelase. As\u00ed, la ley fue nuestro pedagogo hasta que llegara Cristo y Dios nos justificara por la fe. Una vez que la fe ha llegado, ya no estamos sometidos al pedagogo, porque todos sois hijos de Dios por la fe en Cristo Jes\u00fas.<br \/>\nLos que os hab\u00e9is incorporado a Cristo por el bautismo os hab\u00e9is revestido de Cristo. Ya no hay distinci\u00f3n entre jud\u00edos y gentiles, esclavos y libres, hombres y mujeres, porque todos sois uno en Cristo Jes\u00fas. Y, si sois de Cristo, sois descendencia de Abrah\u00e1n y herederos de la promesa.<br \/>\nQuiero decir: mientras el heredero es menor de edad, en nada se diferencia de un esclavo, pues, es due\u00f1o de todo, lo tienen bajo tutores y curadores, hasta la fecha fijada por su padre. Igual nosotros, cuando \u00e9ramos menores est\u00e1bamos esclavizados por lo elemental del mundo. Pero, cuando se cumpli\u00f3 el tiempo, envi\u00f3 Dios a su Hijo, nacido de una mujer, nacido bajo la ley, para rescatar a los que estaban bajo la ley, para que recibi\u00e9ramos el ser hijos por adopci\u00f3n.<br \/>\nComo sois hijos, Dios envi\u00f3 a vuestros corazones el Esp\u00edritu de su Hijo, que clama: \u00ab\u00a1Abba!\u00bb (Padre). As\u00ed que ya no eres esclavo, sino hijo; y si eres hijo, eres tambi\u00e9n heredero por voluntad de Dios.<\/p>\n<p>&nbsp;<\/p>\n<p><strong><span style=\"color: #800000;\">RESPONSORIO\u00a0<\/span><\/strong><br \/>\n<span style=\"color: #800000;\">Cf. Ga 4, 4-5; Ef 2, 4; Rm 8, 3<\/span><\/p>\n<p>&nbsp;<\/p>\n<p><span style=\"color: #800000;\">R\/.<\/span> Mirad, ya se acerca el tiempo en que envi\u00f3 Dios a su Hijo, nacido de la Virgen, nacido bajo la ley. <span style=\"color: #800000;\">*<\/span> Para rescatar a los que estaban bajo la ley.<\/p>\n<p><span style=\"color: #800000;\">V\/.<\/span> Dios, por el gran amor con que nos am\u00f3, envi\u00f3 a su Hijo encarnado en una carne pecadora como la nuestra. <span style=\"color: #800000;\">*<\/span> Para rescatar.<\/p>\n<p>&nbsp;<\/p>\n<p>&nbsp;<\/p>\n<p><span style=\"color: #800000;\"><strong>SEGUNDA LECTURA<\/strong><\/span><\/p>\n<p>De la Constituci\u00f3n dogm\u00e1tica <em>Lumen gentium<\/em> del Concilio Vaticano segundo<\/p>\n<p style=\"text-align: center;\"><span style=\"color: #800000;\">(N\u00fams. 58-59. 61)<\/span><\/p>\n<p>&nbsp;<\/p>\n<p style=\"text-align: center;\"><span style=\"color: #800000;\"><em>Mar\u00eda en la vida de Jes\u00fas y de la Iglesia<\/em><\/span><\/p>\n<p>En la vida p\u00fablica de Jes\u00fas aparece reveladoramente su madre ya desde el principio, cuando en las bodas de Can\u00e1 de Galilea, movida a misericordia, suscit\u00f3 con su intercesi\u00f3n el comienzo de los milagros de Jes\u00fas Mes\u00edas. A lo largo de su predicaci\u00f3n acogi\u00f3 las palabras con que su Hijo, exaltando el reino por encima de las condiciones y lazos de la carne y de la sangre, proclam\u00f3 bienaventurados a los que escuchan y guardan la palabra de Dios, como ella lo hac\u00eda fielmente. As\u00ed avanz\u00f3 tambi\u00e9n la Sant\u00edsima Virgen en la peregrinaci\u00f3n de la fe, y mantuvo fielmente su uni\u00f3n con el Hijo hasta la cruz, junto a la cual, no sin designio divino, se mantuvo erguida, sufriendo profundamente con su Unig\u00e9nito y asoci\u00e1ndose con entra\u00f1as de madre a su sacrificio, consintiendo amorosamente en la inmolaci\u00f3n de la v\u00edctima que ella misma hab\u00eda engendrado; y, finalmente, fue dada por el mismo Cristo Jes\u00fas agonizante en la cruz como madre al disc\u00edpulo con estas palabras: <em>Mujer, ah\u00ed tienes a tu hijo.<\/em><br \/>\nPor no haber querido Dios manifestar solemnemente el misterio de la salvaci\u00f3n humana antes de derramar el Esp\u00edritu prometido por Cristo, vemos que los Ap\u00f3stoles, antes del d\u00eda de Pentecost\u00e9s, perseveraban un\u00e1nimes en la oraci\u00f3n con algunas mujeres, con Mar\u00eda, la Madre de Jes\u00fas, y con los hermanos de \u00e9ste, y que tambi\u00e9n Mar\u00eda imploraba con sus oraciones el don del Esp\u00edritu, que en la Anunciaci\u00f3n ya la hab\u00eda cubierto a ella con su sombra.<br \/>\nFinalmente, la Virgen Inmaculada, preservada inmune de toda mancha de culpa original, terminado el decurso de su vida terrena, fue asunta en cuerpo y alma a la gloria celestial y fue ensalzada por el Se\u00f1or como reina universal con el fin de que se asemejase de forma m\u00e1s plena a su Hijo, Se\u00f1or de se\u00f1ores y vencedor del pecado y de la muerte.<br \/>\nLa Sant\u00edsima Virgen, desde toda la eternidad, fue predestinada como madre de Dios, al mismo tiempo que la encarnaci\u00f3n del Verbo, y por disposici\u00f3n de la divina Providencia fue en la tierra la madre excelsa del divino Redentor y, de forma singular, la generosa colaboradora entre todas las criaturas y la humilde esclava del Se\u00f1or. Concibiendo a Cristo, engendr\u00e1ndolo, aliment\u00e1ndolo, present\u00e1ndolo al Padre en el templo, padeciendo con su Hijo cuando \u00e9l mor\u00eda en la cruz, cooper\u00f3 de forma \u00fanica a la obra del Salvador, por su obediencia, su fe, su esperanza y su ardiente caridad, para restaurar la vida sobrenatural de las almas. Por todo ello es nuestra madre en el orden de la gracia.<\/p>\n<p>&nbsp;<\/p>\n<p><span style=\"color: #800000;\">o bien:<\/span><\/p>\n<p>&nbsp;<\/p>\n<p>De las ense\u00f1anzas del beato Santiago Alberione, presb\u00edtero<\/p>\n<p style=\"text-align: center;\"><span style=\"color: #800000;\">(A las Hermanas Pastorcitas, vol. VIII, pp. 82-84 passim)<\/span><\/p>\n<p>&nbsp;<\/p>\n<p style=\"text-align: center;\"><em><span style=\"color: #800000;\">Mar\u00eda, madre del buen Pastor<\/span><\/em><\/p>\n<p>Dirijamos la mirada a nuestra madre Mar\u00eda, invocada como madre del divino Pastor. Si Jesucristo es rey, Mar\u00eda es reina; si Jes\u00fas es Redentor, Mar\u00eda es corredentora; si Jes\u00fas es el buen Pastor, Mar\u00eda es la divina Pastora.<br \/>\nJes\u00fas es buen Pastor porque llama a las almas y las salva, las nutre de s\u00ed mismo: \u00abYo soy el pan del cielo\u00bb (Jn 6, 41). Mar\u00eda dio a Jes\u00fas a toda la humanidad, a los que han vivido, a los que viven y a los que vivir\u00e1n: apacienta, pues, a las almas con su Jes\u00fas&#8230; Para estar bien preparada en su misi\u00f3n fue concebida inmaculada. Nunca jam\u00e1s se repetir\u00e1 el saludo del \u00e1ngel: \u00abAl\u00e9grate, llena de gracia\u00bb (Lc 1, 28). Mar\u00eda es la llena de gracia, seg\u00fan su vocaci\u00f3n. La noche sant\u00edsima de Navidad, Mar\u00eda tiene entre sus brazos al Ni\u00f1o divino al que expone a la humanidad para que venga a \u00e9l. A esta exposici\u00f3n participan primero los \u00e1ngeles, y despu\u00e9s los pastores porque Jes\u00fas es el Pastor divino y Mar\u00eda la divina Pastora.<br \/>\nLa divina Pastora llevar\u00e1 al Pastorcito al templo porque el templo es verdaderamente suyo. Estaba profetizado: \u00abvendr\u00e1 el Se\u00f1or del templo.\u00bb Mar\u00eda no s\u00f3lo present\u00f3 al Ni\u00f1o sino que despu\u00e9s lo ayud\u00f3 a crecer, lo rode\u00f3 de toda clase de cuidados, preparando a la humanidad al Sacerdote eterno, la Hostia de propiciaci\u00f3n, el Crucificado, el Maestro divino, el buen Pastor que busca a la oveja perdida. Hab\u00edamos ca\u00eddo muy bajo y ah\u00ed estamos todav\u00eda, pero Jes\u00fas viene a buscarnos para levantarnos.<br \/>\nMar\u00eda asisti\u00f3 a Jes\u00fas durante su predicaci\u00f3n, en la pasi\u00f3n, siempre; hizo de consejera de Juan a quien hab\u00eda sido encomendada; reuni\u00f3 en oraci\u00f3n en el cen\u00e1culo a los ap\u00f3stoles dispersos, or\u00f3 con ellos para obtener el Esp\u00edritu Santo; los consolaba, los confortaba, los asist\u00eda en sus primeras predicaciones; los iluminaba, les hablaba sobre la infancia de Jes\u00fas.<br \/>\nAsist\u00eda a la Iglesia naciente, era como \u00abReina\u00bb de los ap\u00f3stoles. Ahora desde el cielo, continua su misi\u00f3n. No hay gracia que no pase a trav\u00e9s de ella. Todas las gracias de las que est\u00e1 colmada nuestra alma han pasado por Mar\u00eda. Tambi\u00e9n las gracias de hoy pasan a trav\u00e9s de Mar\u00eda&#8230;<br \/>\nPodemos decir a la Virgen lo mismo que decimos a<br \/>\nJes\u00fas: <em>Tu nos pasce, nos tu\u00e9re.<\/em> N\u00fatrenos, d\u00e1ndonos el alimento celestial: Jes\u00fas camino, verdad y vida; defi\u00e9ndenos, as\u00edstenos; que podamos estar contigo en el Para\u00edso.<\/p>\n<p>&nbsp;<\/p>\n<p><strong><span style=\"color: #800000;\">RESPONSORIO<br \/>\n<\/span><\/strong><span style=\"color: #800000;\">Lc 23, 33; Jn 19, 25; cf. Lc 2, 35<\/span><\/p>\n<p><span style=\"color: #800000;\">R\/.<\/span> Cuando llegaron al lugar llamado \u00abLa Calavera\u00bb, lo crucificaron all\u00ed. <span style=\"color: #800000;\">*<\/span> Junto a la cruz de Jes\u00fas estaba su madre.<\/p>\n<p><span style=\"color: #800000;\">V\/. <\/span>Entonces una espada de dolor le traspas\u00f3 el alma. <span style=\"color: #800000;\">*<\/span> Junto.<\/p>\n<p>&nbsp;<\/p>\n<p><span style=\"color: #800000;\"><strong>HIMNO\u00a0<\/strong>Te Deum<\/span><\/p>\n<p>A ti, oh Dios, te alabamos, a ti,<br \/>\nSe\u00f1or, te reconocemos.<\/p>\n<p>A ti, eterno Padre, te venera<br \/>\ntoda la creaci\u00f3n.<\/p>\n<p>Los \u00e1ngeles todos, los cielos y<br \/>\ntodas las potestades te honran.<\/p>\n<p>Los querubines y serafines<br \/>\nte cantan sin cesar:<\/p>\n<p>Santo, Santo, Santo es el Se\u00f1or,<br \/>\nDios del universo.<\/p>\n<p>Los cielos y la tierra est\u00e1n llenos<br \/>\nde la majestad de tu gloria.<\/p>\n<p>A ti te ensalza el glorioso coro de los ap\u00f3stoles,<br \/>\nla multitud admirable de los profetas,<br \/>\nel blanco ej\u00e9rcito de los m\u00e1rtires.<\/p>\n<p>A ti la Iglesia santa,<br \/>\nextendida por toda la tierra, te proclama:<\/p>\n<p>Padre de inmensa majestad,<br \/>\nHijo \u00fanico y verdadero, digno de adoraci\u00f3n,<br \/>\nEsp\u00edritu Santo, Defensor.<\/p>\n<p>T\u00fa eres el Rey de la gloria, Cristo.<br \/>\nT\u00fa eres el Hijo \u00fanico del Padre.<br \/>\nT\u00fa, para liberar al hombre, aceptaste la<br \/>\ncondici\u00f3n humana sin desde\u00f1ar el seno de la Virgen.<\/p>\n<p>T\u00fa, rotas las cadenas de la muerte,<br \/>\nabriste a los creyentes el reino del cielo.<\/p>\n<p>T\u00fa te sientas a la derecha de Dios<br \/>\nen la gloria del Padre.<\/p>\n<p>Creemos que un d\u00eda has de venir<br \/>\ncomo juez.<\/p>\n<p>Te rogamos, pues, que vengas en ayuda de tus siervos,<br \/>\na quienes redimiste con tu preciosa sangre.<\/p>\n<p>Haz que en la gloria eterna<br \/>\nnos asociemos a tus santos.<\/p>\n<p><span style=\"color: #800000;\">Lo que sigue puede omitirse:<\/span><\/p>\n<p>Salva a tu pueblo, Se\u00f1or,<br \/>\ny bendice tu heredad.<\/p>\n<p>S\u00e9 su pastor y ens\u00e1lzalo<br \/>\neternamente.<\/p>\n<p>D\u00eda tras d\u00eda te bendecimos y alabamos<br \/>\ntu nombre para siempre, por<br \/>\neternidad de eternidades.<\/p>\n<p>D\u00edgnate, Se\u00f1or, en este d\u00eda<br \/>\nguardarnos del pecado.<\/p>\n<p>Ten piedad de nosotros, Se\u00f1or,<br \/>\nten piedad de nosotros.<\/p>\n<p>Que tu misericordia, Se\u00f1or,<br \/>\nvenga sobre nosotros,<br \/>\ncomo lo esperamos de ti.<\/p>\n<p>En ti, Se\u00f1or, confi\u00e9, no me ver\u00e9<br \/>\ndefraudado para siempre.<\/p>\n<p>&nbsp;<\/p>\n<p><strong><span style=\"color: #800000;\">ORACI\u00d3N<\/span><\/strong><\/p>\n<p>Oh Dios, que enviaste al mundo a tu Hijo, buen Pastor, para reunir a la humanidad dispersa, concede al reba\u00f1o que \u00e9l redimi\u00f3 y confi\u00f3 desde la cruz a su madre, la Virgen Mar\u00eda, acoger fielmente su llamada y seguirlo hasta las verdes praderas de su reino. Por nuestro Se\u00f1or Jesucristo, tu Hijo, que vive y reina contigo en la unidad del Esp\u00edritu Santo y es Dios por los siglos de los siglos.<\/p>\n","protected":false},"featured_media":0,"parent":697,"menu_order":2,"template":"","acf":{"acf_hide_title":false,"attachment_list":false,"hide_wp_ba":false},"yoast_head":"<!-- This site is optimized with the Yoast SEO plugin v17.6 - https:\/\/yoast.com\/wordpress\/plugins\/seo\/ -->\n<title>Oficio de lectura - Preghiera Paolina<\/title>\n<meta name=\"robots\" content=\"index, follow, max-snippet:-1, max-image-preview:large, max-video-preview:-1\" \/>\n<link rel=\"canonical\" href=\"https:\/\/www.famigliapaolina.net\/preghierapaolina\/le-liturgie\/3-septiembre-la-virgen-maria-madre-del-buen-pastor\/oficio-de-lectura\/\" \/>\n<meta property=\"og:locale\" content=\"it_IT\" \/>\n<meta property=\"og:type\" content=\"article\" \/>\n<meta property=\"og:title\" content=\"Oficio de lectura - Preghiera Paolina\" \/>\n<meta property=\"og:description\" content=\"El himno, las ant\u00edfonas y los salmos, como en la fiesta de la Virgen Mar\u00eda, Reina de los Ap\u00f3stoles &nbsp; HIMNO Madre de Dios y madre de la Iglesia, de quien todos nacimos en la cruz, eres para tus hijos el modelo que alienta nuestra fe con su virtud. Si por Ad\u00e1n nacimos en pecado, recobramos con Cristo la salud. Si por Eva perdimos la &hellip; Continua a leggere Oficio de lectura &raquo;\" \/>\n<meta property=\"og:url\" content=\"https:\/\/www.famigliapaolina.net\/preghierapaolina\/le-liturgie\/3-septiembre-la-virgen-maria-madre-del-buen-pastor\/oficio-de-lectura\/?lang=es\" \/>\n<meta property=\"og:site_name\" content=\"Preghiera Paolina\" \/>\n<meta property=\"article:modified_time\" content=\"2022-01-04T15:45:00+00:00\" \/>\n<meta name=\"twitter:card\" content=\"summary_large_image\" \/>\n<meta name=\"twitter:label1\" content=\"Tempo di lettura stimato\" \/>\n\t<meta name=\"twitter:data1\" content=\"13 minuti\" \/>\n<script type=\"application\/ld+json\" class=\"yoast-schema-graph\">{\"@context\":\"https:\/\/schema.org\",\"@graph\":[{\"@type\":\"WebSite\",\"@id\":\"https:\/\/www.famigliapaolina.net\/preghierapaolina\/#website\",\"url\":\"https:\/\/www.famigliapaolina.net\/preghierapaolina\/\",\"name\":\"Preghiera Paolina\",\"description\":\"\",\"potentialAction\":[{\"@type\":\"SearchAction\",\"target\":{\"@type\":\"EntryPoint\",\"urlTemplate\":\"https:\/\/www.famigliapaolina.net\/preghierapaolina\/?s={search_term_string}\"},\"query-input\":\"required name=search_term_string\"}],\"inLanguage\":\"it-IT\"},{\"@type\":\"WebPage\",\"@id\":\"https:\/\/www.famigliapaolina.net\/preghierapaolina\/le-liturgie\/3-septiembre-la-virgen-maria-madre-del-buen-pastor\/oficio-de-lectura\/?lang=es#webpage\",\"url\":\"https:\/\/www.famigliapaolina.net\/preghierapaolina\/le-liturgie\/3-septiembre-la-virgen-maria-madre-del-buen-pastor\/oficio-de-lectura\/?lang=es\",\"name\":\"Oficio de lectura - Preghiera Paolina\",\"isPartOf\":{\"@id\":\"https:\/\/www.famigliapaolina.net\/preghierapaolina\/#website\"},\"datePublished\":\"2021-11-16T16:42:59+00:00\",\"dateModified\":\"2022-01-04T15:45:00+00:00\",\"breadcrumb\":{\"@id\":\"https:\/\/www.famigliapaolina.net\/preghierapaolina\/le-liturgie\/3-septiembre-la-virgen-maria-madre-del-buen-pastor\/oficio-de-lectura\/?lang=es#breadcrumb\"},\"inLanguage\":\"it-IT\",\"potentialAction\":[{\"@type\":\"ReadAction\",\"target\":[\"https:\/\/www.famigliapaolina.net\/preghierapaolina\/le-liturgie\/3-septiembre-la-virgen-maria-madre-del-buen-pastor\/oficio-de-lectura\/?lang=es\"]}]},{\"@type\":\"BreadcrumbList\",\"@id\":\"https:\/\/www.famigliapaolina.net\/preghierapaolina\/le-liturgie\/3-septiembre-la-virgen-maria-madre-del-buen-pastor\/oficio-de-lectura\/?lang=es#breadcrumb\",\"itemListElement\":[{\"@type\":\"ListItem\",\"position\":1,\"name\":\"Home\",\"item\":\"https:\/\/www.famigliapaolina.net\/preghierapaolina\/\"},{\"@type\":\"ListItem\",\"position\":2,\"name\":\"Liturgie\",\"item\":\"https:\/\/www.famigliapaolina.net\/preghierapaolina\/le-liturgie\/\"},{\"@type\":\"ListItem\",\"position\":3,\"name\":\"3 de septiembre &#8211; LA VIRGEN MAR\\u00cdA, MADRE DEL BUEN PASTOR\",\"item\":\"https:\/\/www.famigliapaolina.net\/preghierapaolina\/le-liturgie\/3-septiembre-la-virgen-maria-madre-del-buen-pastor\/?lang=es\"},{\"@type\":\"ListItem\",\"position\":4,\"name\":\"Oficio de lectura\"}]}]}<\/script>\n<!-- \/ Yoast SEO plugin. -->","yoast_head_json":{"title":"Oficio de lectura - Preghiera Paolina","robots":{"index":"index","follow":"follow","max-snippet":"max-snippet:-1","max-image-preview":"max-image-preview:large","max-video-preview":"max-video-preview:-1"},"canonical":"https:\/\/www.famigliapaolina.net\/preghierapaolina\/le-liturgie\/3-septiembre-la-virgen-maria-madre-del-buen-pastor\/oficio-de-lectura\/","og_locale":"it_IT","og_type":"article","og_title":"Oficio de lectura - Preghiera Paolina","og_description":"El himno, las ant\u00edfonas y los salmos, como en la fiesta de la Virgen Mar\u00eda, Reina de los Ap\u00f3stoles &nbsp; HIMNO Madre de Dios y madre de la Iglesia, de quien todos nacimos en la cruz, eres para tus hijos el modelo que alienta nuestra fe con su virtud. Si por Ad\u00e1n nacimos en pecado, recobramos con Cristo la salud. Si por Eva perdimos la &hellip; Continua a leggere Oficio de lectura &raquo;","og_url":"https:\/\/www.famigliapaolina.net\/preghierapaolina\/le-liturgie\/3-septiembre-la-virgen-maria-madre-del-buen-pastor\/oficio-de-lectura\/?lang=es","og_site_name":"Preghiera Paolina","article_modified_time":"2022-01-04T15:45:00+00:00","twitter_card":"summary_large_image","twitter_misc":{"Tempo di lettura stimato":"13 minuti"},"schema":{"@context":"https:\/\/schema.org","@graph":[{"@type":"WebSite","@id":"https:\/\/www.famigliapaolina.net\/preghierapaolina\/#website","url":"https:\/\/www.famigliapaolina.net\/preghierapaolina\/","name":"Preghiera Paolina","description":"","potentialAction":[{"@type":"SearchAction","target":{"@type":"EntryPoint","urlTemplate":"https:\/\/www.famigliapaolina.net\/preghierapaolina\/?s={search_term_string}"},"query-input":"required name=search_term_string"}],"inLanguage":"it-IT"},{"@type":"WebPage","@id":"https:\/\/www.famigliapaolina.net\/preghierapaolina\/le-liturgie\/3-septiembre-la-virgen-maria-madre-del-buen-pastor\/oficio-de-lectura\/?lang=es#webpage","url":"https:\/\/www.famigliapaolina.net\/preghierapaolina\/le-liturgie\/3-septiembre-la-virgen-maria-madre-del-buen-pastor\/oficio-de-lectura\/?lang=es","name":"Oficio de lectura - Preghiera Paolina","isPartOf":{"@id":"https:\/\/www.famigliapaolina.net\/preghierapaolina\/#website"},"datePublished":"2021-11-16T16:42:59+00:00","dateModified":"2022-01-04T15:45:00+00:00","breadcrumb":{"@id":"https:\/\/www.famigliapaolina.net\/preghierapaolina\/le-liturgie\/3-septiembre-la-virgen-maria-madre-del-buen-pastor\/oficio-de-lectura\/?lang=es#breadcrumb"},"inLanguage":"it-IT","potentialAction":[{"@type":"ReadAction","target":["https:\/\/www.famigliapaolina.net\/preghierapaolina\/le-liturgie\/3-septiembre-la-virgen-maria-madre-del-buen-pastor\/oficio-de-lectura\/?lang=es"]}]},{"@type":"BreadcrumbList","@id":"https:\/\/www.famigliapaolina.net\/preghierapaolina\/le-liturgie\/3-septiembre-la-virgen-maria-madre-del-buen-pastor\/oficio-de-lectura\/?lang=es#breadcrumb","itemListElement":[{"@type":"ListItem","position":1,"name":"Home","item":"https:\/\/www.famigliapaolina.net\/preghierapaolina\/"},{"@type":"ListItem","position":2,"name":"Liturgie","item":"https:\/\/www.famigliapaolina.net\/preghierapaolina\/le-liturgie\/"},{"@type":"ListItem","position":3,"name":"3 de septiembre &#8211; LA VIRGEN MAR\u00cdA, MADRE DEL BUEN PASTOR","item":"https:\/\/www.famigliapaolina.net\/preghierapaolina\/le-liturgie\/3-septiembre-la-virgen-maria-madre-del-buen-pastor\/?lang=es"},{"@type":"ListItem","position":4,"name":"Oficio de lectura"}]}]}},"wpml_current_locale":"es_ES","wpml_translations":[{"locale":"it_IT","id":505,"post_title":"Ufficio letture","href":"https:\/\/www.famigliapaolina.net\/preghierapaolina\/3-settembre-beata-vergine-maria-madre-del-buon-pastore\/ufficio-letture\/"}],"_links":{"self":[{"href":"https:\/\/www.famigliapaolina.net\/preghierapaolina\/wp-json\/wp\/v2\/le-liturgie\/786"}],"collection":[{"href":"https:\/\/www.famigliapaolina.net\/preghierapaolina\/wp-json\/wp\/v2\/le-liturgie"}],"about":[{"href":"https:\/\/www.famigliapaolina.net\/preghierapaolina\/wp-json\/wp\/v2\/types\/le-liturgie"}],"up":[{"embeddable":true,"href":"https:\/\/www.famigliapaolina.net\/preghierapaolina\/wp-json\/wp\/v2\/le-liturgie\/697"}],"wp:attachment":[{"href":"https:\/\/www.famigliapaolina.net\/preghierapaolina\/wp-json\/wp\/v2\/media?parent=786"}],"curies":[{"name":"wp","href":"https:\/\/api.w.org\/{rel}","templated":true}]}}