{"id":811,"date":"2021-09-07T13:23:38","date_gmt":"2021-09-07T11:23:38","guid":{"rendered":"https:\/\/www.famigliapaolina.net\/preghierapaolina\/le-liturgie\/26-noviembre-beato-santiago-alberione\/vespri\/"},"modified":"2022-01-07T18:01:53","modified_gmt":"2022-01-07T17:01:53","slug":"visperas","status":"publish","type":"le-liturgie","link":"https:\/\/www.famigliapaolina.net\/preghierapaolina\/le-liturgie\/26-noviembre-beato-santiago-alberione\/visperas\/?lang=es","title":{"rendered":"V\u00edsperas"},"content":{"rendered":"<p><span style=\"color: #800000;\"><strong>HIMNO<\/strong><\/span><\/p>\n<p>Los signos de los tiempos<br \/>\nle\u00edste como nadie.<br \/>\nTodo el af\u00e1n de Pablo<br \/>\nvibr\u00f3 en tu coraz\u00f3n.<br \/>\nTu parroquia fue el mundo;<br \/>\ntu p\u00falpito, los medios<br \/>\nde comunicaci\u00f3n.<\/p>\n<p>Como Pablo miraste a lo alto<br \/>\ny alzaste tu vuelo.<br \/>\nComo Pablo en el diario trabajo,<br \/>\nbuscaste el sustento.<br \/>\nComo Pablo t\u00fa abriste caminos<br \/>\nllegando a otros pueblos.<br \/>\nComo Pablo desprecio sufriste<br \/>\npor el Evangelio.<\/p>\n<p>Como Pablo a su tiempo le hablaba,<br \/>\nle hablaste a tu tiempo.<br \/>\nComo Pablo, le diste a tu mundo<br \/>\nnoticia del Reino.<br \/>\nAquel fuego que a Pablo abrasaba<br \/>\nfue tu mismo fuego,<br \/>\ny el empe\u00f1o y amor con que amaba<br \/>\nfue tu amor y empe\u00f1o. Am\u00e9n.<\/p>\n<p>&nbsp;<\/p>\n<p><strong><span style=\"color: #800000;\">SALMODIA<\/span><\/strong><\/p>\n<p>&nbsp;<\/p>\n<p><span style=\"color: #800000;\">Ant. 1.<\/span> Soy ministro del Evangelio por el don de la gracia de Dios.<\/p>\n<p>&nbsp;<\/p>\n<p><strong><span style=\"color: #800000;\">SALMO 14<\/span><\/strong><\/p>\n<p><span style=\"color: #800000;\">\u00bfQui\u00e9n es justo ante el Se\u00f1or?<\/span><\/p>\n<p><em>Os hab\u00e9is acercado al monte Si\u00f3n, ciudad del Dios vivo (Hb 12, 22)<\/em><\/p>\n<p>&nbsp;<\/p>\n<p>Se\u00f1or, \u00bfqui\u00e9n puede hospedarse en tu tienda<br \/>\ny habitar en tu monte santo?<\/p>\n<p>El que procede honradamente<br \/>\ny practica la justicia,<br \/>\nel que tiene intenciones leales<br \/>\ny no calumnia con su lengua,<\/p>\n<p>el que no hace mal a su pr\u00f3jimo<br \/>\nni difama al vecino,<br \/>\nel que considera despreciable al imp\u00edo<br \/>\ny honra a los que temen al Se\u00f1or,<\/p>\n<p>el que no retracta lo que jur\u00f3<br \/>\naun en da\u00f1o propio,<br \/>\nel que no presta dinero a usura<br \/>\nni acepta soborno contra el inocente.<\/p>\n<p>El que as\u00ed obra nunca fallar\u00e1.<\/p>\n<p>&nbsp;<\/p>\n<p><span style=\"color: #800000;\">Ant. 1.<\/span> Soy ministro del Evangelio por el don de la gracia de Dios.<\/p>\n<p><span style=\"color: #800000;\">Ant. 2<\/span>. \u00c9ste es el criado fiel y sol\u00edcito a quien el amo ha puesto al frente de su servidumbre.<\/p>\n<p>&nbsp;<\/p>\n<p><span style=\"color: #800000;\"><strong>SALMO 111<\/strong><\/span><\/p>\n<p><span style=\"color: #800000;\">Felicidad del justo<\/span><\/p>\n<p><em>Caminad como hijos de la luz: toda bondad, justicia y verdad son fruto de la luz (Ef 5, 8-9)<\/em><\/p>\n<p>&nbsp;<\/p>\n<p>Dichoso quien teme al Se\u00f1or<br \/>\ny ama de coraz\u00f3n sus mandatos.<br \/>\nSu linaje ser\u00e1 poderoso en la tierra,<br \/>\nla descendencia del justo ser\u00e1 bendita.<\/p>\n<p>En su casa habr\u00e1 riquezas y abundancia<br \/>\nsu caridad es constante, sin falta.<br \/>\nEn las tinieblas brilla como una luz<br \/>\nel que es justo, clemente y compasivo<\/p>\n<p>Dichoso el que se apiada y presta,<br \/>\ny administra rectamente sus asuntos.<br \/>\nEl justo jam\u00e1s vacilar\u00e1,<br \/>\nsu recuerdo ser\u00e1 perpetuo.<\/p>\n<p>No temer\u00e1 las malas noticias,<br \/>\nsu coraz\u00f3n est\u00e1 firme en el Se\u00f1or.<\/p>\n<p>Su coraz\u00f3n est\u00e1 seguro, sin temor,<br \/>\nhasta que vea derrotados a sus enemigos.<\/p>\n<p>Reparte limosna a los pobres;<br \/>\nsu caridad es constante, sin falta,<br \/>\ny alzar\u00e1 la frente con dignidad.<\/p>\n<p>El malvado, al verlo, se irritar\u00e1,<br \/>\nrechinar\u00e1 los dientes hasta consumirse.<br \/>\nLa ambici\u00f3n del malvado fracasar\u00e1.<\/p>\n<p>&nbsp;<\/p>\n<p><span style=\"color: #800000;\">\u00a0Ant. 2.<\/span> \u00c9ste es el criado fiel y sol\u00edcito a quien el amo ha puesto al frente de su servidumbre.<\/p>\n<p><span style=\"color: #800000;\">\u00a0Ant. 3.<\/span> Mis ovejas escuchar\u00e1n mi voz, y habr\u00e1 un solo reba\u00f1o, un solo Pastor.<\/p>\n<p>&nbsp;<\/p>\n<p style=\"text-align: left;\"><strong><span style=\"color: #800000;\">C\u00c1NTICO Ap 15, 3-4<\/span><\/strong><br \/>\n<span style=\"color: #800000;\">Himno de adoraci\u00f3n<\/span><\/p>\n<p>Grandes y maravillosas son tus obras,<br \/>\nSe\u00f1or, Dios omnipotente,<br \/>\njustos y verdaderos tus caminos,<br \/>\n\u00a1oh Rey de los siglos!<\/p>\n<p>\u00bfQui\u00e9n no temer\u00e1, Se\u00f1or,<br \/>\ny glorificar\u00e1 tu nombre?<br \/>\nPorque t\u00fa solo eres santo,<br \/>\nporque vendr\u00e1n todas las naciones<br \/>\ny se postrar\u00e1n en tu acatamiento,<br \/>\nporque tus juicios se hicieron manifiestos.<\/p>\n<p><span style=\"color: #800000;\">\u00a0Ant. 3.<\/span> Mis ovejas escuchar\u00e1n mi voz, y habr\u00e1 un solo reba\u00f1o, un solo Pastor.<\/p>\n<p>&nbsp;<\/p>\n<p><span style=\"color: #800000;\"><strong>LECTURA BREVE<\/strong> <\/span><br \/>\n<span style=\"color: #800000;\">Rm 8, 28-30<\/span><\/p>\n<p>Sabemos que a los que aman a Dios todo les sirve para el bien: a los que ha llamado conforme a su designio. A los que hab\u00eda escogido, Dios los predestin\u00f3 a ser imagen de su Hijo, para que \u00e9l fuera el primog\u00e9nito de muchos hermanos. A los que predestin\u00f3, los llam\u00f3; a los que llam\u00f3, los justific\u00f3; a los que justific\u00f3, los glorific\u00f3.<\/p>\n<p>&nbsp;<\/p>\n<p><strong><span style=\"color: #800000;\">RESPONSORIO BREVE\u00a0<\/span><\/strong><\/p>\n<p><span style=\"color: #800000;\">R\/.<\/span>\u00a0 El Se\u00f1or es justo <span style=\"color: #800000;\">*<\/span> Y ama la justicia. El Se\u00f1or.<\/p>\n<p><span style=\"color: #800000;\">V\/.<\/span>\u00a0 Los buenos ver\u00e1n su rostro. <span style=\"color: #800000;\">*<\/span> Y ama la justicia. Gloria al Padre. El Se\u00f1or.<\/p>\n<p><em>\u00a0<\/em><\/p>\n<p><span style=\"color: #800000;\">Magn\u00edficat, ant.<\/span> \u00c9ste es el criado fiel y sol\u00edcito a quien el amo ha puesto al frente de su servidumbre para que les reparta la raci\u00f3n a sus horas.<\/p>\n<p><span style=\"color: #800000;\">o bien:<\/span><\/p>\n<p>Te doy gracias, Cristo, pastor bueno, porque has querido glorificarme; te suplico que las ovejas que pusiste a mi cuidado participen conmigo eternamente de tu gloria.<\/p>\n<p>&nbsp;<\/p>\n<p><strong><span style=\"color: #800000;\">MAGN\u00cdFICAT Lc 1, 46-55<\/span><\/strong><br \/>\n<span style=\"color: #800000;\">Alegr\u00eda del alma en el Se\u00f1or<\/span><\/p>\n<p>Proclama mi alma la grandeza del Se\u00f1or,<br \/>\nse alegra mi esp\u00edritu en Dios mi salvador;<br \/>\nporque ha mirado la humillaci\u00f3n de su esclava.<\/p>\n<p>Desde ahora me felicitar\u00e1n todas las generaciones,<br \/>\nporque el Poderoso ha hecho obras grandes por m\u00ed:<br \/>\nsu nombre es santo<br \/>\ny su misericordia llega a sus fieles<br \/>\nde generaci\u00f3n en generaci\u00f3n.<\/p>\n<p>\u00c9l hace proezas con su brazo:<br \/>\ndispersa a los soberbios de coraz\u00f3n,<br \/>\nderriba del trono a los poderosos<br \/>\ny enaltece a los humildes,<br \/>\na los hambrientos los colma de bienes<br \/>\ny a los ricos los despide vac\u00edos.<\/p>\n<p>Auxilia a Israel, su siervo,<br \/>\nacord\u00e1ndose de su misericordia<br \/>\n\u2014como lo hab\u00eda prometido a nuestros padres\u2014<br \/>\nen favor de Abraham y su descendencia por siempre.<\/p>\n<p><em>\u00a0<\/em><\/p>\n<p><span style=\"color: #800000;\">Magn\u00edficat, ant.<\/span> \u00c9ste es el criado fiel y sol\u00edcito a quien el amo ha puesto al frente de su servidumbre para que les reparta la raci\u00f3n a sus horas.<\/p>\n<p><span style=\"color: #800000;\">o bien:<\/span><\/p>\n<p>Te doy gracias, Cristo, pastor bueno, porque has querido glorificarme; te suplico que las ovejas que pusiste a mi cuidado participen conmigo eternamente de tu gloria.<\/p>\n<p>&nbsp;<\/p>\n<p><span style=\"color: #800000;\"><strong>PRECES<\/strong><\/span><\/p>\n<p>Unidos en la oraci\u00f3n con todos nuestros hermanos y hermanas dispersos por el mundo, invoquemos con fe al Divino Maestro y Pastor, y digamos:<\/p>\n<p><em>Haznos disc\u00edpulos tuyos y esc\u00fachanos, Se\u00f1or.<\/em><\/p>\n<p>T\u00fa que, por medio de nuestro Fundador, nos has llamado a renovar en la Iglesia el celo de los primeros ap\u00f3stoles, siendo \u00absan Pablo vivo hoy\u00bb,<br \/>\n<span style=\"color: #800000;\">\u2014<\/span> concede a todos los heraldos del Evangelio sabidur\u00eda y santidad.<\/p>\n<p>T\u00fa que, a la escuela del beato Alberione, nos has ense\u00f1ado a cultivar \u00abla oraci\u00f3n ante todo, sobre todo, vida de todo\u00bb,<br \/>\n<span style=\"color: #800000;\">\u2014<\/span> ens\u00e9\u00f1anos a buscar ante el sagrario la luz y la fuerza de tu Esp\u00edritu.<\/p>\n<p>T\u00fa que sostuviste al beato Alberione en sus dificultades con las palabras: \u00abYo estoy con vosotros. No tem\u00e1is\u00bb,<br \/>\n<span style=\"color: #800000;\">\u2014<\/span> danos fe constante en tu asistencia y la superaci\u00f3n de todo temor.<\/p>\n<p>T\u00fa que dijiste a tu siervo: \u00abDesde aqu\u00ed quiero iluminar\u00bb,<br \/>\n<span style=\"color: #800000;\">\u2014<\/span> no permitas que pongamos obst\u00e1culos a tu Luz, y haznos transparentes difusores de la Verdad que salva.<\/p>\n<p>T\u00fa que nos has pedido que vivamos \u00aben continua conversi\u00f3n\u00bb, confiando plenamente en tu misericordia,<br \/>\n<span style=\"color: #800000;\">\u2014<\/span> despierta en nosotros ese deseo y haz que seamos conscientes de nuestra pobreza.<\/p>\n<p>T\u00fa que inspiraste al Padre Alberione, moribundo, el testamento de sus \u00faltimas palabras: \u00abPara\u00edso, para\u00edso\u00bb,<br \/>\n<span style=\"color: #800000;\">\u2014<\/span> concede a nuestros hermanos y hermanas difuntos, el gozo del premio eterno con todos los santos del cielo.<\/p>\n<p>Padre nuestro.<\/p>\n<p>&nbsp;<\/p>\n<p><strong><span style=\"color: #800000;\">ORACI\u00d3N<\/span><\/strong><\/p>\n<p>Oh Dios, que has suscitado en tu Iglesia al beato Santiago Alberione, presb\u00edtero, para que, con las diversas formas de comunicaci\u00f3n, anunciara al mundo a tu Hijo, que es camino, verdad y vida; conc\u00e9denos, te rogamos, que, siguiendo su ejemplo, contribuyamos asiduamente a la predicaci\u00f3n del Evangelio a todos los hombres. Por nuestro Se\u00f1or Jesucristo, tu Hijo, que vive y reina contigo en la unidad del Esp\u00edritu Santo y es Dios por los siglos de los siglos.<\/p>\n<p>&nbsp;<\/p>\n","protected":false},"featured_media":0,"parent":716,"menu_order":5,"template":"","acf":{"attachment_list":false,"hide_wp_ba":false,"acf_hide_title":false},"yoast_head":"<!-- This site is optimized with the Yoast SEO plugin v17.6 - https:\/\/yoast.com\/wordpress\/plugins\/seo\/ -->\n<title>V\u00edsperas - Preghiera Paolina<\/title>\n<meta name=\"robots\" content=\"index, follow, max-snippet:-1, max-image-preview:large, max-video-preview:-1\" \/>\n<link rel=\"canonical\" href=\"https:\/\/www.famigliapaolina.net\/preghierapaolina\/le-liturgie\/26-noviembre-beato-santiago-alberione\/visperas\/\" \/>\n<meta property=\"og:locale\" content=\"it_IT\" \/>\n<meta property=\"og:type\" content=\"article\" \/>\n<meta property=\"og:title\" content=\"V\u00edsperas - Preghiera Paolina\" \/>\n<meta property=\"og:description\" content=\"HIMNO Los signos de los tiempos le\u00edste como nadie. Todo el af\u00e1n de Pablo vibr\u00f3 en tu coraz\u00f3n. Tu parroquia fue el mundo; tu p\u00falpito, los medios de comunicaci\u00f3n. Como Pablo miraste a lo alto y alzaste tu vuelo. Como Pablo en el diario trabajo, buscaste el sustento. Como Pablo t\u00fa abriste caminos llegando a otros pueblos. Como Pablo desprecio sufriste por el Evangelio. Como &hellip; Continua a leggere V\u00edsperas &raquo;\" \/>\n<meta property=\"og:url\" content=\"https:\/\/www.famigliapaolina.net\/preghierapaolina\/le-liturgie\/26-noviembre-beato-santiago-alberione\/visperas\/?lang=es\" \/>\n<meta property=\"og:site_name\" content=\"Preghiera Paolina\" \/>\n<meta property=\"article:modified_time\" content=\"2022-01-07T17:01:53+00:00\" \/>\n<meta name=\"twitter:card\" content=\"summary_large_image\" \/>\n<meta name=\"twitter:label1\" content=\"Tempo di lettura stimato\" \/>\n\t<meta name=\"twitter:data1\" content=\"6 minuti\" \/>\n<script type=\"application\/ld+json\" class=\"yoast-schema-graph\">{\"@context\":\"https:\/\/schema.org\",\"@graph\":[{\"@type\":\"WebSite\",\"@id\":\"https:\/\/www.famigliapaolina.net\/preghierapaolina\/#website\",\"url\":\"https:\/\/www.famigliapaolina.net\/preghierapaolina\/\",\"name\":\"Preghiera Paolina\",\"description\":\"\",\"potentialAction\":[{\"@type\":\"SearchAction\",\"target\":{\"@type\":\"EntryPoint\",\"urlTemplate\":\"https:\/\/www.famigliapaolina.net\/preghierapaolina\/?s={search_term_string}\"},\"query-input\":\"required name=search_term_string\"}],\"inLanguage\":\"it-IT\"},{\"@type\":\"WebPage\",\"@id\":\"https:\/\/www.famigliapaolina.net\/preghierapaolina\/le-liturgie\/26-noviembre-beato-santiago-alberione\/visperas\/?lang=es#webpage\",\"url\":\"https:\/\/www.famigliapaolina.net\/preghierapaolina\/le-liturgie\/26-noviembre-beato-santiago-alberione\/visperas\/?lang=es\",\"name\":\"V\\u00edsperas - Preghiera Paolina\",\"isPartOf\":{\"@id\":\"https:\/\/www.famigliapaolina.net\/preghierapaolina\/#website\"},\"datePublished\":\"2021-09-07T11:23:38+00:00\",\"dateModified\":\"2022-01-07T17:01:53+00:00\",\"breadcrumb\":{\"@id\":\"https:\/\/www.famigliapaolina.net\/preghierapaolina\/le-liturgie\/26-noviembre-beato-santiago-alberione\/visperas\/?lang=es#breadcrumb\"},\"inLanguage\":\"it-IT\",\"potentialAction\":[{\"@type\":\"ReadAction\",\"target\":[\"https:\/\/www.famigliapaolina.net\/preghierapaolina\/le-liturgie\/26-noviembre-beato-santiago-alberione\/visperas\/?lang=es\"]}]},{\"@type\":\"BreadcrumbList\",\"@id\":\"https:\/\/www.famigliapaolina.net\/preghierapaolina\/le-liturgie\/26-noviembre-beato-santiago-alberione\/visperas\/?lang=es#breadcrumb\",\"itemListElement\":[{\"@type\":\"ListItem\",\"position\":1,\"name\":\"Home\",\"item\":\"https:\/\/www.famigliapaolina.net\/preghierapaolina\/\"},{\"@type\":\"ListItem\",\"position\":2,\"name\":\"Liturgie\",\"item\":\"https:\/\/www.famigliapaolina.net\/preghierapaolina\/le-liturgie\/\"},{\"@type\":\"ListItem\",\"position\":3,\"name\":\"26 de noviembre &#8211; BEATO SANTIAGO ALBERIONE\",\"item\":\"https:\/\/www.famigliapaolina.net\/preghierapaolina\/le-liturgie\/26-noviembre-beato-santiago-alberione\/?lang=es\"},{\"@type\":\"ListItem\",\"position\":4,\"name\":\"V\\u00edsperas\"}]}]}<\/script>\n<!-- \/ Yoast SEO plugin. -->","yoast_head_json":{"title":"V\u00edsperas - Preghiera Paolina","robots":{"index":"index","follow":"follow","max-snippet":"max-snippet:-1","max-image-preview":"max-image-preview:large","max-video-preview":"max-video-preview:-1"},"canonical":"https:\/\/www.famigliapaolina.net\/preghierapaolina\/le-liturgie\/26-noviembre-beato-santiago-alberione\/visperas\/","og_locale":"it_IT","og_type":"article","og_title":"V\u00edsperas - Preghiera Paolina","og_description":"HIMNO Los signos de los tiempos le\u00edste como nadie. Todo el af\u00e1n de Pablo vibr\u00f3 en tu coraz\u00f3n. Tu parroquia fue el mundo; tu p\u00falpito, los medios de comunicaci\u00f3n. Como Pablo miraste a lo alto y alzaste tu vuelo. Como Pablo en el diario trabajo, buscaste el sustento. Como Pablo t\u00fa abriste caminos llegando a otros pueblos. Como Pablo desprecio sufriste por el Evangelio. Como &hellip; Continua a leggere V\u00edsperas &raquo;","og_url":"https:\/\/www.famigliapaolina.net\/preghierapaolina\/le-liturgie\/26-noviembre-beato-santiago-alberione\/visperas\/?lang=es","og_site_name":"Preghiera Paolina","article_modified_time":"2022-01-07T17:01:53+00:00","twitter_card":"summary_large_image","twitter_misc":{"Tempo di lettura stimato":"6 minuti"},"schema":{"@context":"https:\/\/schema.org","@graph":[{"@type":"WebSite","@id":"https:\/\/www.famigliapaolina.net\/preghierapaolina\/#website","url":"https:\/\/www.famigliapaolina.net\/preghierapaolina\/","name":"Preghiera Paolina","description":"","potentialAction":[{"@type":"SearchAction","target":{"@type":"EntryPoint","urlTemplate":"https:\/\/www.famigliapaolina.net\/preghierapaolina\/?s={search_term_string}"},"query-input":"required name=search_term_string"}],"inLanguage":"it-IT"},{"@type":"WebPage","@id":"https:\/\/www.famigliapaolina.net\/preghierapaolina\/le-liturgie\/26-noviembre-beato-santiago-alberione\/visperas\/?lang=es#webpage","url":"https:\/\/www.famigliapaolina.net\/preghierapaolina\/le-liturgie\/26-noviembre-beato-santiago-alberione\/visperas\/?lang=es","name":"V\u00edsperas - Preghiera Paolina","isPartOf":{"@id":"https:\/\/www.famigliapaolina.net\/preghierapaolina\/#website"},"datePublished":"2021-09-07T11:23:38+00:00","dateModified":"2022-01-07T17:01:53+00:00","breadcrumb":{"@id":"https:\/\/www.famigliapaolina.net\/preghierapaolina\/le-liturgie\/26-noviembre-beato-santiago-alberione\/visperas\/?lang=es#breadcrumb"},"inLanguage":"it-IT","potentialAction":[{"@type":"ReadAction","target":["https:\/\/www.famigliapaolina.net\/preghierapaolina\/le-liturgie\/26-noviembre-beato-santiago-alberione\/visperas\/?lang=es"]}]},{"@type":"BreadcrumbList","@id":"https:\/\/www.famigliapaolina.net\/preghierapaolina\/le-liturgie\/26-noviembre-beato-santiago-alberione\/visperas\/?lang=es#breadcrumb","itemListElement":[{"@type":"ListItem","position":1,"name":"Home","item":"https:\/\/www.famigliapaolina.net\/preghierapaolina\/"},{"@type":"ListItem","position":2,"name":"Liturgie","item":"https:\/\/www.famigliapaolina.net\/preghierapaolina\/le-liturgie\/"},{"@type":"ListItem","position":3,"name":"26 de noviembre &#8211; BEATO SANTIAGO ALBERIONE","item":"https:\/\/www.famigliapaolina.net\/preghierapaolina\/le-liturgie\/26-noviembre-beato-santiago-alberione\/?lang=es"},{"@type":"ListItem","position":4,"name":"V\u00edsperas"}]}]}},"wpml_current_locale":"es_ES","wpml_translations":[{"locale":"it_IT","id":146,"post_title":"Vespri","href":"https:\/\/www.famigliapaolina.net\/preghierapaolina\/26-novembre-beato-giacomo-alberione\/vespri\/"},{"locale":"fr_FR","id":881,"post_title":"V\u00eapres","href":"https:\/\/www.famigliapaolina.net\/preghierapaolina\/\/26-novembre-bienheureux-jacques-alberione-pretre-et-fondateur\/vepres\/?lang=fr\/"},{"locale":"ko_KR","id":2724,"post_title":"\uc800\ub141\uae30\ub3c4","href":"https:\/\/www.famigliapaolina.net\/preghierapaolina\/\/11%ec%9b%94-26%ec%9d%bc-%eb%b3%b5%ec%9e%90-%ec%95%bc%ea%b3%a0%eb%b3%b4-%ec%95%8c%eb%b2%a0%eb%a6%ac%ec%98%a4%eb%84%a4-%ec%82%ac%ec%a0%9c-%ec%b6%95%ec%9d%bc%eb%b0%b1\/%ec%a0%80%eb%85%81%ea%b8%b0%eb%8f%84\/?lang=ko\/"}],"_links":{"self":[{"href":"https:\/\/www.famigliapaolina.net\/preghierapaolina\/wp-json\/wp\/v2\/le-liturgie\/811"}],"collection":[{"href":"https:\/\/www.famigliapaolina.net\/preghierapaolina\/wp-json\/wp\/v2\/le-liturgie"}],"about":[{"href":"https:\/\/www.famigliapaolina.net\/preghierapaolina\/wp-json\/wp\/v2\/types\/le-liturgie"}],"up":[{"embeddable":true,"href":"https:\/\/www.famigliapaolina.net\/preghierapaolina\/wp-json\/wp\/v2\/le-liturgie\/716"}],"wp:attachment":[{"href":"https:\/\/www.famigliapaolina.net\/preghierapaolina\/wp-json\/wp\/v2\/media?parent=811"}],"curies":[{"name":"wp","href":"https:\/\/api.w.org\/{rel}","templated":true}]}}