{"id":873,"date":"2022-01-15T10:05:28","date_gmt":"2022-01-15T09:05:28","guid":{"rendered":"https:\/\/www.famigliapaolina.net\/preghierapaolina\/?post_type=le-liturgie&#038;p=873"},"modified":"2022-01-18T09:32:18","modified_gmt":"2022-01-18T08:32:18","slug":"vepres","status":"publish","type":"le-liturgie","link":"https:\/\/www.famigliapaolina.net\/preghierapaolina\/le-liturgie\/notre-seigneur-jesus-christ-divin-maitre\/vepres\/?lang=fr","title":{"rendered":"V\u00eapres"},"content":{"rendered":"<p><strong><span style=\"color: #800000;\">HYMNE<\/span><\/strong><\/p>\n<p>Christ, source \u00e9ternelle de Vie,<br \/>\nsur toi se greffe toute vie ;<br \/>\ntu brises les liens de la mort<br \/>\net tu redonnes la vie.<\/p>\n<p>Tu quittes ton Royaume bienheureux<br \/>\npour nous donner la vie.<br \/>\nDe ton c\u00f4t\u00e9 transperc\u00e9<br \/>\nelle jaillit en abondance.<\/p>\n<p>Ren\u00e9s par le Bapt\u00eame, tu fais de nous<br \/>\ndes membres de ton Corps mystique.<br \/>\nTu nous enrichis de la gr\u00e2ce divine<br \/>\nqui jaillit des sacrements.<\/p>\n<p>Ainsi, notre nature d\u00e9chue<br \/>\npar la faute d\u2019Adam<br \/>\nrecouvre sa dignit\u00e9<br \/>\nen vue de la r\u00e9compense du ciel.<\/p>\n<p>La paix fait prosp\u00e9rer les peuples,<br \/>\nles nations vivent dans la paix,<br \/>\nl\u2019innocence sourit<br \/>\ndans chaque foyer.<\/p>\n<p>J\u00e9sus, v\u00e9rit\u00e9 \u00e9ternelle,<br \/>\ntu es pour nous le Chemin de la Vie ;<br \/>\n\u00e0 Toi, au P\u00e8re, \u00e0 l\u2019Esprit Saint,<br \/>\nhonneur, puissance et gloire. Amen.<\/p>\n<p>&nbsp;<\/p>\n<p><span style=\"color: #800000;\"><strong>PSAUME<\/strong> <strong>109 <\/strong>Le Messie vainqueur, roi et pr\u00eatre<\/span><\/p>\n<p><em>Il faut qu\u2019il r\u00e8gne jusqu\u2019au jour o\u00f9 il aura mis sous ses pieds tous ses ennemis. <\/em>1 Co 15, 25<\/p>\n<p><span style=\"color: #800000;\">Ant.<\/span> J\u00e9sus Christ, apr\u00e8s avoir offert pour les p\u00e9ch\u00e9s un unique sacrifice,<br \/>\ns\u2019est assis pour toujours \u00e0 la droite de Dieu le P\u00e8re.<\/p>\n<p>Oracle du Seigne<u>u<\/u>r \u00e0 mon Seigneur :<br \/>\n\u00ab Si<u>\u00e8<\/u>ge \u00e0 ma droite, *<br \/>\net je fer<u>a<\/u>i de tes ennemis<br \/>\nle marchepi<u>e<\/u>d de ton tr\u00f4ne. \u00bb<\/p>\n<p>De Sion, le Seigne<u>u<\/u>r te pr\u00e9sente<br \/>\nle sc<u>e<\/u>ptre de ta force : *<br \/>\n\u00ab Domine jusqu\u2019au c\u0153<u>u<\/u>r de l\u2019ennemi. \u00bb<\/p>\n<p>Le jour o\u00f9 par<u>a<\/u>\u00eet ta puissance,<br \/>\ntu es prince, \u00e9blouiss<u>a<\/u>nt de saintet\u00e9 : *<br \/>\n\u00ab Comme la ros\u00e9e qui n<u>a<\/u>\u00eet de l\u2019aurore,<br \/>\nje t\u2019<u>a<\/u>i engendr\u00e9. \u00bb<\/p>\n<p>Le Seigne<u>u<\/u>r l\u2019a jur\u00e9<br \/>\ndans un serm<u>e<\/u>nt irr\u00e9vocable : *<br \/>\n\u00ab Tu es pr<u>\u00ea<\/u>tre \u00e0 jamais<br \/>\nselon l\u2019ordre du r<u>o<\/u>i Melchis\u00e9dek. \u00bb<\/p>\n<p>\u00c0 ta droite se ti<u>e<\/u>nt le Seigneur : *<br \/>\nil brise les rois au jo<u>u<\/u>r de sa col\u00e8re.<\/p>\n<p>Au torrent, il s\u2019abre<u>u<\/u>ve en chemin, *<br \/>\nc\u2019est pourquoi il redr<u>e<\/u>sse la t\u00eate.<\/p>\n<p><span style=\"color: #800000;\">Ant.<\/span> J\u00e9sus Christ, apr\u00e8s avoir offert pour les p\u00e9ch\u00e9s un unique sacrifice,<br \/>\ns\u2019est assis pour toujours \u00e0 la droite de Dieu le P\u00e8re.<\/p>\n<p>&nbsp;<\/p>\n<p><span style=\"color: #800000;\"><strong>PSAUME<\/strong> <strong>113 A <\/strong>Les merveilles de Dieu pendant l\u2019Exode<\/span><\/p>\n<p><em>Baptis\u00e9s en J\u00e9sus Christ, c\u2019est dans sa mort que nous avons \u00e9t\u00e9 baptis\u00e9s<\/em>. Rm 6, 3<\/p>\n<p><span style=\"color: #800000;\">Ant.<\/span> Nul n\u2019est mont\u00e9 au ciel sinon celui qui est descendu du ciel, le Fils de l\u2019homme.<\/p>\n<p>Quand Isra<u>\u00eb<\/u>l sortit d\u2019\u00c9gypte,<br \/>\net Jacob, de chez un pe<u>u<\/u>ple \u00e9tranger,<br \/>\nJuda fut pour Die<u>u<\/u> un sanctuaire,<br \/>\nIsra\u00ebl dev<u>i<\/u>nt son domaine.<\/p>\n<p>La mer v<u>o<\/u>it et s\u2019enfuit,<br \/>\nle Jourdain reto<u>u<\/u>rne en arri\u00e8re.<br \/>\nComme des b\u00e9liers, bond<u>i<\/u>ssent les montagnes,<br \/>\net les collines, c<u>o<\/u>mme des agneaux.<\/p>\n<p>Qu\u2019as-tu, m<u>e<\/u>r, \u00e0 t\u2019enfuir,<br \/>\nJourdain, \u00e0 retourn<u>e<\/u>r en arri\u00e8re ?<br \/>\nMontagnes, pourquoi bond<u>i<\/u>r comme des b\u00e9liers,<br \/>\ncollines, c<u>o<\/u>mme des agneaux ?<\/p>\n<p>Tremble, t<u>e<\/u>rre, devant le Ma\u00eetre,<br \/>\ndevant la face du Die<u>u<\/u> de Jacob,<br \/>\nlui qui change le roch<u>e<\/u>r en source<br \/>\net la pi<u>e<\/u>rre en fontaine.<\/p>\n<p><span style=\"color: #800000;\">Ant.<\/span> Nul n\u2019est mont\u00e9 au ciel sinon celui qui est descendu du ciel, le Fils de l\u2019homme.<\/p>\n<p>&nbsp;<\/p>\n<p><span style=\"color: #800000;\"><strong>CANTIQUE<\/strong> Le myst\u00e8re pascal<\/span><\/p>\n<p><em>Le Christ, serviteur de Dieu<\/em><\/p>\n<p><span style=\"color: #800000;\">Ant.<\/span> Le Fils de Dieu, notre Ma\u00eetre,<br \/>\nest devenu pour tous ceux qui lui ob\u00e9issent la cause du salut \u00e9ternel.<\/p>\n<p>Le Christ J\u00e9sus, +<br \/>\nayant la conditi<u>o<\/u>n de Dieu,<br \/>\nne retint pas jalousement<br \/>\nle rang qui l\u2019\u00e9gal<u>a<\/u>it \u00e0 Dieu.<\/p>\n<p>Mais il s\u2019<u>e<\/u>st an\u00e9anti, *<br \/>\nprenant la conditi<u>o<\/u>n de serviteur,<br \/>\ndevenant semblable aux hommes.<\/p>\n<p>Reconnu h<u>o<\/u>mme \u00e0 son aspect, *<br \/>\nil s\u2019<u>e<\/u>st abaiss\u00e9,<br \/>\ndevenant ob\u00e9iss<u>a<\/u>nt jusqu\u2019\u00e0 la mort, *<br \/>\net la m<u>o<\/u>rt de la croix.<\/p>\n<p>C\u2019est pourquoi Die<u>u<\/u> l\u2019a exalt\u00e9 : *<br \/>\nil l\u2019a dot\u00e9 du Nom<br \/>\nqui est au-dess<u>u<\/u>s de tout nom,<\/p>\n<p>afin qu\u2019au nom de J\u00e9sus<br \/>\ntout geno<u>u<\/u> fl\u00e9chisse *<br \/>\nau ciel, sur t<u>e<\/u>rre et aux enfers,<\/p>\n<p>et que toute langue proclame :<br \/>\n\u00ab J\u00e9sus Chr<u>i<\/u>st est Seigneur \u00bb *<br \/>\n\u00e0 la gloire de Die<u>u<\/u> le P\u00e8re.<\/p>\n<p><span style=\"color: #800000;\">Ant.<\/span> Le Fils de Dieu, notre Ma\u00eetre,<br \/>\nest devenu pour tous ceux qui lui ob\u00e9issent la cause du salut \u00e9ternel.<\/p>\n<p>&nbsp;<\/p>\n<p><span style=\"color: #800000;\"><strong>LA PAROLE DE DIEU \u00a0\u00a0\u00a0\u00a0<\/strong><br \/>\nEp 2, 4-7<\/span><\/p>\n<p>Mais Dieu est riche en mis\u00e9ricorde ; \u00e0 cause du grand amour dont il nous a aim\u00e9s, nous qui \u00e9tions des morts par suite de nos fautes, il nous a donn\u00e9 la vie avec le Christ : c\u2019est bien par gr\u00e2ce que vous \u00eates sauv\u00e9s. Avec lui, il nous a ressuscit\u00e9s et il nous a fait si\u00e9ger aux cieux, dans le Christ J\u00e9sus. Il a voulu ainsi montrer, au long des \u00e2ges futurs, la richesse surabondante de sa gr\u00e2ce, par sa bont\u00e9 pour nous dans le Christ J\u00e9sus.<\/p>\n<p>&nbsp;<\/p>\n<p><strong><span style=\"color: #800000;\">R\u00c9PONS<\/span><\/strong><\/p>\n<p><span style=\"color: #800000;\">R\/<\/span> Moi, je suis la vigne, vous les sarments. Celui qui demeure en moi et en qui je demeure, donne beaucoup de fruit. <span style=\"color: #800000;\">* <\/span>En dehors de moi, vous ne pouvez rien faire.<br \/>\n<span style=\"color: #800000;\">V\/<\/span> De m\u00eame que le sarment ne peut pas porter du fruit par lui-m\u00eame s\u2019il ne demeure pas sur la vigne, de m\u00eame, vous non plus, si vous ne demeurez pas en moi.<br \/>\n<span style=\"color: #800000;\">*<\/span> En dehors de moi, vous ne pouvez rien faire.<br \/>\nGloire au P\u00e8re, et au Fils, et au Saint-Esprit.<br \/>\n<span style=\"color: #800000;\">R\/<\/span> Moi, je suis la vigne, vous, les sarments. Celui qui demeure en moi et en qui je demeure, donne beaucoup de fruit.<\/p>\n<p>&nbsp;<\/p>\n<p><strong><span style=\"color: #800000;\">CANTIQUE DE MARIE (LC 1)<\/span><\/strong><\/p>\n<p><span style=\"color: #800000;\">Ant.<\/span> Je suis le Chemin, la V\u00e9rit\u00e9 et la Vie.<br \/>\nCelui qui demeure en moi ne marche pas dans les t\u00e9n\u00e8bres,<br \/>\nil aura la lumi\u00e8re de la vie. All\u00e9luia.<\/p>\n<p><em>ou<\/em><\/p>\n<p><em>Magister, scimus quia verax es et viam Dei in veritate doces, all\u00e9luia.<\/em><\/p>\n<p>Mon \u00e2me ex<u>a<\/u>lte le Seigneur,<br \/>\nexulte mon esprit en Die<u>u<\/u>, mon Sauveur !<\/p>\n<p>Il s\u2019est pench\u00e9 sur son h<u>u<\/u>mble servante ;<br \/>\nd\u00e9sormais, tous les \u00e2ges me dir<u>o<\/u>nt bienheureuse.<\/p>\n<p>Le Puissant fit pour m<u>o<\/u>i des merveilles ;<br \/>\nS<u>a<\/u>int est son nom !<\/p>\n<p>Sa mis\u00e9ricorde s\u2019\u00e9t<u>e<\/u>nd d\u2019\u00e2ge en \u00e2ge<br \/>\nsur ce<u>u<\/u>x qui le craignent.<\/p>\n<p>D\u00e9ployant la f<u>o<\/u>rce de son bras,<br \/>\nil disp<u>e<\/u>rse les superbes.<\/p>\n<p>Il renverse les puiss<u>a<\/u>nts de leurs tr\u00f4nes,<br \/>\nil \u00e9l<u>\u00e8<\/u>ve les humbles.<\/p>\n<p>Il comble de bi<u>e<\/u>ns les affam\u00e9s,<br \/>\nrenvoie les r<u>i<\/u>ches les mains vides.<\/p>\n<p>Il rel\u00e8ve Isra<u>\u00eb<\/u>l, son serviteur,<br \/>\nil se souvient de son amour,<\/p>\n<p>de la promesse faite \u00e0 nos p\u00e8res,<br \/>\nen faveur d\u2019Abraham et sa descendance \u00e0 jamais.<\/p>\n<p>&nbsp;<\/p>\n<p><span style=\"color: #800000;\">Ant.<\/span> Je suis le Chemin, la V\u00e9rit\u00e9 et la Vie.<br \/>\nCelui qui demeure en moi ne marche pas dans les t\u00e9n\u00e8bres,<br \/>\nil aura la lumi\u00e8re de la vie. All\u00e9luia.<\/p>\n<p><em>ou<\/em><\/p>\n<p><em>Magister, scimus quia verax es et viam Dei in veritate doces, all\u00e9luia.<\/em><\/p>\n<p>&nbsp;<\/p>\n<p><strong><span style=\"color: #800000;\">INTERCESSION<\/span><\/strong><\/p>\n<p><span style=\"font-size: inherit;\">Rassembl\u00e9s pour la pri\u00e8re du soir, fid\u00e8les \u00e0 l\u2019Esprit de J\u00e9sus qui crie en nous, supplions le Christ, notre Ma\u00eetre, Chemin, V\u00e9rit\u00e9 et Vie.<\/span><\/p>\n<p><span style=\"color: #800000;\">R\/<\/span> <em>Ma\u00eetre, notre vie et notre joie, \u00e9coute-nous.<\/em><\/p>\n<p>Toi, tu es la lumi\u00e8re du monde ;<br \/>\n\u2013 r\u00e9pands dans tous les c\u0153urs la pl\u00e9nitude de ta v\u00e9rit\u00e9.<\/p>\n<p>Tu nous as nourris de ta parole et de ton corps dans l\u2019Eucharistie que nous avons c\u00e9l\u00e9br\u00e9e ;<br \/>\n\u2013 fais grandir en nous l\u2019adh\u00e9sion \u00e0 la volont\u00e9 de ton P\u00e8re et l\u2019amour de nos fr\u00e8res que tu nous invites \u00e0 servir en suivant ton exemple.<\/p>\n<p>Tu nous rassembles dans l\u2019unit\u00e9 et la communion fraternelle ;<br \/>\n\u2013 accorde \u00e0 ton \u00c9glise le don de l\u2019unit\u00e9 dans la fid\u00e9lit\u00e9 au commandement de l\u2019amour.<\/p>\n<p>Tu r\u00e9ponds aux exigences fondamentales de la personne humaine en \u00e9clairant son intelligence, en attirant sa volont\u00e9 vers le bien et en sanctifiant son c\u0153ur ;<br \/>\n\u2013 donne-nous la sagesse et la connaissance pour comprendre le myst\u00e8re de ta pr\u00e9sence au milieu de nous.<\/p>\n<p>Tu es la lumi\u00e8re de la sainte Cit\u00e9 de Dieu ;<br \/>\n\u2013 montre ton visage de gloire \u00e0 nos s\u0153urs et \u00e0 nos fr\u00e8res d\u00e9funts et accorde-leur le bonheur \u00e9ternel.<\/p>\n<p>&nbsp;<\/p>\n<p><strong><span style=\"color: #800000;\">NOTRE P\u00c8RE<\/span><\/strong><\/p>\n<p>&nbsp;<\/p>\n<p><strong><span style=\"color: #800000;\">PRI\u00c8RE<\/span><\/strong><\/p>\n<p>Dieu, P\u00e8re de lumi\u00e8re, toi qui, \u00e0 la pl\u00e9nitude des temps, as parl\u00e9 aux hommes dans la personne de ton Fils bien-aim\u00e9 ; accorde-nous, qui le reconnaissons Ma\u00eetre et Seigneur, de le suivre en disciples fid\u00e8les afin de l\u2019annoncer au monde comme Chemin, V\u00e9rit\u00e9 et Vie. Lui qui r\u00e8gne avec toi et le Saint-Esprit, maintenant et pour les si\u00e8cles des si\u00e8cles. Amen.<\/p>\n","protected":false},"featured_media":0,"parent":858,"menu_order":6,"template":"","acf":{"acf_hide_title":false,"attachment_list":false,"hide_wp_ba":false},"yoast_head":"<!-- This site is optimized with the Yoast SEO plugin v17.6 - https:\/\/yoast.com\/wordpress\/plugins\/seo\/ -->\n<title>V\u00eapres - Preghiera Paolina<\/title>\n<meta name=\"robots\" content=\"index, follow, max-snippet:-1, max-image-preview:large, max-video-preview:-1\" \/>\n<link rel=\"canonical\" href=\"https:\/\/www.famigliapaolina.net\/preghierapaolina\/le-liturgie\/notre-seigneur-jesus-christ-divin-maitre\/vepres\/\" \/>\n<meta property=\"og:locale\" content=\"it_IT\" \/>\n<meta property=\"og:type\" content=\"article\" \/>\n<meta property=\"og:title\" content=\"V\u00eapres - Preghiera Paolina\" \/>\n<meta property=\"og:description\" content=\"HYMNE Christ, source \u00e9ternelle de Vie, sur toi se greffe toute vie ; tu brises les liens de la mort et tu redonnes la vie. Tu quittes ton Royaume bienheureux pour nous donner la vie. De ton c\u00f4t\u00e9 transperc\u00e9 elle jaillit en abondance. Ren\u00e9s par le Bapt\u00eame, tu fais de nous des membres de ton Corps mystique. Tu nous enrichis de la gr\u00e2ce divine qui &hellip; Continua a leggere V\u00eapres &raquo;\" \/>\n<meta property=\"og:url\" content=\"https:\/\/www.famigliapaolina.net\/preghierapaolina\/le-liturgie\/notre-seigneur-jesus-christ-divin-maitre\/vepres\/?lang=fr\" \/>\n<meta property=\"og:site_name\" content=\"Preghiera Paolina\" \/>\n<meta property=\"article:modified_time\" content=\"2022-01-18T08:32:18+00:00\" \/>\n<meta name=\"twitter:card\" content=\"summary_large_image\" \/>\n<meta name=\"twitter:label1\" content=\"Tempo di lettura stimato\" \/>\n\t<meta name=\"twitter:data1\" content=\"7 minuti\" \/>\n<script type=\"application\/ld+json\" class=\"yoast-schema-graph\">{\"@context\":\"https:\/\/schema.org\",\"@graph\":[{\"@type\":\"WebSite\",\"@id\":\"https:\/\/www.famigliapaolina.net\/preghierapaolina\/#website\",\"url\":\"https:\/\/www.famigliapaolina.net\/preghierapaolina\/\",\"name\":\"Preghiera Paolina\",\"description\":\"\",\"potentialAction\":[{\"@type\":\"SearchAction\",\"target\":{\"@type\":\"EntryPoint\",\"urlTemplate\":\"https:\/\/www.famigliapaolina.net\/preghierapaolina\/?s={search_term_string}\"},\"query-input\":\"required name=search_term_string\"}],\"inLanguage\":\"it-IT\"},{\"@type\":\"WebPage\",\"@id\":\"https:\/\/www.famigliapaolina.net\/preghierapaolina\/le-liturgie\/notre-seigneur-jesus-christ-divin-maitre\/vepres\/?lang=fr#webpage\",\"url\":\"https:\/\/www.famigliapaolina.net\/preghierapaolina\/le-liturgie\/notre-seigneur-jesus-christ-divin-maitre\/vepres\/?lang=fr\",\"name\":\"V\\u00eapres - Preghiera Paolina\",\"isPartOf\":{\"@id\":\"https:\/\/www.famigliapaolina.net\/preghierapaolina\/#website\"},\"datePublished\":\"2022-01-15T09:05:28+00:00\",\"dateModified\":\"2022-01-18T08:32:18+00:00\",\"breadcrumb\":{\"@id\":\"https:\/\/www.famigliapaolina.net\/preghierapaolina\/le-liturgie\/notre-seigneur-jesus-christ-divin-maitre\/vepres\/?lang=fr#breadcrumb\"},\"inLanguage\":\"it-IT\",\"potentialAction\":[{\"@type\":\"ReadAction\",\"target\":[\"https:\/\/www.famigliapaolina.net\/preghierapaolina\/le-liturgie\/notre-seigneur-jesus-christ-divin-maitre\/vepres\/?lang=fr\"]}]},{\"@type\":\"BreadcrumbList\",\"@id\":\"https:\/\/www.famigliapaolina.net\/preghierapaolina\/le-liturgie\/notre-seigneur-jesus-christ-divin-maitre\/vepres\/?lang=fr#breadcrumb\",\"itemListElement\":[{\"@type\":\"ListItem\",\"position\":1,\"name\":\"Home\",\"item\":\"https:\/\/www.famigliapaolina.net\/preghierapaolina\/\"},{\"@type\":\"ListItem\",\"position\":2,\"name\":\"Liturgie\",\"item\":\"https:\/\/www.famigliapaolina.net\/preghierapaolina\/le-liturgie\/\"},{\"@type\":\"ListItem\",\"position\":3,\"name\":\"NOTRE SEIGNEUR J\\u00c9SUS CHRIST DIVIN MA\\u00ceTRE\",\"item\":\"https:\/\/www.famigliapaolina.net\/preghierapaolina\/le-liturgie\/notre-seigneur-jesus-christ-divin-maitre\/?lang=fr\"},{\"@type\":\"ListItem\",\"position\":4,\"name\":\"V\\u00eapres\"}]}]}<\/script>\n<!-- \/ Yoast SEO plugin. -->","yoast_head_json":{"title":"V\u00eapres - Preghiera Paolina","robots":{"index":"index","follow":"follow","max-snippet":"max-snippet:-1","max-image-preview":"max-image-preview:large","max-video-preview":"max-video-preview:-1"},"canonical":"https:\/\/www.famigliapaolina.net\/preghierapaolina\/le-liturgie\/notre-seigneur-jesus-christ-divin-maitre\/vepres\/","og_locale":"it_IT","og_type":"article","og_title":"V\u00eapres - Preghiera Paolina","og_description":"HYMNE Christ, source \u00e9ternelle de Vie, sur toi se greffe toute vie ; tu brises les liens de la mort et tu redonnes la vie. Tu quittes ton Royaume bienheureux pour nous donner la vie. De ton c\u00f4t\u00e9 transperc\u00e9 elle jaillit en abondance. Ren\u00e9s par le Bapt\u00eame, tu fais de nous des membres de ton Corps mystique. Tu nous enrichis de la gr\u00e2ce divine qui &hellip; Continua a leggere V\u00eapres &raquo;","og_url":"https:\/\/www.famigliapaolina.net\/preghierapaolina\/le-liturgie\/notre-seigneur-jesus-christ-divin-maitre\/vepres\/?lang=fr","og_site_name":"Preghiera Paolina","article_modified_time":"2022-01-18T08:32:18+00:00","twitter_card":"summary_large_image","twitter_misc":{"Tempo di lettura stimato":"7 minuti"},"schema":{"@context":"https:\/\/schema.org","@graph":[{"@type":"WebSite","@id":"https:\/\/www.famigliapaolina.net\/preghierapaolina\/#website","url":"https:\/\/www.famigliapaolina.net\/preghierapaolina\/","name":"Preghiera Paolina","description":"","potentialAction":[{"@type":"SearchAction","target":{"@type":"EntryPoint","urlTemplate":"https:\/\/www.famigliapaolina.net\/preghierapaolina\/?s={search_term_string}"},"query-input":"required name=search_term_string"}],"inLanguage":"it-IT"},{"@type":"WebPage","@id":"https:\/\/www.famigliapaolina.net\/preghierapaolina\/le-liturgie\/notre-seigneur-jesus-christ-divin-maitre\/vepres\/?lang=fr#webpage","url":"https:\/\/www.famigliapaolina.net\/preghierapaolina\/le-liturgie\/notre-seigneur-jesus-christ-divin-maitre\/vepres\/?lang=fr","name":"V\u00eapres - Preghiera Paolina","isPartOf":{"@id":"https:\/\/www.famigliapaolina.net\/preghierapaolina\/#website"},"datePublished":"2022-01-15T09:05:28+00:00","dateModified":"2022-01-18T08:32:18+00:00","breadcrumb":{"@id":"https:\/\/www.famigliapaolina.net\/preghierapaolina\/le-liturgie\/notre-seigneur-jesus-christ-divin-maitre\/vepres\/?lang=fr#breadcrumb"},"inLanguage":"it-IT","potentialAction":[{"@type":"ReadAction","target":["https:\/\/www.famigliapaolina.net\/preghierapaolina\/le-liturgie\/notre-seigneur-jesus-christ-divin-maitre\/vepres\/?lang=fr"]}]},{"@type":"BreadcrumbList","@id":"https:\/\/www.famigliapaolina.net\/preghierapaolina\/le-liturgie\/notre-seigneur-jesus-christ-divin-maitre\/vepres\/?lang=fr#breadcrumb","itemListElement":[{"@type":"ListItem","position":1,"name":"Home","item":"https:\/\/www.famigliapaolina.net\/preghierapaolina\/"},{"@type":"ListItem","position":2,"name":"Liturgie","item":"https:\/\/www.famigliapaolina.net\/preghierapaolina\/le-liturgie\/"},{"@type":"ListItem","position":3,"name":"NOTRE SEIGNEUR J\u00c9SUS CHRIST DIVIN MA\u00ceTRE","item":"https:\/\/www.famigliapaolina.net\/preghierapaolina\/le-liturgie\/notre-seigneur-jesus-christ-divin-maitre\/?lang=fr"},{"@type":"ListItem","position":4,"name":"V\u00eapres"}]}]}},"wpml_current_locale":"fr_FR","wpml_translations":[{"locale":"it_IT","id":459,"post_title":"Secondi vespri","href":"https:\/\/www.famigliapaolina.net\/preghierapaolina\/nostro-signore-gesu-cristo-divino-maestro\/secondi-vespri\/"},{"locale":"es_ES","id":806,"post_title":"II V\u00edsperas","href":"https:\/\/www.famigliapaolina.net\/preghierapaolina\/\/jesucristo-divino-maestro\/ii-visperas\/?lang=es\/"},{"locale":"ko_KR","id":2693,"post_title":"\uc81c 2 \uc800\ub141\uae30\ub3c4","href":"https:\/\/www.famigliapaolina.net\/preghierapaolina\/\/10%ec%9b%94-%eb%a7%88%ec%a7%80%eb%a7%89-%ec%a3%bc%ec%9d%bc-%ec%8a%a4%ec%8a%b9-%ec%98%88%ec%88%98-%eb%8c%80%ec%b6%95%ec%9d%bc%eb%b0%b1\/%ec%a0%9c-2-%ec%a0%80%eb%85%81%ea%b8%b0%eb%8f%84\/?lang=ko\/"}],"_links":{"self":[{"href":"https:\/\/www.famigliapaolina.net\/preghierapaolina\/wp-json\/wp\/v2\/le-liturgie\/873"}],"collection":[{"href":"https:\/\/www.famigliapaolina.net\/preghierapaolina\/wp-json\/wp\/v2\/le-liturgie"}],"about":[{"href":"https:\/\/www.famigliapaolina.net\/preghierapaolina\/wp-json\/wp\/v2\/types\/le-liturgie"}],"up":[{"embeddable":true,"href":"https:\/\/www.famigliapaolina.net\/preghierapaolina\/wp-json\/wp\/v2\/le-liturgie\/858"}],"wp:attachment":[{"href":"https:\/\/www.famigliapaolina.net\/preghierapaolina\/wp-json\/wp\/v2\/media?parent=873"}],"curies":[{"name":"wp","href":"https:\/\/api.w.org\/{rel}","templated":true}]}}