{"id":1896,"date":"2022-02-22T16:22:01","date_gmt":"2022-02-22T15:22:01","guid":{"rendered":"https:\/\/www.famigliapaolina.net\/preghierapaolina\/?post_type=le-preghiere&#038;p=1896"},"modified":"2022-02-24T11:28:53","modified_gmt":"2022-02-24T10:28:53","slug":"benedictus-lc-168-79","status":"publish","type":"le-preghiere","link":"https:\/\/www.famigliapaolina.net\/preghierapaolina\/le-preghiere\/cantos\/canticos-evangelicos\/benedictus-lc-168-79\/?lang=es","title":{"rendered":"Benedictus (Lc 1,68-79)"},"content":{"rendered":"<p><span class='pagina-block pagina-336'><\/p>\n<p>Bendito sea el Se\u00f1or, Dios de Israel,<br \/>\nporque ha visitado y redimido a su pueblo,<br \/>\nsuscit\u00e1ndonos una fuerza de salvaci\u00f3n<br \/>\nen la casa de David, su siervo,<br \/>\nseg\u00fan lo hab\u00eda predicho desde antiguo<br \/>\npor boca de sus santos profetas.<\/p>\n<p>Es la salvaci\u00f3n que nos libra<br \/>\nde nuestros enemigos<br \/>\ny de la mano de todos los que nos odian;<br \/>\nrealizando la misericordia<br \/>\nque tuvo con nuestros padres,<br \/>\nrecordando su santa alianza<br \/>\ny el juramento que jur\u00f3<br \/>\na nuestro padre Abrah\u00e1n.<\/p>\n<p>Para concedernos que, libres de temor,<br \/>\narrancados de la mano de los enemigos,<br \/>\nle sirvamos con santidad y justicia,<br \/>\nen su presencia, todos nuestros d\u00edas.<\/p>\n<p>Y a ti, ni\u00f1o, te llamar\u00e1n profeta del Alt\u00edsimo,<br \/>\nporque ir\u00e1s delante del Se\u00f1or<br \/>\na preparar sus caminos,<br \/>\nanunciando a su pueblo la salvaci\u00f3n,<br \/>\nel perd\u00f3n de sus pecados.<\/p>\n<p><\/span> <a href='https:\/\/www.famigliapaolina.net\/preghierapaolina\/pagine\/336\/' class='go-to-page go-to-page-336'>p. 336<\/a><span class='pagina-block pagina-337'><\/p>\n<p>Por la entra\u00f1able misericordia de nuestro Dios,<br \/>\nnos visitar\u00e1 el sol que nace de lo alto,<br \/>\npara iluminar a los que viven en tinieblas<br \/>\ny en sombra de muerte,<br \/>\npara guiar nuestros pasos<br \/>\npor el camino de la paz.<\/p>\n<p>Gloria al Padre, y al Hijo, y al Esp\u00edritu Santo.<br \/>\nComo era en el principio, ahora y siempre,<br \/>\npor los siglos de los siglos. Am\u00e9n.<\/p>\n<p><\/span> <a href='https:\/\/www.famigliapaolina.net\/preghierapaolina\/pagine\/337\/' class='go-to-page go-to-page-337'>p. 337<\/a><\/p>\n","protected":false},"featured_media":0,"parent":1894,"menu_order":1,"template":"","pagine":[274,275],"acf":{"acf_hide_title":false,"blocco_preghiera":[{"pagina_associata":"336","testo_per_pagina":"<p>Bendito sea el Se\u00f1or, Dios de Israel,<br \/>\nporque ha visitado y redimido a su pueblo,<br \/>\nsuscit\u00e1ndonos una fuerza de salvaci\u00f3n<br \/>\nen la casa de David, su siervo,<br \/>\nseg\u00fan lo hab\u00eda predicho desde antiguo<br \/>\npor boca de sus santos profetas.<\/p>\n<p>Es la salvaci\u00f3n que nos libra<br \/>\nde nuestros enemigos<br \/>\ny de la mano de todos los que nos odian;<br \/>\nrealizando la misericordia<br \/>\nque tuvo con nuestros padres,<br \/>\nrecordando su santa alianza<br \/>\ny el juramento que jur\u00f3<br \/>\na nuestro padre Abrah\u00e1n.<\/p>\n<p>Para concedernos que, libres de temor,<br \/>\narrancados de la mano de los enemigos,<br \/>\nle sirvamos con santidad y justicia,<br \/>\nen su presencia, todos nuestros d\u00edas.<\/p>\n<p>Y a ti, ni\u00f1o, te llamar\u00e1n profeta del Alt\u00edsimo,<br \/>\nporque ir\u00e1s delante del Se\u00f1or<br \/>\na preparar sus caminos,<br \/>\nanunciando a su pueblo la salvaci\u00f3n,<br \/>\nel perd\u00f3n de sus pecados.<\/p>\n"},{"pagina_associata":"337","testo_per_pagina":"<p>Por la entra\u00f1able misericordia de nuestro Dios,<br \/>\nnos visitar\u00e1 el sol que nace de lo alto,<br \/>\npara iluminar a los que viven en tinieblas<br \/>\ny en sombra de muerte,<br \/>\npara guiar nuestros pasos<br \/>\npor el camino de la paz.<\/p>\n<p>Gloria al Padre, y al Hijo, y al Esp\u00edritu Santo.<br \/>\nComo era en el principio, ahora y siempre,<br \/>\npor los siglos de los siglos. Am\u00e9n.<\/p>\n"}],"attachment_list":false,"hide_wp_ba":false},"yoast_head":"<!-- This site is optimized with the Yoast SEO plugin v17.6 - https:\/\/yoast.com\/wordpress\/plugins\/seo\/ -->\n<title>Benedictus (Lc 1,68-79) - Preghiera Paolina<\/title>\n<meta name=\"robots\" content=\"index, follow, max-snippet:-1, max-image-preview:large, max-video-preview:-1\" \/>\n<link rel=\"canonical\" href=\"https:\/\/www.famigliapaolina.net\/preghierapaolina\/le-preghiere\/cantos\/canticos-evangelicos\/benedictus-lc-168-79\/\" \/>\n<meta property=\"og:locale\" content=\"it_IT\" \/>\n<meta property=\"og:type\" content=\"article\" \/>\n<meta property=\"og:title\" content=\"Benedictus (Lc 1,68-79) - Preghiera Paolina\" \/>\n<meta property=\"og:description\" content=\"Bendito sea el Se\u00f1or, Dios de Israel, porque ha visitado y redimido a su pueblo, suscit\u00e1ndonos una fuerza de salvaci\u00f3n en la casa de David, su siervo, seg\u00fan lo hab\u00eda predicho desde antiguo por boca de sus santos profetas. Es la salvaci\u00f3n que nos libra de nuestros enemigos y de la mano de todos los que nos odian; realizando la misericordia que tuvo con nuestros &hellip; Continua a leggere Benedictus (Lc 1,68-79) &raquo;\" \/>\n<meta property=\"og:url\" content=\"https:\/\/www.famigliapaolina.net\/preghierapaolina\/le-preghiere\/cantos\/canticos-evangelicos\/benedictus-lc-168-79\/?lang=es\" \/>\n<meta property=\"og:site_name\" content=\"Preghiera Paolina\" \/>\n<meta property=\"article:modified_time\" content=\"2022-02-24T10:28:53+00:00\" \/>\n<meta name=\"twitter:card\" content=\"summary_large_image\" \/>\n<meta name=\"twitter:label1\" content=\"Tempo di lettura stimato\" \/>\n\t<meta name=\"twitter:data1\" content=\"1 minuto\" \/>\n<script type=\"application\/ld+json\" class=\"yoast-schema-graph\">{\"@context\":\"https:\/\/schema.org\",\"@graph\":[{\"@type\":\"WebSite\",\"@id\":\"https:\/\/www.famigliapaolina.net\/preghierapaolina\/#website\",\"url\":\"https:\/\/www.famigliapaolina.net\/preghierapaolina\/\",\"name\":\"Preghiera Paolina\",\"description\":\"\",\"potentialAction\":[{\"@type\":\"SearchAction\",\"target\":{\"@type\":\"EntryPoint\",\"urlTemplate\":\"https:\/\/www.famigliapaolina.net\/preghierapaolina\/?s={search_term_string}\"},\"query-input\":\"required name=search_term_string\"}],\"inLanguage\":\"it-IT\"},{\"@type\":\"WebPage\",\"@id\":\"https:\/\/www.famigliapaolina.net\/preghierapaolina\/le-preghiere\/cantos\/canticos-evangelicos\/benedictus-lc-168-79\/?lang=es#webpage\",\"url\":\"https:\/\/www.famigliapaolina.net\/preghierapaolina\/le-preghiere\/cantos\/canticos-evangelicos\/benedictus-lc-168-79\/?lang=es\",\"name\":\"Benedictus (Lc 1,68-79) - Preghiera Paolina\",\"isPartOf\":{\"@id\":\"https:\/\/www.famigliapaolina.net\/preghierapaolina\/#website\"},\"datePublished\":\"2022-02-22T15:22:01+00:00\",\"dateModified\":\"2022-02-24T10:28:53+00:00\",\"breadcrumb\":{\"@id\":\"https:\/\/www.famigliapaolina.net\/preghierapaolina\/le-preghiere\/cantos\/canticos-evangelicos\/benedictus-lc-168-79\/?lang=es#breadcrumb\"},\"inLanguage\":\"it-IT\",\"potentialAction\":[{\"@type\":\"ReadAction\",\"target\":[\"https:\/\/www.famigliapaolina.net\/preghierapaolina\/le-preghiere\/cantos\/canticos-evangelicos\/benedictus-lc-168-79\/?lang=es\"]}]},{\"@type\":\"BreadcrumbList\",\"@id\":\"https:\/\/www.famigliapaolina.net\/preghierapaolina\/le-preghiere\/cantos\/canticos-evangelicos\/benedictus-lc-168-79\/?lang=es#breadcrumb\",\"itemListElement\":[{\"@type\":\"ListItem\",\"position\":1,\"name\":\"Home\",\"item\":\"https:\/\/www.famigliapaolina.net\/preghierapaolina\/\"},{\"@type\":\"ListItem\",\"position\":2,\"name\":\"Preghiere\",\"item\":\"https:\/\/www.famigliapaolina.net\/preghierapaolina\/le-preghiere\/\"},{\"@type\":\"ListItem\",\"position\":3,\"name\":\"CANTOS\",\"item\":\"https:\/\/www.famigliapaolina.net\/preghierapaolina\/le-preghiere\/cantos\/?lang=es\"},{\"@type\":\"ListItem\",\"position\":4,\"name\":\"C\\u00c1NTICOS EVANG\\u00c9LICOS\",\"item\":\"https:\/\/www.famigliapaolina.net\/preghierapaolina\/le-preghiere\/cantos\/canticos-evangelicos\/?lang=es\"},{\"@type\":\"ListItem\",\"position\":5,\"name\":\"Benedictus (Lc 1,68-79)\"}]}]}<\/script>\n<!-- \/ Yoast SEO plugin. -->","yoast_head_json":{"title":"Benedictus (Lc 1,68-79) - Preghiera Paolina","robots":{"index":"index","follow":"follow","max-snippet":"max-snippet:-1","max-image-preview":"max-image-preview:large","max-video-preview":"max-video-preview:-1"},"canonical":"https:\/\/www.famigliapaolina.net\/preghierapaolina\/le-preghiere\/cantos\/canticos-evangelicos\/benedictus-lc-168-79\/","og_locale":"it_IT","og_type":"article","og_title":"Benedictus (Lc 1,68-79) - Preghiera Paolina","og_description":"Bendito sea el Se\u00f1or, Dios de Israel, porque ha visitado y redimido a su pueblo, suscit\u00e1ndonos una fuerza de salvaci\u00f3n en la casa de David, su siervo, seg\u00fan lo hab\u00eda predicho desde antiguo por boca de sus santos profetas. Es la salvaci\u00f3n que nos libra de nuestros enemigos y de la mano de todos los que nos odian; realizando la misericordia que tuvo con nuestros &hellip; Continua a leggere Benedictus (Lc 1,68-79) &raquo;","og_url":"https:\/\/www.famigliapaolina.net\/preghierapaolina\/le-preghiere\/cantos\/canticos-evangelicos\/benedictus-lc-168-79\/?lang=es","og_site_name":"Preghiera Paolina","article_modified_time":"2022-02-24T10:28:53+00:00","twitter_card":"summary_large_image","twitter_misc":{"Tempo di lettura stimato":"1 minuto"},"schema":{"@context":"https:\/\/schema.org","@graph":[{"@type":"WebSite","@id":"https:\/\/www.famigliapaolina.net\/preghierapaolina\/#website","url":"https:\/\/www.famigliapaolina.net\/preghierapaolina\/","name":"Preghiera Paolina","description":"","potentialAction":[{"@type":"SearchAction","target":{"@type":"EntryPoint","urlTemplate":"https:\/\/www.famigliapaolina.net\/preghierapaolina\/?s={search_term_string}"},"query-input":"required name=search_term_string"}],"inLanguage":"it-IT"},{"@type":"WebPage","@id":"https:\/\/www.famigliapaolina.net\/preghierapaolina\/le-preghiere\/cantos\/canticos-evangelicos\/benedictus-lc-168-79\/?lang=es#webpage","url":"https:\/\/www.famigliapaolina.net\/preghierapaolina\/le-preghiere\/cantos\/canticos-evangelicos\/benedictus-lc-168-79\/?lang=es","name":"Benedictus (Lc 1,68-79) - Preghiera Paolina","isPartOf":{"@id":"https:\/\/www.famigliapaolina.net\/preghierapaolina\/#website"},"datePublished":"2022-02-22T15:22:01+00:00","dateModified":"2022-02-24T10:28:53+00:00","breadcrumb":{"@id":"https:\/\/www.famigliapaolina.net\/preghierapaolina\/le-preghiere\/cantos\/canticos-evangelicos\/benedictus-lc-168-79\/?lang=es#breadcrumb"},"inLanguage":"it-IT","potentialAction":[{"@type":"ReadAction","target":["https:\/\/www.famigliapaolina.net\/preghierapaolina\/le-preghiere\/cantos\/canticos-evangelicos\/benedictus-lc-168-79\/?lang=es"]}]},{"@type":"BreadcrumbList","@id":"https:\/\/www.famigliapaolina.net\/preghierapaolina\/le-preghiere\/cantos\/canticos-evangelicos\/benedictus-lc-168-79\/?lang=es#breadcrumb","itemListElement":[{"@type":"ListItem","position":1,"name":"Home","item":"https:\/\/www.famigliapaolina.net\/preghierapaolina\/"},{"@type":"ListItem","position":2,"name":"Preghiere","item":"https:\/\/www.famigliapaolina.net\/preghierapaolina\/le-preghiere\/"},{"@type":"ListItem","position":3,"name":"CANTOS","item":"https:\/\/www.famigliapaolina.net\/preghierapaolina\/le-preghiere\/cantos\/?lang=es"},{"@type":"ListItem","position":4,"name":"C\u00c1NTICOS EVANG\u00c9LICOS","item":"https:\/\/www.famigliapaolina.net\/preghierapaolina\/le-preghiere\/cantos\/canticos-evangelicos\/?lang=es"},{"@type":"ListItem","position":5,"name":"Benedictus (Lc 1,68-79)"}]}]}},"wpml_current_locale":"es_ES","wpml_translations":[],"_links":{"self":[{"href":"https:\/\/www.famigliapaolina.net\/preghierapaolina\/wp-json\/wp\/v2\/le-preghiere\/1896"}],"collection":[{"href":"https:\/\/www.famigliapaolina.net\/preghierapaolina\/wp-json\/wp\/v2\/le-preghiere"}],"about":[{"href":"https:\/\/www.famigliapaolina.net\/preghierapaolina\/wp-json\/wp\/v2\/types\/le-preghiere"}],"up":[{"embeddable":true,"href":"https:\/\/www.famigliapaolina.net\/preghierapaolina\/wp-json\/wp\/v2\/le-preghiere\/1894"}],"wp:attachment":[{"href":"https:\/\/www.famigliapaolina.net\/preghierapaolina\/wp-json\/wp\/v2\/media?parent=1896"}],"wp:term":[{"taxonomy":"pagine","embeddable":true,"href":"https:\/\/www.famigliapaolina.net\/preghierapaolina\/wp-json\/wp\/v2\/pagine?post=1896"}],"curies":[{"name":"wp","href":"https:\/\/api.w.org\/{rel}","templated":true}]}}